{"id":5389,"date":"2021-09-15T14:00:32","date_gmt":"2021-09-15T12:00:32","guid":{"rendered":"https:\/\/kaleidoskopkulture.com\/?post_type=tribe_events&#038;p=5389"},"modified":"2021-09-19T10:43:20","modified_gmt":"2021-09-19T08:43:20","slug":"panel-diskusija-pisem-dakle-postojim-i-u-knjizi-ili-o-odnosima-stvarnog-i-izmisljenog-u-savremenoj-knjizevnosti-fabuloze","status":"publish","type":"tribe_events","link":"https:\/\/kaleidoskopkulture.com\/sr\/dogadjaj\/panel-diskusija-pisem-dakle-postojim-i-u-knjizi-ili-o-odnosima-stvarnog-i-izmisljenog-u-savremenoj-knjizevnosti-fabuloze\/","title":{"rendered":"Panel diskusija \u201ePi\u0161em, dakle postojim. (I u knjizi) \u2013 Ili o odnosima stvarnog i izmi\u0161ljenog u savremenoj knji\u017eevnosti\u201c \/ Fabuloze"},"content":{"rendered":"<p>Tokom\u00a0<a href=\"https:\/\/kaleidoskopkulture.com\/sr\/knjizevnost-naslovna\/\" target=\"_blank\" rel=\"noopener noreferrer\">nedelje knji\u017eevnosti<\/a>\u00a0odr\u017ea\u0107e se tri panel diskusije novosadskih autora koje nose naziv<strong>\u00a0\u201e<a href=\"https:\/\/kaleidoskopkulture.com\/sr\/?p=5380&amp;preview=true\">Fabuloze<\/a>\u201c,\u00a0<\/strong>a koje \u0107e voditi\u00a0<strong>Nikola \u0160kori\u0107, u ulozi Borisa Fabule.<\/strong><\/p>\n<p>Poslednja u nizu, tre\u0107a panel diskusija <span class=\"TextRun SCXW123094864 BCX0\" lang=\"SR-LATN-RS\" xml:lang=\"SR-LATN-RS\" data-contrast=\"auto\"><span class=\"NormalTextRun SCXW123094864 BCX0\">\u201e<\/span><span class=\"NormalTextRun SCXW123094864 BCX0\"><strong>Pi\u0161em, dakle postojim. (I u knjizi) \u2013 Ili o odnosima stvarnog i izmi\u0161ljenog u savremenoj knji\u017eevnosti<\/strong>\u201c<\/span><\/span><span class=\"EOP SCXW123094864 BCX0\" data-ccp-props=\"{&quot;201341983&quot;:0,&quot;335559739&quot;:160,&quot;335559740&quot;:259}\">\u00a0<\/span> bi\u0107e odr\u017eana u knji\u017eari <strong>Bulevar Books 21. septembra u 19.30 sati<\/strong>.<\/p>\n<p>U\u010destvuju: <strong><span class=\"TextRun SCXW207552520 BCX0\" lang=\"SR-LATN-RS\" xml:lang=\"SR-LATN-RS\" data-contrast=\"auto\"><span class=\"NormalTextRun SCXW207552520 BCX0\">Sta\u0161a Vukadinovi\u0107, Dubravka\u00a0<\/span><span class=\"NormalTextRun SpellingErrorV2 SCXW207552520 BCX0\">Rebi\u0107<\/span><span class=\"NormalTextRun SCXW207552520 BCX0\">, \u0110or\u0111e Majstorovi\u0107 i Bojan Todorovi\u0107<\/span><span class=\"NormalTextRun SCXW207552520 BCX0\">.<\/span><\/span><\/strong><\/p>\n<p><strong>Kompletan program i satnicu nedelje knji\u017eevnosti mo\u017eete pogledati\u00a0<a href=\"https:\/\/kaleidoskopkulture.com\/sr\/nedelja-knjizevnosti-2021-program\/\" target=\"_blank\" rel=\"noopener noreferrer\">ovde<\/a>.<\/strong><\/p>\n","protected":false},"excerpt":{"rendered":"<p>Tokom\u00a0nedelje knji\u017eevnosti\u00a0odr\u017ea\u0107e se tri panel diskusije novosadskih autora koje nose naziv\u00a0\u201eFabuloze\u201c,\u00a0a koje \u0107e voditi\u00a0Nikola \u0160kori\u0107, u ulozi Borisa Fabule. Poslednja u nizu, tre\u0107a panel diskusija \u201ePi\u0161em, dakle postojim. (I u knjizi) \u2013 Ili o odnosima stvarnog i izmi\u0161ljenog u savremenoj&#8230;<\/p>\n","protected":false},"author":7,"featured_media":5383,"template":"","meta":{"_tribe_events_status":"","_tribe_events_status_reason":"","footnotes":""},"tags":[],"tribe_events_cat":[385],"class_list":["post-5389","tribe_events","type-tribe_events","status-publish","has-post-thumbnail","hentry","tribe_events_cat-tribina","cat_tribina"],"yoast_head":"<!-- This site is optimized with the Yoast SEO plugin v22.4 - https:\/\/yoast.com\/wordpress\/plugins\/seo\/ -->\n<title>Panel diskusija \u201ePi\u0161em, dakle postojim. (I u knjizi) \u2013 Ili o odnosima stvarnog i izmi\u0161ljenog u savremenoj knji\u017eevnosti\u201c \/ Fabuloze - Kaleidoskop kulture<\/title>\n<meta name=\"robots\" content=\"index, follow, max-snippet:-1, max-image-preview:large, max-video-preview:-1\" \/>\n<link rel=\"canonical\" href=\"https:\/\/kaleidoskopkulture.com\/sr\/dogadjaj\/panel-diskusija-pisem-dakle-postojim-i-u-knjizi-ili-o-odnosima-stvarnog-i-izmisljenog-u-savremenoj-knjizevnosti-fabuloze\/\" \/>\n<meta property=\"og:locale\" content=\"sr_RS\" \/>\n<meta property=\"og:type\" content=\"article\" \/>\n<meta property=\"og:title\" content=\"Panel diskusija \u201ePi\u0161em, dakle postojim. (I u knjizi) \u2013 Ili o odnosima stvarnog i izmi\u0161ljenog u savremenoj knji\u017eevnosti\u201c \/ Fabuloze - Kaleidoskop kulture\" \/>\n<meta property=\"og:description\" content=\"Tokom\u00a0nedelje knji\u017eevnosti\u00a0odr\u017ea\u0107e se tri panel diskusije novosadskih autora koje nose naziv\u00a0\u201eFabuloze\u201c,\u00a0a koje \u0107e voditi\u00a0Nikola \u0160kori\u0107, u ulozi Borisa Fabule. Poslednja u nizu, tre\u0107a panel diskusija \u201ePi\u0161em, dakle postojim. (I u knjizi) \u2013 Ili o odnosima stvarnog i izmi\u0161ljenog u savremenoj...\" \/>\n<meta property=\"og:url\" content=\"https:\/\/kaleidoskopkulture.com\/sr\/dogadjaj\/panel-diskusija-pisem-dakle-postojim-i-u-knjizi-ili-o-odnosima-stvarnog-i-izmisljenog-u-savremenoj-knjizevnosti-fabuloze\/\" \/>\n<meta property=\"og:site_name\" content=\"Kaleidoskop kulture\" \/>\n<meta property=\"article:modified_time\" content=\"2021-09-19T08:43:20+00:00\" \/>\n<meta property=\"og:image\" content=\"https:\/\/kaleidoskopkulture.com\/wp-content\/uploads\/2021\/09\/\u0444\u0430\u0431\u0443\u043b\u043e\u0437\u0435.final_.png\" \/>\n\t<meta property=\"og:image:width\" content=\"1640\" \/>\n\t<meta property=\"og:image:height\" content=\"924\" \/>\n\t<meta property=\"og:image:type\" content=\"image\/png\" \/>\n<meta name=\"twitter:card\" content=\"summary_large_image\" \/>\n<script type=\"application\/ld+json\" class=\"yoast-schema-graph\">{\"@context\":\"https:\/\/schema.org\",\"@graph\":[{\"@type\":\"WebPage\",\"@id\":\"https:\/\/kaleidoskopkulture.com\/sr\/dogadjaj\/panel-diskusija-pisem-dakle-postojim-i-u-knjizi-ili-o-odnosima-stvarnog-i-izmisljenog-u-savremenoj-knjizevnosti-fabuloze\/\",\"url\":\"https:\/\/kaleidoskopkulture.com\/sr\/dogadjaj\/panel-diskusija-pisem-dakle-postojim-i-u-knjizi-ili-o-odnosima-stvarnog-i-izmisljenog-u-savremenoj-knjizevnosti-fabuloze\/\",\"name\":\"Panel diskusija \u201ePi\u0161em, dakle postojim. (I u knjizi) \u2013 Ili o odnosima stvarnog i izmi\u0161ljenog u savremenoj knji\u017eevnosti\u201c \/ Fabuloze - Kaleidoskop kulture\",\"isPartOf\":{\"@id\":\"https:\/\/kaleidoskopkulture.com\/sr\/#website\"},\"primaryImageOfPage\":{\"@id\":\"https:\/\/kaleidoskopkulture.com\/sr\/dogadjaj\/panel-diskusija-pisem-dakle-postojim-i-u-knjizi-ili-o-odnosima-stvarnog-i-izmisljenog-u-savremenoj-knjizevnosti-fabuloze\/#primaryimage\"},\"image\":{\"@id\":\"https:\/\/kaleidoskopkulture.com\/sr\/dogadjaj\/panel-diskusija-pisem-dakle-postojim-i-u-knjizi-ili-o-odnosima-stvarnog-i-izmisljenog-u-savremenoj-knjizevnosti-fabuloze\/#primaryimage\"},\"thumbnailUrl\":\"https:\/\/kaleidoskopkulture.com\/wp-content\/uploads\/2021\/09\/\u0444\u0430\u0431\u0443\u043b\u043e\u0437\u0435.final_.png\",\"datePublished\":\"2021-09-15T12:00:32+00:00\",\"dateModified\":\"2021-09-19T08:43:20+00:00\",\"breadcrumb\":{\"@id\":\"https:\/\/kaleidoskopkulture.com\/sr\/dogadjaj\/panel-diskusija-pisem-dakle-postojim-i-u-knjizi-ili-o-odnosima-stvarnog-i-izmisljenog-u-savremenoj-knjizevnosti-fabuloze\/#breadcrumb\"},\"inLanguage\":\"sr-RS\",\"potentialAction\":[{\"@type\":\"ReadAction\",\"target\":[\"https:\/\/kaleidoskopkulture.com\/sr\/dogadjaj\/panel-diskusija-pisem-dakle-postojim-i-u-knjizi-ili-o-odnosima-stvarnog-i-izmisljenog-u-savremenoj-knjizevnosti-fabuloze\/\"]}]},{\"@type\":\"ImageObject\",\"inLanguage\":\"sr-RS\",\"@id\":\"https:\/\/kaleidoskopkulture.com\/sr\/dogadjaj\/panel-diskusija-pisem-dakle-postojim-i-u-knjizi-ili-o-odnosima-stvarnog-i-izmisljenog-u-savremenoj-knjizevnosti-fabuloze\/#primaryimage\",\"url\":\"https:\/\/kaleidoskopkulture.com\/wp-content\/uploads\/2021\/09\/\u0444\u0430\u0431\u0443\u043b\u043e\u0437\u0435.final_.png\",\"contentUrl\":\"https:\/\/kaleidoskopkulture.com\/wp-content\/uploads\/2021\/09\/\u0444\u0430\u0431\u0443\u043b\u043e\u0437\u0435.final_.png\",\"width\":1640,\"height\":924},{\"@type\":\"BreadcrumbList\",\"@id\":\"https:\/\/kaleidoskopkulture.com\/sr\/dogadjaj\/panel-diskusija-pisem-dakle-postojim-i-u-knjizi-ili-o-odnosima-stvarnog-i-izmisljenog-u-savremenoj-knjizevnosti-fabuloze\/#breadcrumb\",\"itemListElement\":[{\"@type\":\"ListItem\",\"position\":1,\"name\":\"Home\",\"item\":\"https:\/\/kaleidoskopkulture.com\/sr\/\"},{\"@type\":\"ListItem\",\"position\":2,\"name\":\"Events\",\"item\":\"https:\/\/kaleidoskopkulture.com\/sr\/kalendar\/\"},{\"@type\":\"ListItem\",\"position\":3,\"name\":\"Panel diskusija \u201ePi\u0161em, dakle postojim. (I u knjizi) \u2013 Ili o odnosima stvarnog i izmi\u0161ljenog u savremenoj knji\u017eevnosti\u201c \/ Fabuloze\"}]},{\"@type\":\"WebSite\",\"@id\":\"https:\/\/kaleidoskopkulture.com\/sr\/#website\",\"url\":\"https:\/\/kaleidoskopkulture.com\/sr\/\",\"name\":\"Kaleidoskop kulture\",\"description\":\"Novo lice kulture u Novom Sadu\",\"publisher\":{\"@id\":\"https:\/\/kaleidoskopkulture.com\/sr\/#organization\"},\"potentialAction\":[{\"@type\":\"SearchAction\",\"target\":{\"@type\":\"EntryPoint\",\"urlTemplate\":\"https:\/\/kaleidoskopkulture.com\/sr\/?s={search_term_string}\"},\"query-input\":\"required name=search_term_string\"}],\"inLanguage\":\"sr-RS\"},{\"@type\":\"Organization\",\"@id\":\"https:\/\/kaleidoskopkulture.com\/sr\/#organization\",\"name\":\"Kaleidoskop kulture\",\"url\":\"https:\/\/kaleidoskopkulture.com\/sr\/\",\"logo\":{\"@type\":\"ImageObject\",\"inLanguage\":\"sr-RS\",\"@id\":\"https:\/\/kaleidoskopkulture.com\/sr\/#\/schema\/logo\/image\/\",\"url\":\"https:\/\/kaleidoskopkulture.com\/wp-content\/uploads\/2022\/08\/cropped-kk-logo-1-1.png\",\"contentUrl\":\"https:\/\/kaleidoskopkulture.com\/wp-content\/uploads\/2022\/08\/cropped-kk-logo-1-1.png\",\"width\":260,\"height\":90,\"caption\":\"Kaleidoskop kulture\"},\"image\":{\"@id\":\"https:\/\/kaleidoskopkulture.com\/sr\/#\/schema\/logo\/image\/\"}}]}<\/script>\n<!-- \/ Yoast SEO plugin. -->","yoast_head_json":{"title":"Panel diskusija \u201ePi\u0161em, dakle postojim. (I u knjizi) \u2013 Ili o odnosima stvarnog i izmi\u0161ljenog u savremenoj knji\u017eevnosti\u201c \/ Fabuloze - Kaleidoskop kulture","robots":{"index":"index","follow":"follow","max-snippet":"max-snippet:-1","max-image-preview":"max-image-preview:large","max-video-preview":"max-video-preview:-1"},"canonical":"https:\/\/kaleidoskopkulture.com\/sr\/dogadjaj\/panel-diskusija-pisem-dakle-postojim-i-u-knjizi-ili-o-odnosima-stvarnog-i-izmisljenog-u-savremenoj-knjizevnosti-fabuloze\/","og_locale":"sr_RS","og_type":"article","og_title":"Panel diskusija \u201ePi\u0161em, dakle postojim. (I u knjizi) \u2013 Ili o odnosima stvarnog i izmi\u0161ljenog u savremenoj knji\u017eevnosti\u201c \/ Fabuloze - Kaleidoskop kulture","og_description":"Tokom\u00a0nedelje knji\u017eevnosti\u00a0odr\u017ea\u0107e se tri panel diskusije novosadskih autora koje nose naziv\u00a0\u201eFabuloze\u201c,\u00a0a koje \u0107e voditi\u00a0Nikola \u0160kori\u0107, u ulozi Borisa Fabule. Poslednja u nizu, tre\u0107a panel diskusija \u201ePi\u0161em, dakle postojim. (I u knjizi) \u2013 Ili o odnosima stvarnog i izmi\u0161ljenog u savremenoj...","og_url":"https:\/\/kaleidoskopkulture.com\/sr\/dogadjaj\/panel-diskusija-pisem-dakle-postojim-i-u-knjizi-ili-o-odnosima-stvarnog-i-izmisljenog-u-savremenoj-knjizevnosti-fabuloze\/","og_site_name":"Kaleidoskop kulture","article_modified_time":"2021-09-19T08:43:20+00:00","og_image":[{"width":1640,"height":924,"url":"https:\/\/kaleidoskopkulture.com\/wp-content\/uploads\/2021\/09\/\u0444\u0430\u0431\u0443\u043b\u043e\u0437\u0435.final_.png","type":"image\/png"}],"twitter_card":"summary_large_image","schema":{"@context":"https:\/\/schema.org","@graph":[{"@type":"WebPage","@id":"https:\/\/kaleidoskopkulture.com\/sr\/dogadjaj\/panel-diskusija-pisem-dakle-postojim-i-u-knjizi-ili-o-odnosima-stvarnog-i-izmisljenog-u-savremenoj-knjizevnosti-fabuloze\/","url":"https:\/\/kaleidoskopkulture.com\/sr\/dogadjaj\/panel-diskusija-pisem-dakle-postojim-i-u-knjizi-ili-o-odnosima-stvarnog-i-izmisljenog-u-savremenoj-knjizevnosti-fabuloze\/","name":"Panel diskusija \u201ePi\u0161em, dakle postojim. (I u knjizi) \u2013 Ili o odnosima stvarnog i izmi\u0161ljenog u savremenoj knji\u017eevnosti\u201c \/ Fabuloze - Kaleidoskop kulture","isPartOf":{"@id":"https:\/\/kaleidoskopkulture.com\/sr\/#website"},"primaryImageOfPage":{"@id":"https:\/\/kaleidoskopkulture.com\/sr\/dogadjaj\/panel-diskusija-pisem-dakle-postojim-i-u-knjizi-ili-o-odnosima-stvarnog-i-izmisljenog-u-savremenoj-knjizevnosti-fabuloze\/#primaryimage"},"image":{"@id":"https:\/\/kaleidoskopkulture.com\/sr\/dogadjaj\/panel-diskusija-pisem-dakle-postojim-i-u-knjizi-ili-o-odnosima-stvarnog-i-izmisljenog-u-savremenoj-knjizevnosti-fabuloze\/#primaryimage"},"thumbnailUrl":"https:\/\/kaleidoskopkulture.com\/wp-content\/uploads\/2021\/09\/\u0444\u0430\u0431\u0443\u043b\u043e\u0437\u0435.final_.png","datePublished":"2021-09-15T12:00:32+00:00","dateModified":"2021-09-19T08:43:20+00:00","breadcrumb":{"@id":"https:\/\/kaleidoskopkulture.com\/sr\/dogadjaj\/panel-diskusija-pisem-dakle-postojim-i-u-knjizi-ili-o-odnosima-stvarnog-i-izmisljenog-u-savremenoj-knjizevnosti-fabuloze\/#breadcrumb"},"inLanguage":"sr-RS","potentialAction":[{"@type":"ReadAction","target":["https:\/\/kaleidoskopkulture.com\/sr\/dogadjaj\/panel-diskusija-pisem-dakle-postojim-i-u-knjizi-ili-o-odnosima-stvarnog-i-izmisljenog-u-savremenoj-knjizevnosti-fabuloze\/"]}]},{"@type":"ImageObject","inLanguage":"sr-RS","@id":"https:\/\/kaleidoskopkulture.com\/sr\/dogadjaj\/panel-diskusija-pisem-dakle-postojim-i-u-knjizi-ili-o-odnosima-stvarnog-i-izmisljenog-u-savremenoj-knjizevnosti-fabuloze\/#primaryimage","url":"https:\/\/kaleidoskopkulture.com\/wp-content\/uploads\/2021\/09\/\u0444\u0430\u0431\u0443\u043b\u043e\u0437\u0435.final_.png","contentUrl":"https:\/\/kaleidoskopkulture.com\/wp-content\/uploads\/2021\/09\/\u0444\u0430\u0431\u0443\u043b\u043e\u0437\u0435.final_.png","width":1640,"height":924},{"@type":"BreadcrumbList","@id":"https:\/\/kaleidoskopkulture.com\/sr\/dogadjaj\/panel-diskusija-pisem-dakle-postojim-i-u-knjizi-ili-o-odnosima-stvarnog-i-izmisljenog-u-savremenoj-knjizevnosti-fabuloze\/#breadcrumb","itemListElement":[{"@type":"ListItem","position":1,"name":"Home","item":"https:\/\/kaleidoskopkulture.com\/sr\/"},{"@type":"ListItem","position":2,"name":"Events","item":"https:\/\/kaleidoskopkulture.com\/sr\/kalendar\/"},{"@type":"ListItem","position":3,"name":"Panel diskusija \u201ePi\u0161em, dakle postojim. (I u knjizi) \u2013 Ili o odnosima stvarnog i izmi\u0161ljenog u savremenoj knji\u017eevnosti\u201c \/ Fabuloze"}]},{"@type":"WebSite","@id":"https:\/\/kaleidoskopkulture.com\/sr\/#website","url":"https:\/\/kaleidoskopkulture.com\/sr\/","name":"Kaleidoskop kulture","description":"Novo lice kulture u Novom Sadu","publisher":{"@id":"https:\/\/kaleidoskopkulture.com\/sr\/#organization"},"potentialAction":[{"@type":"SearchAction","target":{"@type":"EntryPoint","urlTemplate":"https:\/\/kaleidoskopkulture.com\/sr\/?s={search_term_string}"},"query-input":"required name=search_term_string"}],"inLanguage":"sr-RS"},{"@type":"Organization","@id":"https:\/\/kaleidoskopkulture.com\/sr\/#organization","name":"Kaleidoskop kulture","url":"https:\/\/kaleidoskopkulture.com\/sr\/","logo":{"@type":"ImageObject","inLanguage":"sr-RS","@id":"https:\/\/kaleidoskopkulture.com\/sr\/#\/schema\/logo\/image\/","url":"https:\/\/kaleidoskopkulture.com\/wp-content\/uploads\/2022\/08\/cropped-kk-logo-1-1.png","contentUrl":"https:\/\/kaleidoskopkulture.com\/wp-content\/uploads\/2022\/08\/cropped-kk-logo-1-1.png","width":260,"height":90,"caption":"Kaleidoskop kulture"},"image":{"@id":"https:\/\/kaleidoskopkulture.com\/sr\/#\/schema\/logo\/image\/"}}]}},"_links":{"self":[{"href":"https:\/\/kaleidoskopkulture.com\/sr\/wp-json\/wp\/v2\/tribe_events\/5389","targetHints":{"allow":["GET"]}}],"collection":[{"href":"https:\/\/kaleidoskopkulture.com\/sr\/wp-json\/wp\/v2\/tribe_events"}],"about":[{"href":"https:\/\/kaleidoskopkulture.com\/sr\/wp-json\/wp\/v2\/types\/tribe_events"}],"author":[{"embeddable":true,"href":"https:\/\/kaleidoskopkulture.com\/sr\/wp-json\/wp\/v2\/users\/7"}],"version-history":[{"count":2,"href":"https:\/\/kaleidoskopkulture.com\/sr\/wp-json\/wp\/v2\/tribe_events\/5389\/revisions"}],"predecessor-version":[{"id":5488,"href":"https:\/\/kaleidoskopkulture.com\/sr\/wp-json\/wp\/v2\/tribe_events\/5389\/revisions\/5488"}],"wp:featuredmedia":[{"embeddable":true,"href":"https:\/\/kaleidoskopkulture.com\/sr\/wp-json\/wp\/v2\/media\/5383"}],"wp:attachment":[{"href":"https:\/\/kaleidoskopkulture.com\/sr\/wp-json\/wp\/v2\/media?parent=5389"}],"wp:term":[{"taxonomy":"post_tag","embeddable":true,"href":"https:\/\/kaleidoskopkulture.com\/sr\/wp-json\/wp\/v2\/tags?post=5389"},{"taxonomy":"tribe_events_cat","embeddable":true,"href":"https:\/\/kaleidoskopkulture.com\/sr\/wp-json\/wp\/v2\/tribe_events_cat?post=5389"}],"curies":[{"name":"wp","href":"https:\/\/api.w.org\/{rel}","templated":true}]}}