{"id":5296,"date":"2021-09-14T12:35:23","date_gmt":"2021-09-14T10:35:23","guid":{"rendered":"https:\/\/kaleidoskopkulture.com\/?post_type=tribe_events&#038;p=5296"},"modified":"2021-09-14T12:40:58","modified_gmt":"2021-09-14T10:40:58","slug":"koncert-kralja-cacka-podgradje-booktown","status":"publish","type":"tribe_events","link":"https:\/\/kaleidoskopkulture.com\/sr\/dogadjaj\/koncert-kralja-cacka-podgradje-booktown\/","title":{"rendered":"Koncert Kralja \u010ca\u010dka \/ Podgra\u0111e Booktown"},"content":{"rendered":"<p><a href=\"https:\/\/kaleidoskopkulture.com\/sr\/kralj-cacka\/\">Kralj \u010ca\u010dka<\/a>\u00a0\u0107e u okviru knji\u017eevnog festivala\u00a0<a href=\"https:\/\/kaleidoskopkulture.com\/sr\/podgradje-buktaun\/\" target=\"_blank\" rel=\"noopener noreferrer\">Podgra\u0111e Booktown<\/a>\u00a0u Novom Sadu, u no\u0107i otvaranja\u00a0<a href=\"https:\/\/kaleidoskopkulture.com\/sr\/knjizevnost-naslovna\/\" target=\"_blank\" rel=\"noopener noreferrer\">nedelje knji\u017eevnosti<\/a>\u00a0Kaleidoskopa kulture, nastupiti\u00a0u subotu 18. septembra od 22.30 sati. Mesto de\u0161avanja je Podgra\u0111e Petrovaradinske tvr\u0111ave, glavna bina u Beogradskoj ulici.<span id=\"more-5289\"><\/span><\/p>\n<p>Za ovu priliku Kralj \u010ca\u010dka \u0107e nastupiti kao\u00a0d\u017eez trio\u00a0koji \u0107e muziku kultnog pesnika, kantautora i slikara predstaviti na malo druga\u010diji na\u010din nego \u0161to je na to publika navikla.\u00a0Premijerno\u00a0za novosadsku publiku Nenad Mari\u0107 \u0107e predstaviti i\u00a0nekoliko novih pesama\u00a0koje \u0107e uskoro biti objavljene u zbirci pesama koja je u pripremi.<\/p>\n<p><strong>Kompletan program i satnicu nedelje knji\u017eevnosti mo\u017eete pogledati\u00a0<a href=\"https:\/\/kaleidoskopkulture.com\/sr\/nedelja-knjizevnosti-2021-program\/\" target=\"_blank\" rel=\"noopener noreferrer\">ovde<\/a>.<\/strong><\/p>\n<p>&nbsp;<\/p>\n<p>Foto: Sr\u0111an Pablo Doro\u0161ki<\/p>\n","protected":false},"excerpt":{"rendered":"<p>Kralj \u010ca\u010dka\u00a0\u0107e u okviru knji\u017eevnog festivala\u00a0Podgra\u0111e Booktown\u00a0u Novom Sadu, u no\u0107i otvaranja\u00a0nedelje knji\u017eevnosti\u00a0Kaleidoskopa kulture, nastupiti\u00a0u subotu 18. septembra od 22.30 sati. Mesto de\u0161avanja je Podgra\u0111e Petrovaradinske tvr\u0111ave, glavna bina u Beogradskoj ulici. Za ovu priliku Kralj \u010ca\u010dka \u0107e nastupiti kao\u00a0d\u017eez&#8230;<\/p>\n","protected":false},"author":7,"featured_media":5297,"template":"","meta":{"_tribe_events_status":"","_tribe_events_status_reason":"","footnotes":""},"tags":[],"tribe_events_cat":[386,383],"class_list":["post-5296","tribe_events","type-tribe_events","status-publish","has-post-thumbnail","hentry","tribe_events_cat-knjizevnost","tribe_events_cat-nastup","cat_knjizevnost","cat_nastup"],"yoast_head":"<!-- This site is optimized with the Yoast SEO plugin v22.4 - https:\/\/yoast.com\/wordpress\/plugins\/seo\/ -->\n<title>Koncert Kralja \u010ca\u010dka \/ Podgra\u0111e Booktown - Kaleidoskop kulture<\/title>\n<meta name=\"robots\" content=\"index, follow, max-snippet:-1, max-image-preview:large, max-video-preview:-1\" \/>\n<link rel=\"canonical\" href=\"https:\/\/kaleidoskopkulture.com\/sr\/dogadjaj\/koncert-kralja-cacka-podgradje-booktown\/\" \/>\n<meta property=\"og:locale\" content=\"sr_RS\" \/>\n<meta property=\"og:type\" content=\"article\" \/>\n<meta property=\"og:title\" content=\"Koncert Kralja \u010ca\u010dka \/ Podgra\u0111e Booktown - Kaleidoskop kulture\" \/>\n<meta property=\"og:description\" content=\"Kralj \u010ca\u010dka\u00a0\u0107e u okviru knji\u017eevnog festivala\u00a0Podgra\u0111e Booktown\u00a0u Novom Sadu, u no\u0107i otvaranja\u00a0nedelje knji\u017eevnosti\u00a0Kaleidoskopa kulture, nastupiti\u00a0u subotu 18. septembra od 22.30 sati. Mesto de\u0161avanja je Podgra\u0111e Petrovaradinske tvr\u0111ave, glavna bina u Beogradskoj ulici. Za ovu priliku Kralj \u010ca\u010dka \u0107e nastupiti kao\u00a0d\u017eez...\" \/>\n<meta property=\"og:url\" content=\"https:\/\/kaleidoskopkulture.com\/sr\/dogadjaj\/koncert-kralja-cacka-podgradje-booktown\/\" \/>\n<meta property=\"og:site_name\" content=\"Kaleidoskop kulture\" \/>\n<meta property=\"article:modified_time\" content=\"2021-09-14T10:40:58+00:00\" \/>\n<meta property=\"og:image\" content=\"https:\/\/kaleidoskopkulture.com\/wp-content\/uploads\/2021\/09\/IMG_5528a-Foto-3-Srdjan-Pablo-Doroski-scaled.jpg\" \/>\n\t<meta property=\"og:image:width\" content=\"2560\" \/>\n\t<meta property=\"og:image:height\" content=\"1707\" \/>\n\t<meta property=\"og:image:type\" content=\"image\/jpeg\" \/>\n<meta name=\"twitter:card\" content=\"summary_large_image\" \/>\n<meta name=\"twitter:label1\" content=\"Procenjeno vreme \u010ditanja\" \/>\n\t<meta name=\"twitter:data1\" content=\"1 minut\" \/>\n<script type=\"application\/ld+json\" class=\"yoast-schema-graph\">{\"@context\":\"https:\/\/schema.org\",\"@graph\":[{\"@type\":\"WebPage\",\"@id\":\"https:\/\/kaleidoskopkulture.com\/sr\/dogadjaj\/koncert-kralja-cacka-podgradje-booktown\/\",\"url\":\"https:\/\/kaleidoskopkulture.com\/sr\/dogadjaj\/koncert-kralja-cacka-podgradje-booktown\/\",\"name\":\"Koncert Kralja \u010ca\u010dka \/ Podgra\u0111e Booktown - Kaleidoskop kulture\",\"isPartOf\":{\"@id\":\"https:\/\/kaleidoskopkulture.com\/sr\/#website\"},\"primaryImageOfPage\":{\"@id\":\"https:\/\/kaleidoskopkulture.com\/sr\/dogadjaj\/koncert-kralja-cacka-podgradje-booktown\/#primaryimage\"},\"image\":{\"@id\":\"https:\/\/kaleidoskopkulture.com\/sr\/dogadjaj\/koncert-kralja-cacka-podgradje-booktown\/#primaryimage\"},\"thumbnailUrl\":\"https:\/\/kaleidoskopkulture.com\/wp-content\/uploads\/2021\/09\/IMG_5528a-Foto-3-Srdjan-Pablo-Doroski-scaled.jpg\",\"datePublished\":\"2021-09-14T10:35:23+00:00\",\"dateModified\":\"2021-09-14T10:40:58+00:00\",\"breadcrumb\":{\"@id\":\"https:\/\/kaleidoskopkulture.com\/sr\/dogadjaj\/koncert-kralja-cacka-podgradje-booktown\/#breadcrumb\"},\"inLanguage\":\"sr-RS\",\"potentialAction\":[{\"@type\":\"ReadAction\",\"target\":[\"https:\/\/kaleidoskopkulture.com\/sr\/dogadjaj\/koncert-kralja-cacka-podgradje-booktown\/\"]}]},{\"@type\":\"ImageObject\",\"inLanguage\":\"sr-RS\",\"@id\":\"https:\/\/kaleidoskopkulture.com\/sr\/dogadjaj\/koncert-kralja-cacka-podgradje-booktown\/#primaryimage\",\"url\":\"https:\/\/kaleidoskopkulture.com\/wp-content\/uploads\/2021\/09\/IMG_5528a-Foto-3-Srdjan-Pablo-Doroski-scaled.jpg\",\"contentUrl\":\"https:\/\/kaleidoskopkulture.com\/wp-content\/uploads\/2021\/09\/IMG_5528a-Foto-3-Srdjan-Pablo-Doroski-scaled.jpg\",\"width\":2560,\"height\":1707},{\"@type\":\"BreadcrumbList\",\"@id\":\"https:\/\/kaleidoskopkulture.com\/sr\/dogadjaj\/koncert-kralja-cacka-podgradje-booktown\/#breadcrumb\",\"itemListElement\":[{\"@type\":\"ListItem\",\"position\":1,\"name\":\"Home\",\"item\":\"https:\/\/kaleidoskopkulture.com\/sr\/\"},{\"@type\":\"ListItem\",\"position\":2,\"name\":\"Events\",\"item\":\"https:\/\/kaleidoskopkulture.com\/sr\/kalendar\/\"},{\"@type\":\"ListItem\",\"position\":3,\"name\":\"Koncert Kralja \u010ca\u010dka \/ Podgra\u0111e Booktown\"}]},{\"@type\":\"WebSite\",\"@id\":\"https:\/\/kaleidoskopkulture.com\/sr\/#website\",\"url\":\"https:\/\/kaleidoskopkulture.com\/sr\/\",\"name\":\"Kaleidoskop kulture\",\"description\":\"Novo lice kulture u Novom Sadu\",\"publisher\":{\"@id\":\"https:\/\/kaleidoskopkulture.com\/sr\/#organization\"},\"potentialAction\":[{\"@type\":\"SearchAction\",\"target\":{\"@type\":\"EntryPoint\",\"urlTemplate\":\"https:\/\/kaleidoskopkulture.com\/sr\/?s={search_term_string}\"},\"query-input\":\"required name=search_term_string\"}],\"inLanguage\":\"sr-RS\"},{\"@type\":\"Organization\",\"@id\":\"https:\/\/kaleidoskopkulture.com\/sr\/#organization\",\"name\":\"Kaleidoskop kulture\",\"url\":\"https:\/\/kaleidoskopkulture.com\/sr\/\",\"logo\":{\"@type\":\"ImageObject\",\"inLanguage\":\"sr-RS\",\"@id\":\"https:\/\/kaleidoskopkulture.com\/sr\/#\/schema\/logo\/image\/\",\"url\":\"https:\/\/kaleidoskopkulture.com\/wp-content\/uploads\/2022\/08\/cropped-kk-logo-1-1.png\",\"contentUrl\":\"https:\/\/kaleidoskopkulture.com\/wp-content\/uploads\/2022\/08\/cropped-kk-logo-1-1.png\",\"width\":260,\"height\":90,\"caption\":\"Kaleidoskop kulture\"},\"image\":{\"@id\":\"https:\/\/kaleidoskopkulture.com\/sr\/#\/schema\/logo\/image\/\"}}]}<\/script>\n<!-- \/ Yoast SEO plugin. -->","yoast_head_json":{"title":"Koncert Kralja \u010ca\u010dka \/ Podgra\u0111e Booktown - Kaleidoskop kulture","robots":{"index":"index","follow":"follow","max-snippet":"max-snippet:-1","max-image-preview":"max-image-preview:large","max-video-preview":"max-video-preview:-1"},"canonical":"https:\/\/kaleidoskopkulture.com\/sr\/dogadjaj\/koncert-kralja-cacka-podgradje-booktown\/","og_locale":"sr_RS","og_type":"article","og_title":"Koncert Kralja \u010ca\u010dka \/ Podgra\u0111e Booktown - Kaleidoskop kulture","og_description":"Kralj \u010ca\u010dka\u00a0\u0107e u okviru knji\u017eevnog festivala\u00a0Podgra\u0111e Booktown\u00a0u Novom Sadu, u no\u0107i otvaranja\u00a0nedelje knji\u017eevnosti\u00a0Kaleidoskopa kulture, nastupiti\u00a0u subotu 18. septembra od 22.30 sati. Mesto de\u0161avanja je Podgra\u0111e Petrovaradinske tvr\u0111ave, glavna bina u Beogradskoj ulici. Za ovu priliku Kralj \u010ca\u010dka \u0107e nastupiti kao\u00a0d\u017eez...","og_url":"https:\/\/kaleidoskopkulture.com\/sr\/dogadjaj\/koncert-kralja-cacka-podgradje-booktown\/","og_site_name":"Kaleidoskop kulture","article_modified_time":"2021-09-14T10:40:58+00:00","og_image":[{"width":2560,"height":1707,"url":"https:\/\/kaleidoskopkulture.com\/wp-content\/uploads\/2021\/09\/IMG_5528a-Foto-3-Srdjan-Pablo-Doroski-scaled.jpg","type":"image\/jpeg"}],"twitter_card":"summary_large_image","twitter_misc":{"Procenjeno vreme \u010ditanja":"1 minut"},"schema":{"@context":"https:\/\/schema.org","@graph":[{"@type":"WebPage","@id":"https:\/\/kaleidoskopkulture.com\/sr\/dogadjaj\/koncert-kralja-cacka-podgradje-booktown\/","url":"https:\/\/kaleidoskopkulture.com\/sr\/dogadjaj\/koncert-kralja-cacka-podgradje-booktown\/","name":"Koncert Kralja \u010ca\u010dka \/ Podgra\u0111e Booktown - Kaleidoskop kulture","isPartOf":{"@id":"https:\/\/kaleidoskopkulture.com\/sr\/#website"},"primaryImageOfPage":{"@id":"https:\/\/kaleidoskopkulture.com\/sr\/dogadjaj\/koncert-kralja-cacka-podgradje-booktown\/#primaryimage"},"image":{"@id":"https:\/\/kaleidoskopkulture.com\/sr\/dogadjaj\/koncert-kralja-cacka-podgradje-booktown\/#primaryimage"},"thumbnailUrl":"https:\/\/kaleidoskopkulture.com\/wp-content\/uploads\/2021\/09\/IMG_5528a-Foto-3-Srdjan-Pablo-Doroski-scaled.jpg","datePublished":"2021-09-14T10:35:23+00:00","dateModified":"2021-09-14T10:40:58+00:00","breadcrumb":{"@id":"https:\/\/kaleidoskopkulture.com\/sr\/dogadjaj\/koncert-kralja-cacka-podgradje-booktown\/#breadcrumb"},"inLanguage":"sr-RS","potentialAction":[{"@type":"ReadAction","target":["https:\/\/kaleidoskopkulture.com\/sr\/dogadjaj\/koncert-kralja-cacka-podgradje-booktown\/"]}]},{"@type":"ImageObject","inLanguage":"sr-RS","@id":"https:\/\/kaleidoskopkulture.com\/sr\/dogadjaj\/koncert-kralja-cacka-podgradje-booktown\/#primaryimage","url":"https:\/\/kaleidoskopkulture.com\/wp-content\/uploads\/2021\/09\/IMG_5528a-Foto-3-Srdjan-Pablo-Doroski-scaled.jpg","contentUrl":"https:\/\/kaleidoskopkulture.com\/wp-content\/uploads\/2021\/09\/IMG_5528a-Foto-3-Srdjan-Pablo-Doroski-scaled.jpg","width":2560,"height":1707},{"@type":"BreadcrumbList","@id":"https:\/\/kaleidoskopkulture.com\/sr\/dogadjaj\/koncert-kralja-cacka-podgradje-booktown\/#breadcrumb","itemListElement":[{"@type":"ListItem","position":1,"name":"Home","item":"https:\/\/kaleidoskopkulture.com\/sr\/"},{"@type":"ListItem","position":2,"name":"Events","item":"https:\/\/kaleidoskopkulture.com\/sr\/kalendar\/"},{"@type":"ListItem","position":3,"name":"Koncert Kralja \u010ca\u010dka \/ Podgra\u0111e Booktown"}]},{"@type":"WebSite","@id":"https:\/\/kaleidoskopkulture.com\/sr\/#website","url":"https:\/\/kaleidoskopkulture.com\/sr\/","name":"Kaleidoskop kulture","description":"Novo lice kulture u Novom Sadu","publisher":{"@id":"https:\/\/kaleidoskopkulture.com\/sr\/#organization"},"potentialAction":[{"@type":"SearchAction","target":{"@type":"EntryPoint","urlTemplate":"https:\/\/kaleidoskopkulture.com\/sr\/?s={search_term_string}"},"query-input":"required name=search_term_string"}],"inLanguage":"sr-RS"},{"@type":"Organization","@id":"https:\/\/kaleidoskopkulture.com\/sr\/#organization","name":"Kaleidoskop kulture","url":"https:\/\/kaleidoskopkulture.com\/sr\/","logo":{"@type":"ImageObject","inLanguage":"sr-RS","@id":"https:\/\/kaleidoskopkulture.com\/sr\/#\/schema\/logo\/image\/","url":"https:\/\/kaleidoskopkulture.com\/wp-content\/uploads\/2022\/08\/cropped-kk-logo-1-1.png","contentUrl":"https:\/\/kaleidoskopkulture.com\/wp-content\/uploads\/2022\/08\/cropped-kk-logo-1-1.png","width":260,"height":90,"caption":"Kaleidoskop kulture"},"image":{"@id":"https:\/\/kaleidoskopkulture.com\/sr\/#\/schema\/logo\/image\/"}}]}},"_links":{"self":[{"href":"https:\/\/kaleidoskopkulture.com\/sr\/wp-json\/wp\/v2\/tribe_events\/5296","targetHints":{"allow":["GET"]}}],"collection":[{"href":"https:\/\/kaleidoskopkulture.com\/sr\/wp-json\/wp\/v2\/tribe_events"}],"about":[{"href":"https:\/\/kaleidoskopkulture.com\/sr\/wp-json\/wp\/v2\/types\/tribe_events"}],"author":[{"embeddable":true,"href":"https:\/\/kaleidoskopkulture.com\/sr\/wp-json\/wp\/v2\/users\/7"}],"version-history":[{"count":1,"href":"https:\/\/kaleidoskopkulture.com\/sr\/wp-json\/wp\/v2\/tribe_events\/5296\/revisions"}],"predecessor-version":[{"id":5299,"href":"https:\/\/kaleidoskopkulture.com\/sr\/wp-json\/wp\/v2\/tribe_events\/5296\/revisions\/5299"}],"wp:featuredmedia":[{"embeddable":true,"href":"https:\/\/kaleidoskopkulture.com\/sr\/wp-json\/wp\/v2\/media\/5297"}],"wp:attachment":[{"href":"https:\/\/kaleidoskopkulture.com\/sr\/wp-json\/wp\/v2\/media?parent=5296"}],"wp:term":[{"taxonomy":"post_tag","embeddable":true,"href":"https:\/\/kaleidoskopkulture.com\/sr\/wp-json\/wp\/v2\/tags?post=5296"},{"taxonomy":"tribe_events_cat","embeddable":true,"href":"https:\/\/kaleidoskopkulture.com\/sr\/wp-json\/wp\/v2\/tribe_events_cat?post=5296"}],"curies":[{"name":"wp","href":"https:\/\/api.w.org\/{rel}","templated":true}]}}