{"id":5243,"date":"2021-09-13T13:54:00","date_gmt":"2021-09-13T11:54:00","guid":{"rendered":"https:\/\/kaleidoskopkulture.com\/?post_type=tribe_events&#038;p=5243"},"modified":"2021-09-15T15:40:04","modified_gmt":"2021-09-15T13:40:04","slug":"noc-knjizevnosti-2","status":"publish","type":"tribe_events","link":"https:\/\/kaleidoskopkulture.com\/sr\/dogadjaj\/noc-knjizevnosti-2\/","title":{"rendered":"No\u0107 knji\u017eevnosti \/ Podgra\u0111e Booktown"},"content":{"rendered":"<p>Prvi put u izdanju u\u017eivo,\u00a0<strong>No\u0107 knji\u017eevnosti<\/strong>\u00a0predstavlja publici pisce iz osam zemalja u baroknom drugulju ispod Petrovaradinske tvr\u0111ave. Upoznajte svoje omiljene evropske autore i njihova dela<strong>\u00a0u Podgra\u0111u 18. septembra u 18 sati.<\/strong><span id=\"more-5210\"><\/span><\/p>\n<p>Autori koji \u0107e se predstaviti publici:<\/p>\n<p><strong>Ma\u0161a Dabi\u0107<\/strong> (Austrija) od 18 do 22 sata \/ Werk\u0161tat concept store.<\/p>\n<p><strong>Ale\u0161 \u010car<\/strong> (Slovenija) od 18 do 22 sata \/ Kafe Bukowski.<\/p>\n<p><strong>Tom \u0160ulc<\/strong> (Nema\u010dka) od 18 do 22 sata \/ Osnovna \u0161kola Tvr\u0111ava.<\/p>\n<p><strong>Marta \u0110ido<\/strong> (Poljska) od 18 do 22 sata \/ Ku\u0107a bana Jela\u010di\u0107a.<\/p>\n<p><strong>Nadija Teranova<\/strong> (Italija) od 18 do 22 sata \/ Varad Inn.<\/p>\n<p><strong>Frank Buis<\/strong> (Francuska) od 19 do 20 sati \/ Prostor.<\/p>\n<p><strong>Judit Sanislo<\/strong> (Ma\u0111arska) od 20 do 21 sat \/ Prostor.<\/p>\n<p><strong>\u017dak Ri\u0161ar<\/strong> (Belgija) od 21 do 22 sata \/ Prostor.<\/p>\n<p>Razgovore \u0107e moderirati doma\u0107i knji\u017eevni kriti\u010dari, pisci, prevodioci i filolozi.<\/p>\n<p>No\u0107 knji\u017eevnosti svedo\u010di da Kaleidoskop kulture nastavlja da pomera granice kulture zajedni\u0161tva jer u njoj u\u010destvuju Francuski institut, Austrijski kulturni forum, Ambasada Slovenije, Institut Gete, Ambasada Poljske, Wallonie-Bruxelles International, Collegium Hungaricum, Italijanski institut za kulturu, Delegacija Evropske unije u Srbiji i Klaster EUNIC Srbija.<\/p>\n<p><strong>Kompletan program i satnicu nedelje knji\u017eevnosti mo\u017eete pogledati\u00a0<a href=\"https:\/\/kaleidoskopkulture.com\/sr\/nedelja-knjizevnosti-2021-program\/\" target=\"_blank\" rel=\"noopener noreferrer\">ovde<\/a>.<\/strong><\/p>\n","protected":false},"excerpt":{"rendered":"<p>Prvi put u izdanju u\u017eivo,\u00a0No\u0107 knji\u017eevnosti\u00a0predstavlja publici pisce iz osam zemalja u baroknom drugulju ispod Petrovaradinske tvr\u0111ave. Upoznajte svoje omiljene evropske autore i njihova dela\u00a0u Podgra\u0111u 18. septembra u 18 sati. Autori koji \u0107e se predstaviti publici: Ma\u0161a Dabi\u0107 (Austrija)&#8230;<\/p>\n","protected":false},"author":7,"featured_media":5244,"template":"","meta":{"_tribe_events_status":"","_tribe_events_status_reason":"","footnotes":""},"tags":[],"tribe_events_cat":[386],"class_list":["post-5243","tribe_events","type-tribe_events","status-publish","has-post-thumbnail","hentry","tribe_events_cat-knjizevnost","cat_knjizevnost"],"yoast_head":"<!-- This site is optimized with the Yoast SEO plugin v22.4 - https:\/\/yoast.com\/wordpress\/plugins\/seo\/ -->\n<title>No\u0107 knji\u017eevnosti \/ Podgra\u0111e Booktown - Kaleidoskop kulture<\/title>\n<meta name=\"robots\" content=\"index, follow, max-snippet:-1, max-image-preview:large, max-video-preview:-1\" \/>\n<link rel=\"canonical\" href=\"https:\/\/kaleidoskopkulture.com\/sr\/dogadjaj\/noc-knjizevnosti-2\/\" \/>\n<meta property=\"og:locale\" content=\"sr_RS\" \/>\n<meta property=\"og:type\" content=\"article\" \/>\n<meta property=\"og:title\" content=\"No\u0107 knji\u017eevnosti \/ Podgra\u0111e Booktown - Kaleidoskop kulture\" \/>\n<meta property=\"og:description\" content=\"Prvi put u izdanju u\u017eivo,\u00a0No\u0107 knji\u017eevnosti\u00a0predstavlja publici pisce iz osam zemalja u baroknom drugulju ispod Petrovaradinske tvr\u0111ave. Upoznajte svoje omiljene evropske autore i njihova dela\u00a0u Podgra\u0111u 18. septembra u 18 sati. Autori koji \u0107e se predstaviti publici: Ma\u0161a Dabi\u0107 (Austrija)...\" \/>\n<meta property=\"og:url\" content=\"https:\/\/kaleidoskopkulture.com\/sr\/dogadjaj\/noc-knjizevnosti-2\/\" \/>\n<meta property=\"og:site_name\" content=\"Kaleidoskop kulture\" \/>\n<meta property=\"article:modified_time\" content=\"2021-09-15T13:40:04+00:00\" \/>\n<meta property=\"og:image\" content=\"https:\/\/kaleidoskopkulture.com\/wp-content\/uploads\/2021\/09\/kk2021_sn_template_otvaranje_noc_knjizevnosti_srpski2.png\" \/>\n\t<meta property=\"og:image:width\" content=\"1080\" \/>\n\t<meta property=\"og:image:height\" content=\"1080\" \/>\n\t<meta property=\"og:image:type\" content=\"image\/png\" \/>\n<meta name=\"twitter:card\" content=\"summary_large_image\" \/>\n<meta name=\"twitter:label1\" content=\"Procenjeno vreme \u010ditanja\" \/>\n\t<meta name=\"twitter:data1\" content=\"1 minut\" \/>\n<script type=\"application\/ld+json\" class=\"yoast-schema-graph\">{\"@context\":\"https:\/\/schema.org\",\"@graph\":[{\"@type\":\"WebPage\",\"@id\":\"https:\/\/kaleidoskopkulture.com\/sr\/dogadjaj\/noc-knjizevnosti-2\/\",\"url\":\"https:\/\/kaleidoskopkulture.com\/sr\/dogadjaj\/noc-knjizevnosti-2\/\",\"name\":\"No\u0107 knji\u017eevnosti \/ Podgra\u0111e Booktown - Kaleidoskop kulture\",\"isPartOf\":{\"@id\":\"https:\/\/kaleidoskopkulture.com\/sr\/#website\"},\"primaryImageOfPage\":{\"@id\":\"https:\/\/kaleidoskopkulture.com\/sr\/dogadjaj\/noc-knjizevnosti-2\/#primaryimage\"},\"image\":{\"@id\":\"https:\/\/kaleidoskopkulture.com\/sr\/dogadjaj\/noc-knjizevnosti-2\/#primaryimage\"},\"thumbnailUrl\":\"https:\/\/kaleidoskopkulture.com\/wp-content\/uploads\/2021\/09\/kk2021_sn_template_otvaranje_noc_knjizevnosti_srpski2.png\",\"datePublished\":\"2021-09-13T11:54:00+00:00\",\"dateModified\":\"2021-09-15T13:40:04+00:00\",\"breadcrumb\":{\"@id\":\"https:\/\/kaleidoskopkulture.com\/sr\/dogadjaj\/noc-knjizevnosti-2\/#breadcrumb\"},\"inLanguage\":\"sr-RS\",\"potentialAction\":[{\"@type\":\"ReadAction\",\"target\":[\"https:\/\/kaleidoskopkulture.com\/sr\/dogadjaj\/noc-knjizevnosti-2\/\"]}]},{\"@type\":\"ImageObject\",\"inLanguage\":\"sr-RS\",\"@id\":\"https:\/\/kaleidoskopkulture.com\/sr\/dogadjaj\/noc-knjizevnosti-2\/#primaryimage\",\"url\":\"https:\/\/kaleidoskopkulture.com\/wp-content\/uploads\/2021\/09\/kk2021_sn_template_otvaranje_noc_knjizevnosti_srpski2.png\",\"contentUrl\":\"https:\/\/kaleidoskopkulture.com\/wp-content\/uploads\/2021\/09\/kk2021_sn_template_otvaranje_noc_knjizevnosti_srpski2.png\",\"width\":1080,\"height\":1080},{\"@type\":\"BreadcrumbList\",\"@id\":\"https:\/\/kaleidoskopkulture.com\/sr\/dogadjaj\/noc-knjizevnosti-2\/#breadcrumb\",\"itemListElement\":[{\"@type\":\"ListItem\",\"position\":1,\"name\":\"Home\",\"item\":\"https:\/\/kaleidoskopkulture.com\/sr\/\"},{\"@type\":\"ListItem\",\"position\":2,\"name\":\"Events\",\"item\":\"https:\/\/kaleidoskopkulture.com\/sr\/kalendar\/\"},{\"@type\":\"ListItem\",\"position\":3,\"name\":\"No\u0107 knji\u017eevnosti \/ Podgra\u0111e Booktown\"}]},{\"@type\":\"WebSite\",\"@id\":\"https:\/\/kaleidoskopkulture.com\/sr\/#website\",\"url\":\"https:\/\/kaleidoskopkulture.com\/sr\/\",\"name\":\"Kaleidoskop kulture\",\"description\":\"Novo lice kulture u Novom Sadu\",\"publisher\":{\"@id\":\"https:\/\/kaleidoskopkulture.com\/sr\/#organization\"},\"potentialAction\":[{\"@type\":\"SearchAction\",\"target\":{\"@type\":\"EntryPoint\",\"urlTemplate\":\"https:\/\/kaleidoskopkulture.com\/sr\/?s={search_term_string}\"},\"query-input\":\"required name=search_term_string\"}],\"inLanguage\":\"sr-RS\"},{\"@type\":\"Organization\",\"@id\":\"https:\/\/kaleidoskopkulture.com\/sr\/#organization\",\"name\":\"Kaleidoskop kulture\",\"url\":\"https:\/\/kaleidoskopkulture.com\/sr\/\",\"logo\":{\"@type\":\"ImageObject\",\"inLanguage\":\"sr-RS\",\"@id\":\"https:\/\/kaleidoskopkulture.com\/sr\/#\/schema\/logo\/image\/\",\"url\":\"https:\/\/kaleidoskopkulture.com\/wp-content\/uploads\/2022\/08\/cropped-kk-logo-1-1.png\",\"contentUrl\":\"https:\/\/kaleidoskopkulture.com\/wp-content\/uploads\/2022\/08\/cropped-kk-logo-1-1.png\",\"width\":260,\"height\":90,\"caption\":\"Kaleidoskop kulture\"},\"image\":{\"@id\":\"https:\/\/kaleidoskopkulture.com\/sr\/#\/schema\/logo\/image\/\"}}]}<\/script>\n<!-- \/ Yoast SEO plugin. -->","yoast_head_json":{"title":"No\u0107 knji\u017eevnosti \/ Podgra\u0111e Booktown - Kaleidoskop kulture","robots":{"index":"index","follow":"follow","max-snippet":"max-snippet:-1","max-image-preview":"max-image-preview:large","max-video-preview":"max-video-preview:-1"},"canonical":"https:\/\/kaleidoskopkulture.com\/sr\/dogadjaj\/noc-knjizevnosti-2\/","og_locale":"sr_RS","og_type":"article","og_title":"No\u0107 knji\u017eevnosti \/ Podgra\u0111e Booktown - Kaleidoskop kulture","og_description":"Prvi put u izdanju u\u017eivo,\u00a0No\u0107 knji\u017eevnosti\u00a0predstavlja publici pisce iz osam zemalja u baroknom drugulju ispod Petrovaradinske tvr\u0111ave. Upoznajte svoje omiljene evropske autore i njihova dela\u00a0u Podgra\u0111u 18. septembra u 18 sati. Autori koji \u0107e se predstaviti publici: Ma\u0161a Dabi\u0107 (Austrija)...","og_url":"https:\/\/kaleidoskopkulture.com\/sr\/dogadjaj\/noc-knjizevnosti-2\/","og_site_name":"Kaleidoskop kulture","article_modified_time":"2021-09-15T13:40:04+00:00","og_image":[{"width":1080,"height":1080,"url":"https:\/\/kaleidoskopkulture.com\/wp-content\/uploads\/2021\/09\/kk2021_sn_template_otvaranje_noc_knjizevnosti_srpski2.png","type":"image\/png"}],"twitter_card":"summary_large_image","twitter_misc":{"Procenjeno vreme \u010ditanja":"1 minut"},"schema":{"@context":"https:\/\/schema.org","@graph":[{"@type":"WebPage","@id":"https:\/\/kaleidoskopkulture.com\/sr\/dogadjaj\/noc-knjizevnosti-2\/","url":"https:\/\/kaleidoskopkulture.com\/sr\/dogadjaj\/noc-knjizevnosti-2\/","name":"No\u0107 knji\u017eevnosti \/ Podgra\u0111e Booktown - Kaleidoskop kulture","isPartOf":{"@id":"https:\/\/kaleidoskopkulture.com\/sr\/#website"},"primaryImageOfPage":{"@id":"https:\/\/kaleidoskopkulture.com\/sr\/dogadjaj\/noc-knjizevnosti-2\/#primaryimage"},"image":{"@id":"https:\/\/kaleidoskopkulture.com\/sr\/dogadjaj\/noc-knjizevnosti-2\/#primaryimage"},"thumbnailUrl":"https:\/\/kaleidoskopkulture.com\/wp-content\/uploads\/2021\/09\/kk2021_sn_template_otvaranje_noc_knjizevnosti_srpski2.png","datePublished":"2021-09-13T11:54:00+00:00","dateModified":"2021-09-15T13:40:04+00:00","breadcrumb":{"@id":"https:\/\/kaleidoskopkulture.com\/sr\/dogadjaj\/noc-knjizevnosti-2\/#breadcrumb"},"inLanguage":"sr-RS","potentialAction":[{"@type":"ReadAction","target":["https:\/\/kaleidoskopkulture.com\/sr\/dogadjaj\/noc-knjizevnosti-2\/"]}]},{"@type":"ImageObject","inLanguage":"sr-RS","@id":"https:\/\/kaleidoskopkulture.com\/sr\/dogadjaj\/noc-knjizevnosti-2\/#primaryimage","url":"https:\/\/kaleidoskopkulture.com\/wp-content\/uploads\/2021\/09\/kk2021_sn_template_otvaranje_noc_knjizevnosti_srpski2.png","contentUrl":"https:\/\/kaleidoskopkulture.com\/wp-content\/uploads\/2021\/09\/kk2021_sn_template_otvaranje_noc_knjizevnosti_srpski2.png","width":1080,"height":1080},{"@type":"BreadcrumbList","@id":"https:\/\/kaleidoskopkulture.com\/sr\/dogadjaj\/noc-knjizevnosti-2\/#breadcrumb","itemListElement":[{"@type":"ListItem","position":1,"name":"Home","item":"https:\/\/kaleidoskopkulture.com\/sr\/"},{"@type":"ListItem","position":2,"name":"Events","item":"https:\/\/kaleidoskopkulture.com\/sr\/kalendar\/"},{"@type":"ListItem","position":3,"name":"No\u0107 knji\u017eevnosti \/ Podgra\u0111e Booktown"}]},{"@type":"WebSite","@id":"https:\/\/kaleidoskopkulture.com\/sr\/#website","url":"https:\/\/kaleidoskopkulture.com\/sr\/","name":"Kaleidoskop kulture","description":"Novo lice kulture u Novom Sadu","publisher":{"@id":"https:\/\/kaleidoskopkulture.com\/sr\/#organization"},"potentialAction":[{"@type":"SearchAction","target":{"@type":"EntryPoint","urlTemplate":"https:\/\/kaleidoskopkulture.com\/sr\/?s={search_term_string}"},"query-input":"required name=search_term_string"}],"inLanguage":"sr-RS"},{"@type":"Organization","@id":"https:\/\/kaleidoskopkulture.com\/sr\/#organization","name":"Kaleidoskop kulture","url":"https:\/\/kaleidoskopkulture.com\/sr\/","logo":{"@type":"ImageObject","inLanguage":"sr-RS","@id":"https:\/\/kaleidoskopkulture.com\/sr\/#\/schema\/logo\/image\/","url":"https:\/\/kaleidoskopkulture.com\/wp-content\/uploads\/2022\/08\/cropped-kk-logo-1-1.png","contentUrl":"https:\/\/kaleidoskopkulture.com\/wp-content\/uploads\/2022\/08\/cropped-kk-logo-1-1.png","width":260,"height":90,"caption":"Kaleidoskop kulture"},"image":{"@id":"https:\/\/kaleidoskopkulture.com\/sr\/#\/schema\/logo\/image\/"}}]}},"_links":{"self":[{"href":"https:\/\/kaleidoskopkulture.com\/sr\/wp-json\/wp\/v2\/tribe_events\/5243","targetHints":{"allow":["GET"]}}],"collection":[{"href":"https:\/\/kaleidoskopkulture.com\/sr\/wp-json\/wp\/v2\/tribe_events"}],"about":[{"href":"https:\/\/kaleidoskopkulture.com\/sr\/wp-json\/wp\/v2\/types\/tribe_events"}],"author":[{"embeddable":true,"href":"https:\/\/kaleidoskopkulture.com\/sr\/wp-json\/wp\/v2\/users\/7"}],"version-history":[{"count":3,"href":"https:\/\/kaleidoskopkulture.com\/sr\/wp-json\/wp\/v2\/tribe_events\/5243\/revisions"}],"predecessor-version":[{"id":5400,"href":"https:\/\/kaleidoskopkulture.com\/sr\/wp-json\/wp\/v2\/tribe_events\/5243\/revisions\/5400"}],"wp:featuredmedia":[{"embeddable":true,"href":"https:\/\/kaleidoskopkulture.com\/sr\/wp-json\/wp\/v2\/media\/5244"}],"wp:attachment":[{"href":"https:\/\/kaleidoskopkulture.com\/sr\/wp-json\/wp\/v2\/media?parent=5243"}],"wp:term":[{"taxonomy":"post_tag","embeddable":true,"href":"https:\/\/kaleidoskopkulture.com\/sr\/wp-json\/wp\/v2\/tags?post=5243"},{"taxonomy":"tribe_events_cat","embeddable":true,"href":"https:\/\/kaleidoskopkulture.com\/sr\/wp-json\/wp\/v2\/tribe_events_cat?post=5243"}],"curies":[{"name":"wp","href":"https:\/\/api.w.org\/{rel}","templated":true}]}}