{"id":4941,"date":"2021-09-08T10:09:45","date_gmt":"2021-09-08T08:09:45","guid":{"rendered":"https:\/\/kaleidoskopkulture.com\/?post_type=tribe_events&#038;p=4941"},"modified":"2021-09-09T10:55:43","modified_gmt":"2021-09-09T08:55:43","slug":"plesna-predstava-assimilate-tanz-platz","status":"publish","type":"tribe_events","link":"https:\/\/kaleidoskopkulture.com\/sr\/dogadjaj\/plesna-predstava-assimilate-tanz-platz\/","title":{"rendered":"Plesna predstava \u201eAssimilate\u201c \/ Tanz Platz"},"content":{"rendered":"<p>Peto izdanje me\u0111unarodnog festivala savremenog plesa\u00a0<strong>\u201e<a href=\"https:\/\/kaleidoskopkulture.com\/sr\/tanz-platz\/\" target=\"_blank\" rel=\"noopener noreferrer\">Tanz Platz<\/a>\u201c<\/strong>\u00a0o\u010dekuje nas\u00a0<strong>od 13. do 17. septembra<\/strong>\u00a0u obnovljenom prostoru\u00a0<strong>Fabrike u Kreativnom distriktu<\/strong>, u okviru nedelje izvo\u0111a\u010dke umetnosti Kaleidoskopa kulture.<\/p>\n<p>Festival \u0107e otvoriti plesna predstava \u201eAssimilate\u201c, u ponedeljak 13. septembra u 20 sati, koja \u0107e ovom prilikom biti premijerno izvedena. Predstava se bavi pitanjem migracija, preplitanjem razli\u010ditih kultura, jezika i obi\u010daja.<\/p>\n<p>U performansu koreografkinje Sonje Stojanovi\u0107 povezuju se \u010detiri kulture: srpska, \u010de\u0161ka, ma\u0111arska i francuska, kako bi se otelotvorila lepota razli\u010ditosti kroz razne vrste komunikacija koje su se smenjivale od 19. veka do digitalne ere u kojoj sada \u017eivimo, plepli\u0107u\u0107i pro\u0161lost i sada\u0161njost kroz vizuru muzike i pokreta, od tradicionalnog do savremenog.<\/p>\n<p><strong>Broj gledalaca je ograni\u010den na 32, stoga je potrebno poslati prijavu na mejl\u00a0<a href=\"mailto:skcnovisad@gmail.com\" target=\"_blank\" rel=\"noopener noreferrer\">skcnovisad@gmail.com<\/a>, u naslovu mejla navesti\u00a0<em>Prijava za \u201eAssimilate\u201c<\/em>, a u telu mejla ime i prezime. Ulaz je slobodan.<\/strong><\/p>\n<p><strong>Kompletan program i satnicu nedelje izvo\u0111a\u010dke umetnosti mo\u017eete pogledati\u00a0<a href=\"https:\/\/kaleidoskopkulture.com\/sr\/nedelja-izvodjacke-umetnosti-2021-program\/\" target=\"_blank\" rel=\"noopener noreferrer\">ovde<\/a>.<\/strong><\/p>\n","protected":false},"excerpt":{"rendered":"<p>Peto izdanje me\u0111unarodnog festivala savremenog plesa\u00a0\u201eTanz Platz\u201c\u00a0o\u010dekuje nas\u00a0od 13. do 17. septembra\u00a0u obnovljenom prostoru\u00a0Fabrike u Kreativnom distriktu, u okviru nedelje izvo\u0111a\u010dke umetnosti Kaleidoskopa kulture. Festival \u0107e otvoriti plesna predstava \u201eAssimilate\u201c, u ponedeljak 13. septembra u 20 sati, koja \u0107e ovom&#8230;<\/p>\n","protected":false},"author":7,"featured_media":4995,"template":"","meta":{"_tribe_events_status":"","_tribe_events_status_reason":"","footnotes":""},"tags":[],"tribe_events_cat":[389],"class_list":["post-4941","tribe_events","type-tribe_events","status-publish","has-post-thumbnail","hentry","tribe_events_cat-predstava","cat_predstava"],"yoast_head":"<!-- This site is optimized with the Yoast SEO plugin v22.4 - https:\/\/yoast.com\/wordpress\/plugins\/seo\/ -->\n<title>Plesna predstava \u201eAssimilate\u201c \/ Tanz Platz - Kaleidoskop kulture<\/title>\n<meta name=\"robots\" content=\"index, follow, max-snippet:-1, max-image-preview:large, max-video-preview:-1\" \/>\n<link rel=\"canonical\" href=\"https:\/\/kaleidoskopkulture.com\/sr\/dogadjaj\/plesna-predstava-assimilate-tanz-platz\/\" \/>\n<meta property=\"og:locale\" content=\"sr_RS\" \/>\n<meta property=\"og:type\" content=\"article\" \/>\n<meta property=\"og:title\" content=\"Plesna predstava \u201eAssimilate\u201c \/ Tanz Platz - Kaleidoskop kulture\" \/>\n<meta property=\"og:description\" content=\"Peto izdanje me\u0111unarodnog festivala savremenog plesa\u00a0\u201eTanz Platz\u201c\u00a0o\u010dekuje nas\u00a0od 13. do 17. septembra\u00a0u obnovljenom prostoru\u00a0Fabrike u Kreativnom distriktu, u okviru nedelje izvo\u0111a\u010dke umetnosti Kaleidoskopa kulture. Festival \u0107e otvoriti plesna predstava \u201eAssimilate\u201c, u ponedeljak 13. septembra u 20 sati, koja \u0107e ovom...\" \/>\n<meta property=\"og:url\" content=\"https:\/\/kaleidoskopkulture.com\/sr\/dogadjaj\/plesna-predstava-assimilate-tanz-platz\/\" \/>\n<meta property=\"og:site_name\" content=\"Kaleidoskop kulture\" \/>\n<meta property=\"article:modified_time\" content=\"2021-09-09T08:55:43+00:00\" \/>\n<meta property=\"og:image\" content=\"https:\/\/kaleidoskopkulture.com\/wp-content\/uploads\/2021\/09\/Assimilate-free-to-use.jpg\" \/>\n\t<meta property=\"og:image:width\" content=\"2500\" \/>\n\t<meta property=\"og:image:height\" content=\"1599\" \/>\n\t<meta property=\"og:image:type\" content=\"image\/jpeg\" \/>\n<meta name=\"twitter:card\" content=\"summary_large_image\" \/>\n<meta name=\"twitter:label1\" content=\"Procenjeno vreme \u010ditanja\" \/>\n\t<meta name=\"twitter:data1\" content=\"1 minut\" \/>\n<script type=\"application\/ld+json\" class=\"yoast-schema-graph\">{\"@context\":\"https:\/\/schema.org\",\"@graph\":[{\"@type\":\"WebPage\",\"@id\":\"https:\/\/kaleidoskopkulture.com\/sr\/dogadjaj\/plesna-predstava-assimilate-tanz-platz\/\",\"url\":\"https:\/\/kaleidoskopkulture.com\/sr\/dogadjaj\/plesna-predstava-assimilate-tanz-platz\/\",\"name\":\"Plesna predstava \u201eAssimilate\u201c \/ Tanz Platz - Kaleidoskop kulture\",\"isPartOf\":{\"@id\":\"https:\/\/kaleidoskopkulture.com\/sr\/#website\"},\"primaryImageOfPage\":{\"@id\":\"https:\/\/kaleidoskopkulture.com\/sr\/dogadjaj\/plesna-predstava-assimilate-tanz-platz\/#primaryimage\"},\"image\":{\"@id\":\"https:\/\/kaleidoskopkulture.com\/sr\/dogadjaj\/plesna-predstava-assimilate-tanz-platz\/#primaryimage\"},\"thumbnailUrl\":\"https:\/\/kaleidoskopkulture.com\/wp-content\/uploads\/2021\/09\/Assimilate-free-to-use.jpg\",\"datePublished\":\"2021-09-08T08:09:45+00:00\",\"dateModified\":\"2021-09-09T08:55:43+00:00\",\"breadcrumb\":{\"@id\":\"https:\/\/kaleidoskopkulture.com\/sr\/dogadjaj\/plesna-predstava-assimilate-tanz-platz\/#breadcrumb\"},\"inLanguage\":\"sr-RS\",\"potentialAction\":[{\"@type\":\"ReadAction\",\"target\":[\"https:\/\/kaleidoskopkulture.com\/sr\/dogadjaj\/plesna-predstava-assimilate-tanz-platz\/\"]}]},{\"@type\":\"ImageObject\",\"inLanguage\":\"sr-RS\",\"@id\":\"https:\/\/kaleidoskopkulture.com\/sr\/dogadjaj\/plesna-predstava-assimilate-tanz-platz\/#primaryimage\",\"url\":\"https:\/\/kaleidoskopkulture.com\/wp-content\/uploads\/2021\/09\/Assimilate-free-to-use.jpg\",\"contentUrl\":\"https:\/\/kaleidoskopkulture.com\/wp-content\/uploads\/2021\/09\/Assimilate-free-to-use.jpg\",\"width\":2500,\"height\":1599},{\"@type\":\"BreadcrumbList\",\"@id\":\"https:\/\/kaleidoskopkulture.com\/sr\/dogadjaj\/plesna-predstava-assimilate-tanz-platz\/#breadcrumb\",\"itemListElement\":[{\"@type\":\"ListItem\",\"position\":1,\"name\":\"Home\",\"item\":\"https:\/\/kaleidoskopkulture.com\/sr\/\"},{\"@type\":\"ListItem\",\"position\":2,\"name\":\"Events\",\"item\":\"https:\/\/kaleidoskopkulture.com\/sr\/kalendar\/\"},{\"@type\":\"ListItem\",\"position\":3,\"name\":\"Plesna predstava \u201eAssimilate\u201c \/ Tanz Platz\"}]},{\"@type\":\"WebSite\",\"@id\":\"https:\/\/kaleidoskopkulture.com\/sr\/#website\",\"url\":\"https:\/\/kaleidoskopkulture.com\/sr\/\",\"name\":\"Kaleidoskop kulture\",\"description\":\"Novo lice kulture u Novom Sadu\",\"publisher\":{\"@id\":\"https:\/\/kaleidoskopkulture.com\/sr\/#organization\"},\"potentialAction\":[{\"@type\":\"SearchAction\",\"target\":{\"@type\":\"EntryPoint\",\"urlTemplate\":\"https:\/\/kaleidoskopkulture.com\/sr\/?s={search_term_string}\"},\"query-input\":\"required name=search_term_string\"}],\"inLanguage\":\"sr-RS\"},{\"@type\":\"Organization\",\"@id\":\"https:\/\/kaleidoskopkulture.com\/sr\/#organization\",\"name\":\"Kaleidoskop kulture\",\"url\":\"https:\/\/kaleidoskopkulture.com\/sr\/\",\"logo\":{\"@type\":\"ImageObject\",\"inLanguage\":\"sr-RS\",\"@id\":\"https:\/\/kaleidoskopkulture.com\/sr\/#\/schema\/logo\/image\/\",\"url\":\"https:\/\/kaleidoskopkulture.com\/wp-content\/uploads\/2022\/08\/cropped-kk-logo-1-1.png\",\"contentUrl\":\"https:\/\/kaleidoskopkulture.com\/wp-content\/uploads\/2022\/08\/cropped-kk-logo-1-1.png\",\"width\":260,\"height\":90,\"caption\":\"Kaleidoskop kulture\"},\"image\":{\"@id\":\"https:\/\/kaleidoskopkulture.com\/sr\/#\/schema\/logo\/image\/\"}}]}<\/script>\n<!-- \/ Yoast SEO plugin. -->","yoast_head_json":{"title":"Plesna predstava \u201eAssimilate\u201c \/ Tanz Platz - Kaleidoskop kulture","robots":{"index":"index","follow":"follow","max-snippet":"max-snippet:-1","max-image-preview":"max-image-preview:large","max-video-preview":"max-video-preview:-1"},"canonical":"https:\/\/kaleidoskopkulture.com\/sr\/dogadjaj\/plesna-predstava-assimilate-tanz-platz\/","og_locale":"sr_RS","og_type":"article","og_title":"Plesna predstava \u201eAssimilate\u201c \/ Tanz Platz - Kaleidoskop kulture","og_description":"Peto izdanje me\u0111unarodnog festivala savremenog plesa\u00a0\u201eTanz Platz\u201c\u00a0o\u010dekuje nas\u00a0od 13. do 17. septembra\u00a0u obnovljenom prostoru\u00a0Fabrike u Kreativnom distriktu, u okviru nedelje izvo\u0111a\u010dke umetnosti Kaleidoskopa kulture. Festival \u0107e otvoriti plesna predstava \u201eAssimilate\u201c, u ponedeljak 13. septembra u 20 sati, koja \u0107e ovom...","og_url":"https:\/\/kaleidoskopkulture.com\/sr\/dogadjaj\/plesna-predstava-assimilate-tanz-platz\/","og_site_name":"Kaleidoskop kulture","article_modified_time":"2021-09-09T08:55:43+00:00","og_image":[{"width":2500,"height":1599,"url":"https:\/\/kaleidoskopkulture.com\/wp-content\/uploads\/2021\/09\/Assimilate-free-to-use.jpg","type":"image\/jpeg"}],"twitter_card":"summary_large_image","twitter_misc":{"Procenjeno vreme \u010ditanja":"1 minut"},"schema":{"@context":"https:\/\/schema.org","@graph":[{"@type":"WebPage","@id":"https:\/\/kaleidoskopkulture.com\/sr\/dogadjaj\/plesna-predstava-assimilate-tanz-platz\/","url":"https:\/\/kaleidoskopkulture.com\/sr\/dogadjaj\/plesna-predstava-assimilate-tanz-platz\/","name":"Plesna predstava \u201eAssimilate\u201c \/ Tanz Platz - Kaleidoskop kulture","isPartOf":{"@id":"https:\/\/kaleidoskopkulture.com\/sr\/#website"},"primaryImageOfPage":{"@id":"https:\/\/kaleidoskopkulture.com\/sr\/dogadjaj\/plesna-predstava-assimilate-tanz-platz\/#primaryimage"},"image":{"@id":"https:\/\/kaleidoskopkulture.com\/sr\/dogadjaj\/plesna-predstava-assimilate-tanz-platz\/#primaryimage"},"thumbnailUrl":"https:\/\/kaleidoskopkulture.com\/wp-content\/uploads\/2021\/09\/Assimilate-free-to-use.jpg","datePublished":"2021-09-08T08:09:45+00:00","dateModified":"2021-09-09T08:55:43+00:00","breadcrumb":{"@id":"https:\/\/kaleidoskopkulture.com\/sr\/dogadjaj\/plesna-predstava-assimilate-tanz-platz\/#breadcrumb"},"inLanguage":"sr-RS","potentialAction":[{"@type":"ReadAction","target":["https:\/\/kaleidoskopkulture.com\/sr\/dogadjaj\/plesna-predstava-assimilate-tanz-platz\/"]}]},{"@type":"ImageObject","inLanguage":"sr-RS","@id":"https:\/\/kaleidoskopkulture.com\/sr\/dogadjaj\/plesna-predstava-assimilate-tanz-platz\/#primaryimage","url":"https:\/\/kaleidoskopkulture.com\/wp-content\/uploads\/2021\/09\/Assimilate-free-to-use.jpg","contentUrl":"https:\/\/kaleidoskopkulture.com\/wp-content\/uploads\/2021\/09\/Assimilate-free-to-use.jpg","width":2500,"height":1599},{"@type":"BreadcrumbList","@id":"https:\/\/kaleidoskopkulture.com\/sr\/dogadjaj\/plesna-predstava-assimilate-tanz-platz\/#breadcrumb","itemListElement":[{"@type":"ListItem","position":1,"name":"Home","item":"https:\/\/kaleidoskopkulture.com\/sr\/"},{"@type":"ListItem","position":2,"name":"Events","item":"https:\/\/kaleidoskopkulture.com\/sr\/kalendar\/"},{"@type":"ListItem","position":3,"name":"Plesna predstava \u201eAssimilate\u201c \/ Tanz Platz"}]},{"@type":"WebSite","@id":"https:\/\/kaleidoskopkulture.com\/sr\/#website","url":"https:\/\/kaleidoskopkulture.com\/sr\/","name":"Kaleidoskop kulture","description":"Novo lice kulture u Novom Sadu","publisher":{"@id":"https:\/\/kaleidoskopkulture.com\/sr\/#organization"},"potentialAction":[{"@type":"SearchAction","target":{"@type":"EntryPoint","urlTemplate":"https:\/\/kaleidoskopkulture.com\/sr\/?s={search_term_string}"},"query-input":"required name=search_term_string"}],"inLanguage":"sr-RS"},{"@type":"Organization","@id":"https:\/\/kaleidoskopkulture.com\/sr\/#organization","name":"Kaleidoskop kulture","url":"https:\/\/kaleidoskopkulture.com\/sr\/","logo":{"@type":"ImageObject","inLanguage":"sr-RS","@id":"https:\/\/kaleidoskopkulture.com\/sr\/#\/schema\/logo\/image\/","url":"https:\/\/kaleidoskopkulture.com\/wp-content\/uploads\/2022\/08\/cropped-kk-logo-1-1.png","contentUrl":"https:\/\/kaleidoskopkulture.com\/wp-content\/uploads\/2022\/08\/cropped-kk-logo-1-1.png","width":260,"height":90,"caption":"Kaleidoskop kulture"},"image":{"@id":"https:\/\/kaleidoskopkulture.com\/sr\/#\/schema\/logo\/image\/"}}]}},"_links":{"self":[{"href":"https:\/\/kaleidoskopkulture.com\/sr\/wp-json\/wp\/v2\/tribe_events\/4941","targetHints":{"allow":["GET"]}}],"collection":[{"href":"https:\/\/kaleidoskopkulture.com\/sr\/wp-json\/wp\/v2\/tribe_events"}],"about":[{"href":"https:\/\/kaleidoskopkulture.com\/sr\/wp-json\/wp\/v2\/types\/tribe_events"}],"author":[{"embeddable":true,"href":"https:\/\/kaleidoskopkulture.com\/sr\/wp-json\/wp\/v2\/users\/7"}],"version-history":[{"count":2,"href":"https:\/\/kaleidoskopkulture.com\/sr\/wp-json\/wp\/v2\/tribe_events\/4941\/revisions"}],"predecessor-version":[{"id":5007,"href":"https:\/\/kaleidoskopkulture.com\/sr\/wp-json\/wp\/v2\/tribe_events\/4941\/revisions\/5007"}],"wp:featuredmedia":[{"embeddable":true,"href":"https:\/\/kaleidoskopkulture.com\/sr\/wp-json\/wp\/v2\/media\/4995"}],"wp:attachment":[{"href":"https:\/\/kaleidoskopkulture.com\/sr\/wp-json\/wp\/v2\/media?parent=4941"}],"wp:term":[{"taxonomy":"post_tag","embeddable":true,"href":"https:\/\/kaleidoskopkulture.com\/sr\/wp-json\/wp\/v2\/tags?post=4941"},{"taxonomy":"tribe_events_cat","embeddable":true,"href":"https:\/\/kaleidoskopkulture.com\/sr\/wp-json\/wp\/v2\/tribe_events_cat?post=4941"}],"curies":[{"name":"wp","href":"https:\/\/api.w.org\/{rel}","templated":true}]}}