{"id":4849,"date":"2021-09-07T13:37:29","date_gmt":"2021-09-07T11:37:29","guid":{"rendered":"https:\/\/kaleidoskopkulture.com\/?post_type=tribe_events&#038;p=4849"},"modified":"2021-09-07T13:37:29","modified_gmt":"2021-09-07T11:37:29","slug":"novosadski-tango-kvintet-omaz-astoru-pjacoli","status":"publish","type":"tribe_events","link":"https:\/\/kaleidoskopkulture.com\/sr\/dogadjaj\/novosadski-tango-kvintet-omaz-astoru-pjacoli\/","title":{"rendered":"Novosadski tango kvintet \u2013 oma\u017e Astoru Pjacoli"},"content":{"rendered":"<p><a href=\"https:\/\/kaleidoskopkulture.com\/sr\/novosadski-tango-kvintet-omaz-astoru-pjacoli\/\" target=\"_blank\" rel=\"noopener noreferrer\">Oma\u017e Astoru Pjacoli\u00a0<\/a>u okviru nedelje izvo\u0111a\u010dke umetnosti Kaleidoskopa kulture izve\u0161\u0107e\u00a0Novosadski tango kvintet 13. septembra u 20 sati u\u00a0Kulturnoj stanici Svilara.<\/p>\n<p>Ove godine u celom svetu obele\u017eava se 100 godina od ro\u0111enja velikog argentinskog kompozitora. Upravo tim povodom, na inicijativu novosadske akordeonistkinje Dragane Kuzmanovi\u0107, osnovan je Novosadski tango kvintet. \u010clanovi ansamla su vrsni novosadski muzi\u010dari sa ogromnim nacionalnim i internacionalnim iskustvom na polju klasi\u010dne, d\u017eez i pop muzike: Vladimir \u0106ukovi\u0107 (violona), Vladimir Jakovljevi\u0107 (gitara), Fedor Ru\u0161kuc (kontrabas), David Klem (klavir) i Dragana Kuzmanovi\u0107 (harmonika).<\/p>\n<p><strong>Kompletan program i satnicu nedelje izvo\u0111a\u010dke umetnosti mo\u017eete pogledati\u00a0<a href=\"https:\/\/kaleidoskopkulture.com\/sr\/nedelja-izvodjacke-umetnosti-2021-program\/\" target=\"_blank\" rel=\"noopener noreferrer\">ovde<\/a>.<\/strong><\/p>\n","protected":false},"excerpt":{"rendered":"<p>Oma\u017e Astoru Pjacoli\u00a0u okviru nedelje izvo\u0111a\u010dke umetnosti Kaleidoskopa kulture izve\u0161\u0107e\u00a0Novosadski tango kvintet 13. septembra u 20 sati u\u00a0Kulturnoj stanici Svilara. Ove godine u celom svetu obele\u017eava se 100 godina od ro\u0111enja velikog argentinskog kompozitora. Upravo tim povodom, na inicijativu novosadske&#8230;<\/p>\n","protected":false},"author":7,"featured_media":4850,"template":"","meta":{"_tribe_events_status":"","_tribe_events_status_reason":"","footnotes":""},"tags":[],"tribe_events_cat":[383],"class_list":["post-4849","tribe_events","type-tribe_events","status-publish","has-post-thumbnail","hentry","tribe_events_cat-nastup","cat_nastup"],"yoast_head":"<!-- This site is optimized with the Yoast SEO plugin v22.4 - https:\/\/yoast.com\/wordpress\/plugins\/seo\/ -->\n<title>Novosadski tango kvintet \u2013 oma\u017e Astoru Pjacoli - Kaleidoskop kulture<\/title>\n<meta name=\"robots\" content=\"index, follow, max-snippet:-1, max-image-preview:large, max-video-preview:-1\" \/>\n<link rel=\"canonical\" href=\"https:\/\/kaleidoskopkulture.com\/sr\/dogadjaj\/novosadski-tango-kvintet-omaz-astoru-pjacoli\/\" \/>\n<meta property=\"og:locale\" content=\"sr_RS\" \/>\n<meta property=\"og:type\" content=\"article\" \/>\n<meta property=\"og:title\" content=\"Novosadski tango kvintet \u2013 oma\u017e Astoru Pjacoli - Kaleidoskop kulture\" \/>\n<meta property=\"og:description\" content=\"Oma\u017e Astoru Pjacoli\u00a0u okviru nedelje izvo\u0111a\u010dke umetnosti Kaleidoskopa kulture izve\u0161\u0107e\u00a0Novosadski tango kvintet 13. septembra u 20 sati u\u00a0Kulturnoj stanici Svilara. Ove godine u celom svetu obele\u017eava se 100 godina od ro\u0111enja velikog argentinskog kompozitora. Upravo tim povodom, na inicijativu novosadske...\" \/>\n<meta property=\"og:url\" content=\"https:\/\/kaleidoskopkulture.com\/sr\/dogadjaj\/novosadski-tango-kvintet-omaz-astoru-pjacoli\/\" \/>\n<meta property=\"og:site_name\" content=\"Kaleidoskop kulture\" \/>\n<meta property=\"og:image\" content=\"https:\/\/kaleidoskopkulture.com\/wp-content\/uploads\/2021\/09\/Novosadski-tango-kvintet-foto-scaled.jpg\" \/>\n\t<meta property=\"og:image:width\" content=\"2257\" \/>\n\t<meta property=\"og:image:height\" content=\"2560\" \/>\n\t<meta property=\"og:image:type\" content=\"image\/jpeg\" \/>\n<meta name=\"twitter:card\" content=\"summary_large_image\" \/>\n<meta name=\"twitter:label1\" content=\"Procenjeno vreme \u010ditanja\" \/>\n\t<meta name=\"twitter:data1\" content=\"1 minut\" \/>\n<script type=\"application\/ld+json\" class=\"yoast-schema-graph\">{\"@context\":\"https:\/\/schema.org\",\"@graph\":[{\"@type\":\"WebPage\",\"@id\":\"https:\/\/kaleidoskopkulture.com\/sr\/dogadjaj\/novosadski-tango-kvintet-omaz-astoru-pjacoli\/\",\"url\":\"https:\/\/kaleidoskopkulture.com\/sr\/dogadjaj\/novosadski-tango-kvintet-omaz-astoru-pjacoli\/\",\"name\":\"Novosadski tango kvintet \u2013 oma\u017e Astoru Pjacoli - Kaleidoskop kulture\",\"isPartOf\":{\"@id\":\"https:\/\/kaleidoskopkulture.com\/sr\/#website\"},\"primaryImageOfPage\":{\"@id\":\"https:\/\/kaleidoskopkulture.com\/sr\/dogadjaj\/novosadski-tango-kvintet-omaz-astoru-pjacoli\/#primaryimage\"},\"image\":{\"@id\":\"https:\/\/kaleidoskopkulture.com\/sr\/dogadjaj\/novosadski-tango-kvintet-omaz-astoru-pjacoli\/#primaryimage\"},\"thumbnailUrl\":\"https:\/\/kaleidoskopkulture.com\/wp-content\/uploads\/2021\/09\/Novosadski-tango-kvintet-foto-scaled.jpg\",\"datePublished\":\"2021-09-07T11:37:29+00:00\",\"dateModified\":\"2021-09-07T11:37:29+00:00\",\"breadcrumb\":{\"@id\":\"https:\/\/kaleidoskopkulture.com\/sr\/dogadjaj\/novosadski-tango-kvintet-omaz-astoru-pjacoli\/#breadcrumb\"},\"inLanguage\":\"sr-RS\",\"potentialAction\":[{\"@type\":\"ReadAction\",\"target\":[\"https:\/\/kaleidoskopkulture.com\/sr\/dogadjaj\/novosadski-tango-kvintet-omaz-astoru-pjacoli\/\"]}]},{\"@type\":\"ImageObject\",\"inLanguage\":\"sr-RS\",\"@id\":\"https:\/\/kaleidoskopkulture.com\/sr\/dogadjaj\/novosadski-tango-kvintet-omaz-astoru-pjacoli\/#primaryimage\",\"url\":\"https:\/\/kaleidoskopkulture.com\/wp-content\/uploads\/2021\/09\/Novosadski-tango-kvintet-foto-scaled.jpg\",\"contentUrl\":\"https:\/\/kaleidoskopkulture.com\/wp-content\/uploads\/2021\/09\/Novosadski-tango-kvintet-foto-scaled.jpg\",\"width\":2257,\"height\":2560},{\"@type\":\"BreadcrumbList\",\"@id\":\"https:\/\/kaleidoskopkulture.com\/sr\/dogadjaj\/novosadski-tango-kvintet-omaz-astoru-pjacoli\/#breadcrumb\",\"itemListElement\":[{\"@type\":\"ListItem\",\"position\":1,\"name\":\"Home\",\"item\":\"https:\/\/kaleidoskopkulture.com\/sr\/\"},{\"@type\":\"ListItem\",\"position\":2,\"name\":\"Events\",\"item\":\"https:\/\/kaleidoskopkulture.com\/sr\/kalendar\/\"},{\"@type\":\"ListItem\",\"position\":3,\"name\":\"Novosadski tango kvintet \u2013 oma\u017e Astoru Pjacoli\"}]},{\"@type\":\"WebSite\",\"@id\":\"https:\/\/kaleidoskopkulture.com\/sr\/#website\",\"url\":\"https:\/\/kaleidoskopkulture.com\/sr\/\",\"name\":\"Kaleidoskop kulture\",\"description\":\"Novo lice kulture u Novom Sadu\",\"publisher\":{\"@id\":\"https:\/\/kaleidoskopkulture.com\/sr\/#organization\"},\"potentialAction\":[{\"@type\":\"SearchAction\",\"target\":{\"@type\":\"EntryPoint\",\"urlTemplate\":\"https:\/\/kaleidoskopkulture.com\/sr\/?s={search_term_string}\"},\"query-input\":\"required name=search_term_string\"}],\"inLanguage\":\"sr-RS\"},{\"@type\":\"Organization\",\"@id\":\"https:\/\/kaleidoskopkulture.com\/sr\/#organization\",\"name\":\"Kaleidoskop kulture\",\"url\":\"https:\/\/kaleidoskopkulture.com\/sr\/\",\"logo\":{\"@type\":\"ImageObject\",\"inLanguage\":\"sr-RS\",\"@id\":\"https:\/\/kaleidoskopkulture.com\/sr\/#\/schema\/logo\/image\/\",\"url\":\"https:\/\/kaleidoskopkulture.com\/wp-content\/uploads\/2022\/08\/cropped-kk-logo-1-1.png\",\"contentUrl\":\"https:\/\/kaleidoskopkulture.com\/wp-content\/uploads\/2022\/08\/cropped-kk-logo-1-1.png\",\"width\":260,\"height\":90,\"caption\":\"Kaleidoskop kulture\"},\"image\":{\"@id\":\"https:\/\/kaleidoskopkulture.com\/sr\/#\/schema\/logo\/image\/\"}}]}<\/script>\n<!-- \/ Yoast SEO plugin. -->","yoast_head_json":{"title":"Novosadski tango kvintet \u2013 oma\u017e Astoru Pjacoli - Kaleidoskop kulture","robots":{"index":"index","follow":"follow","max-snippet":"max-snippet:-1","max-image-preview":"max-image-preview:large","max-video-preview":"max-video-preview:-1"},"canonical":"https:\/\/kaleidoskopkulture.com\/sr\/dogadjaj\/novosadski-tango-kvintet-omaz-astoru-pjacoli\/","og_locale":"sr_RS","og_type":"article","og_title":"Novosadski tango kvintet \u2013 oma\u017e Astoru Pjacoli - Kaleidoskop kulture","og_description":"Oma\u017e Astoru Pjacoli\u00a0u okviru nedelje izvo\u0111a\u010dke umetnosti Kaleidoskopa kulture izve\u0161\u0107e\u00a0Novosadski tango kvintet 13. septembra u 20 sati u\u00a0Kulturnoj stanici Svilara. Ove godine u celom svetu obele\u017eava se 100 godina od ro\u0111enja velikog argentinskog kompozitora. Upravo tim povodom, na inicijativu novosadske...","og_url":"https:\/\/kaleidoskopkulture.com\/sr\/dogadjaj\/novosadski-tango-kvintet-omaz-astoru-pjacoli\/","og_site_name":"Kaleidoskop kulture","og_image":[{"width":2257,"height":2560,"url":"https:\/\/kaleidoskopkulture.com\/wp-content\/uploads\/2021\/09\/Novosadski-tango-kvintet-foto-scaled.jpg","type":"image\/jpeg"}],"twitter_card":"summary_large_image","twitter_misc":{"Procenjeno vreme \u010ditanja":"1 minut"},"schema":{"@context":"https:\/\/schema.org","@graph":[{"@type":"WebPage","@id":"https:\/\/kaleidoskopkulture.com\/sr\/dogadjaj\/novosadski-tango-kvintet-omaz-astoru-pjacoli\/","url":"https:\/\/kaleidoskopkulture.com\/sr\/dogadjaj\/novosadski-tango-kvintet-omaz-astoru-pjacoli\/","name":"Novosadski tango kvintet \u2013 oma\u017e Astoru Pjacoli - Kaleidoskop kulture","isPartOf":{"@id":"https:\/\/kaleidoskopkulture.com\/sr\/#website"},"primaryImageOfPage":{"@id":"https:\/\/kaleidoskopkulture.com\/sr\/dogadjaj\/novosadski-tango-kvintet-omaz-astoru-pjacoli\/#primaryimage"},"image":{"@id":"https:\/\/kaleidoskopkulture.com\/sr\/dogadjaj\/novosadski-tango-kvintet-omaz-astoru-pjacoli\/#primaryimage"},"thumbnailUrl":"https:\/\/kaleidoskopkulture.com\/wp-content\/uploads\/2021\/09\/Novosadski-tango-kvintet-foto-scaled.jpg","datePublished":"2021-09-07T11:37:29+00:00","dateModified":"2021-09-07T11:37:29+00:00","breadcrumb":{"@id":"https:\/\/kaleidoskopkulture.com\/sr\/dogadjaj\/novosadski-tango-kvintet-omaz-astoru-pjacoli\/#breadcrumb"},"inLanguage":"sr-RS","potentialAction":[{"@type":"ReadAction","target":["https:\/\/kaleidoskopkulture.com\/sr\/dogadjaj\/novosadski-tango-kvintet-omaz-astoru-pjacoli\/"]}]},{"@type":"ImageObject","inLanguage":"sr-RS","@id":"https:\/\/kaleidoskopkulture.com\/sr\/dogadjaj\/novosadski-tango-kvintet-omaz-astoru-pjacoli\/#primaryimage","url":"https:\/\/kaleidoskopkulture.com\/wp-content\/uploads\/2021\/09\/Novosadski-tango-kvintet-foto-scaled.jpg","contentUrl":"https:\/\/kaleidoskopkulture.com\/wp-content\/uploads\/2021\/09\/Novosadski-tango-kvintet-foto-scaled.jpg","width":2257,"height":2560},{"@type":"BreadcrumbList","@id":"https:\/\/kaleidoskopkulture.com\/sr\/dogadjaj\/novosadski-tango-kvintet-omaz-astoru-pjacoli\/#breadcrumb","itemListElement":[{"@type":"ListItem","position":1,"name":"Home","item":"https:\/\/kaleidoskopkulture.com\/sr\/"},{"@type":"ListItem","position":2,"name":"Events","item":"https:\/\/kaleidoskopkulture.com\/sr\/kalendar\/"},{"@type":"ListItem","position":3,"name":"Novosadski tango kvintet \u2013 oma\u017e Astoru Pjacoli"}]},{"@type":"WebSite","@id":"https:\/\/kaleidoskopkulture.com\/sr\/#website","url":"https:\/\/kaleidoskopkulture.com\/sr\/","name":"Kaleidoskop kulture","description":"Novo lice kulture u Novom Sadu","publisher":{"@id":"https:\/\/kaleidoskopkulture.com\/sr\/#organization"},"potentialAction":[{"@type":"SearchAction","target":{"@type":"EntryPoint","urlTemplate":"https:\/\/kaleidoskopkulture.com\/sr\/?s={search_term_string}"},"query-input":"required name=search_term_string"}],"inLanguage":"sr-RS"},{"@type":"Organization","@id":"https:\/\/kaleidoskopkulture.com\/sr\/#organization","name":"Kaleidoskop kulture","url":"https:\/\/kaleidoskopkulture.com\/sr\/","logo":{"@type":"ImageObject","inLanguage":"sr-RS","@id":"https:\/\/kaleidoskopkulture.com\/sr\/#\/schema\/logo\/image\/","url":"https:\/\/kaleidoskopkulture.com\/wp-content\/uploads\/2022\/08\/cropped-kk-logo-1-1.png","contentUrl":"https:\/\/kaleidoskopkulture.com\/wp-content\/uploads\/2022\/08\/cropped-kk-logo-1-1.png","width":260,"height":90,"caption":"Kaleidoskop kulture"},"image":{"@id":"https:\/\/kaleidoskopkulture.com\/sr\/#\/schema\/logo\/image\/"}}]}},"_links":{"self":[{"href":"https:\/\/kaleidoskopkulture.com\/sr\/wp-json\/wp\/v2\/tribe_events\/4849","targetHints":{"allow":["GET"]}}],"collection":[{"href":"https:\/\/kaleidoskopkulture.com\/sr\/wp-json\/wp\/v2\/tribe_events"}],"about":[{"href":"https:\/\/kaleidoskopkulture.com\/sr\/wp-json\/wp\/v2\/types\/tribe_events"}],"author":[{"embeddable":true,"href":"https:\/\/kaleidoskopkulture.com\/sr\/wp-json\/wp\/v2\/users\/7"}],"version-history":[{"count":1,"href":"https:\/\/kaleidoskopkulture.com\/sr\/wp-json\/wp\/v2\/tribe_events\/4849\/revisions"}],"predecessor-version":[{"id":4852,"href":"https:\/\/kaleidoskopkulture.com\/sr\/wp-json\/wp\/v2\/tribe_events\/4849\/revisions\/4852"}],"wp:featuredmedia":[{"embeddable":true,"href":"https:\/\/kaleidoskopkulture.com\/sr\/wp-json\/wp\/v2\/media\/4850"}],"wp:attachment":[{"href":"https:\/\/kaleidoskopkulture.com\/sr\/wp-json\/wp\/v2\/media?parent=4849"}],"wp:term":[{"taxonomy":"post_tag","embeddable":true,"href":"https:\/\/kaleidoskopkulture.com\/sr\/wp-json\/wp\/v2\/tags?post=4849"},{"taxonomy":"tribe_events_cat","embeddable":true,"href":"https:\/\/kaleidoskopkulture.com\/sr\/wp-json\/wp\/v2\/tribe_events_cat?post=4849"}],"curies":[{"name":"wp","href":"https:\/\/api.w.org\/{rel}","templated":true}]}}