{"id":4006,"date":"2021-08-27T12:59:27","date_gmt":"2021-08-27T10:59:27","guid":{"rendered":"https:\/\/kaleidoskopkulture.com\/?post_type=tribe_events&#038;p=4006"},"modified":"2021-08-27T12:59:27","modified_gmt":"2021-08-27T10:59:27","slug":"predstava-golmanov-strah-od-penala","status":"publish","type":"tribe_events","link":"https:\/\/kaleidoskopkulture.com\/sr\/dogadjaj\/predstava-golmanov-strah-od-penala\/","title":{"rendered":"Predstava \u201eGolmanov strah od penala\u201d"},"content":{"rendered":"<p>Predstavu Srpskog narodnog pozori\u0161ta \u201eGolmanov strah od penala\u201d pogledajte 4. septembra od 20.30 sati na Teatarskoj bini u Kreativnom distriktu, u okviru 48. INFANT-a.<!--more--><\/p>\n<p>Predstava pokre\u0107e pitanje da li u \u017eivotu ima vremena za gre\u0161ku? Da li je ljudima uop\u0161te dozvoljeno da gre\u0161e? Glavni lik je golman koji preispituje \u010ditav svoj \u017eivot zbog potencijalne gre\u0161ke, koja ne\u0107e zna\u010diti samo kraj njegove fudbalske karijere, negio i velike promene i potrese u njegovom \u017eivotu. Pratimo njegovu potrebu za rado\u0161\u0107u i onim \u0161to nas gura napred i da ne odustajemo ni od sebe ni od drugih.<\/p>\n<p>Golmanov strah od penala mo\u0107no je, \u017eivopisno, ispovedni\u010dko ali istovremeno i satiri\u010dno delo. Istra\u017euje svest i se\u0107anja ljudi na kraju karijere, slede\u0107i njihove strahove, ljutnju i zadovoljstva.<\/p>\n<p>Kompletan program i satnicu \u010detvorodnevnog otvaranja mo\u017eete pogledati\u00a0<a href=\"https:\/\/kaleidoskopkulture.com\/sr\/otvaranje-2021-program\/\" target=\"_blank\" rel=\"noopener noreferrer\">ovde<\/a>.<\/p>\n","protected":false},"excerpt":{"rendered":"<p>Predstavu Srpskog narodnog pozori\u0161ta \u201eGolmanov strah od penala\u201d pogledajte 4. septembra od 20.30 sati na Teatarskoj bini u Kreativnom distriktu, u okviru 48. INFANT-a.<\/p>\n","protected":false},"author":7,"featured_media":4070,"template":"","meta":{"_tribe_events_status":"","_tribe_events_status_reason":"","footnotes":""},"tags":[],"tribe_events_cat":[389],"class_list":["post-4006","tribe_events","type-tribe_events","status-publish","has-post-thumbnail","hentry","tribe_events_cat-predstava","cat_predstava"],"yoast_head":"<!-- This site is optimized with the Yoast SEO plugin v22.4 - https:\/\/yoast.com\/wordpress\/plugins\/seo\/ -->\n<title>Predstava \u201eGolmanov strah od penala\u201d - Kaleidoskop kulture<\/title>\n<meta name=\"robots\" content=\"index, follow, max-snippet:-1, max-image-preview:large, max-video-preview:-1\" \/>\n<link rel=\"canonical\" href=\"https:\/\/kaleidoskopkulture.com\/sr\/dogadjaj\/predstava-golmanov-strah-od-penala\/\" \/>\n<meta property=\"og:locale\" content=\"sr_RS\" \/>\n<meta property=\"og:type\" content=\"article\" \/>\n<meta property=\"og:title\" content=\"Predstava \u201eGolmanov strah od penala\u201d - Kaleidoskop kulture\" \/>\n<meta property=\"og:description\" content=\"Predstavu Srpskog narodnog pozori\u0161ta \u201eGolmanov strah od penala\u201d pogledajte 4. septembra od 20.30 sati na Teatarskoj bini u Kreativnom distriktu, u okviru 48. INFANT-a.\" \/>\n<meta property=\"og:url\" content=\"https:\/\/kaleidoskopkulture.com\/sr\/dogadjaj\/predstava-golmanov-strah-od-penala\/\" \/>\n<meta property=\"og:site_name\" content=\"Kaleidoskop kulture\" \/>\n<meta property=\"og:image\" content=\"https:\/\/kaleidoskopkulture.com\/wp-content\/uploads\/2021\/08\/GOLMANOV-strah-od-penala-2.jpg\" \/>\n\t<meta property=\"og:image:width\" content=\"2000\" \/>\n\t<meta property=\"og:image:height\" content=\"1334\" \/>\n\t<meta property=\"og:image:type\" content=\"image\/jpeg\" \/>\n<meta name=\"twitter:card\" content=\"summary_large_image\" \/>\n<meta name=\"twitter:label1\" content=\"Procenjeno vreme \u010ditanja\" \/>\n\t<meta name=\"twitter:data1\" content=\"1 minut\" \/>\n<script type=\"application\/ld+json\" class=\"yoast-schema-graph\">{\"@context\":\"https:\/\/schema.org\",\"@graph\":[{\"@type\":\"WebPage\",\"@id\":\"https:\/\/kaleidoskopkulture.com\/sr\/dogadjaj\/predstava-golmanov-strah-od-penala\/\",\"url\":\"https:\/\/kaleidoskopkulture.com\/sr\/dogadjaj\/predstava-golmanov-strah-od-penala\/\",\"name\":\"Predstava \u201eGolmanov strah od penala\u201d - Kaleidoskop kulture\",\"isPartOf\":{\"@id\":\"https:\/\/kaleidoskopkulture.com\/sr\/#website\"},\"primaryImageOfPage\":{\"@id\":\"https:\/\/kaleidoskopkulture.com\/sr\/dogadjaj\/predstava-golmanov-strah-od-penala\/#primaryimage\"},\"image\":{\"@id\":\"https:\/\/kaleidoskopkulture.com\/sr\/dogadjaj\/predstava-golmanov-strah-od-penala\/#primaryimage\"},\"thumbnailUrl\":\"https:\/\/kaleidoskopkulture.com\/wp-content\/uploads\/2021\/08\/GOLMANOV-strah-od-penala-2.jpg\",\"datePublished\":\"2021-08-27T10:59:27+00:00\",\"dateModified\":\"2021-08-27T10:59:27+00:00\",\"breadcrumb\":{\"@id\":\"https:\/\/kaleidoskopkulture.com\/sr\/dogadjaj\/predstava-golmanov-strah-od-penala\/#breadcrumb\"},\"inLanguage\":\"sr-RS\",\"potentialAction\":[{\"@type\":\"ReadAction\",\"target\":[\"https:\/\/kaleidoskopkulture.com\/sr\/dogadjaj\/predstava-golmanov-strah-od-penala\/\"]}]},{\"@type\":\"ImageObject\",\"inLanguage\":\"sr-RS\",\"@id\":\"https:\/\/kaleidoskopkulture.com\/sr\/dogadjaj\/predstava-golmanov-strah-od-penala\/#primaryimage\",\"url\":\"https:\/\/kaleidoskopkulture.com\/wp-content\/uploads\/2021\/08\/GOLMANOV-strah-od-penala-2.jpg\",\"contentUrl\":\"https:\/\/kaleidoskopkulture.com\/wp-content\/uploads\/2021\/08\/GOLMANOV-strah-od-penala-2.jpg\",\"width\":2000,\"height\":1334,\"caption\":\"golmanov strah od penala\"},{\"@type\":\"BreadcrumbList\",\"@id\":\"https:\/\/kaleidoskopkulture.com\/sr\/dogadjaj\/predstava-golmanov-strah-od-penala\/#breadcrumb\",\"itemListElement\":[{\"@type\":\"ListItem\",\"position\":1,\"name\":\"Home\",\"item\":\"https:\/\/kaleidoskopkulture.com\/sr\/\"},{\"@type\":\"ListItem\",\"position\":2,\"name\":\"Events\",\"item\":\"https:\/\/kaleidoskopkulture.com\/sr\/kalendar\/\"},{\"@type\":\"ListItem\",\"position\":3,\"name\":\"Predstava \u201eGolmanov strah od penala\u201d\"}]},{\"@type\":\"WebSite\",\"@id\":\"https:\/\/kaleidoskopkulture.com\/sr\/#website\",\"url\":\"https:\/\/kaleidoskopkulture.com\/sr\/\",\"name\":\"Kaleidoskop kulture\",\"description\":\"Novo lice kulture u Novom Sadu\",\"publisher\":{\"@id\":\"https:\/\/kaleidoskopkulture.com\/sr\/#organization\"},\"potentialAction\":[{\"@type\":\"SearchAction\",\"target\":{\"@type\":\"EntryPoint\",\"urlTemplate\":\"https:\/\/kaleidoskopkulture.com\/sr\/?s={search_term_string}\"},\"query-input\":\"required name=search_term_string\"}],\"inLanguage\":\"sr-RS\"},{\"@type\":\"Organization\",\"@id\":\"https:\/\/kaleidoskopkulture.com\/sr\/#organization\",\"name\":\"Kaleidoskop kulture\",\"url\":\"https:\/\/kaleidoskopkulture.com\/sr\/\",\"logo\":{\"@type\":\"ImageObject\",\"inLanguage\":\"sr-RS\",\"@id\":\"https:\/\/kaleidoskopkulture.com\/sr\/#\/schema\/logo\/image\/\",\"url\":\"https:\/\/kaleidoskopkulture.com\/wp-content\/uploads\/2022\/08\/cropped-kk-logo-1-1.png\",\"contentUrl\":\"https:\/\/kaleidoskopkulture.com\/wp-content\/uploads\/2022\/08\/cropped-kk-logo-1-1.png\",\"width\":260,\"height\":90,\"caption\":\"Kaleidoskop kulture\"},\"image\":{\"@id\":\"https:\/\/kaleidoskopkulture.com\/sr\/#\/schema\/logo\/image\/\"}}]}<\/script>\n<!-- \/ Yoast SEO plugin. -->","yoast_head_json":{"title":"Predstava \u201eGolmanov strah od penala\u201d - Kaleidoskop kulture","robots":{"index":"index","follow":"follow","max-snippet":"max-snippet:-1","max-image-preview":"max-image-preview:large","max-video-preview":"max-video-preview:-1"},"canonical":"https:\/\/kaleidoskopkulture.com\/sr\/dogadjaj\/predstava-golmanov-strah-od-penala\/","og_locale":"sr_RS","og_type":"article","og_title":"Predstava \u201eGolmanov strah od penala\u201d - Kaleidoskop kulture","og_description":"Predstavu Srpskog narodnog pozori\u0161ta \u201eGolmanov strah od penala\u201d pogledajte 4. septembra od 20.30 sati na Teatarskoj bini u Kreativnom distriktu, u okviru 48. INFANT-a.","og_url":"https:\/\/kaleidoskopkulture.com\/sr\/dogadjaj\/predstava-golmanov-strah-od-penala\/","og_site_name":"Kaleidoskop kulture","og_image":[{"width":2000,"height":1334,"url":"https:\/\/kaleidoskopkulture.com\/wp-content\/uploads\/2021\/08\/GOLMANOV-strah-od-penala-2.jpg","type":"image\/jpeg"}],"twitter_card":"summary_large_image","twitter_misc":{"Procenjeno vreme \u010ditanja":"1 minut"},"schema":{"@context":"https:\/\/schema.org","@graph":[{"@type":"WebPage","@id":"https:\/\/kaleidoskopkulture.com\/sr\/dogadjaj\/predstava-golmanov-strah-od-penala\/","url":"https:\/\/kaleidoskopkulture.com\/sr\/dogadjaj\/predstava-golmanov-strah-od-penala\/","name":"Predstava \u201eGolmanov strah od penala\u201d - Kaleidoskop kulture","isPartOf":{"@id":"https:\/\/kaleidoskopkulture.com\/sr\/#website"},"primaryImageOfPage":{"@id":"https:\/\/kaleidoskopkulture.com\/sr\/dogadjaj\/predstava-golmanov-strah-od-penala\/#primaryimage"},"image":{"@id":"https:\/\/kaleidoskopkulture.com\/sr\/dogadjaj\/predstava-golmanov-strah-od-penala\/#primaryimage"},"thumbnailUrl":"https:\/\/kaleidoskopkulture.com\/wp-content\/uploads\/2021\/08\/GOLMANOV-strah-od-penala-2.jpg","datePublished":"2021-08-27T10:59:27+00:00","dateModified":"2021-08-27T10:59:27+00:00","breadcrumb":{"@id":"https:\/\/kaleidoskopkulture.com\/sr\/dogadjaj\/predstava-golmanov-strah-od-penala\/#breadcrumb"},"inLanguage":"sr-RS","potentialAction":[{"@type":"ReadAction","target":["https:\/\/kaleidoskopkulture.com\/sr\/dogadjaj\/predstava-golmanov-strah-od-penala\/"]}]},{"@type":"ImageObject","inLanguage":"sr-RS","@id":"https:\/\/kaleidoskopkulture.com\/sr\/dogadjaj\/predstava-golmanov-strah-od-penala\/#primaryimage","url":"https:\/\/kaleidoskopkulture.com\/wp-content\/uploads\/2021\/08\/GOLMANOV-strah-od-penala-2.jpg","contentUrl":"https:\/\/kaleidoskopkulture.com\/wp-content\/uploads\/2021\/08\/GOLMANOV-strah-od-penala-2.jpg","width":2000,"height":1334,"caption":"golmanov strah od penala"},{"@type":"BreadcrumbList","@id":"https:\/\/kaleidoskopkulture.com\/sr\/dogadjaj\/predstava-golmanov-strah-od-penala\/#breadcrumb","itemListElement":[{"@type":"ListItem","position":1,"name":"Home","item":"https:\/\/kaleidoskopkulture.com\/sr\/"},{"@type":"ListItem","position":2,"name":"Events","item":"https:\/\/kaleidoskopkulture.com\/sr\/kalendar\/"},{"@type":"ListItem","position":3,"name":"Predstava \u201eGolmanov strah od penala\u201d"}]},{"@type":"WebSite","@id":"https:\/\/kaleidoskopkulture.com\/sr\/#website","url":"https:\/\/kaleidoskopkulture.com\/sr\/","name":"Kaleidoskop kulture","description":"Novo lice kulture u Novom Sadu","publisher":{"@id":"https:\/\/kaleidoskopkulture.com\/sr\/#organization"},"potentialAction":[{"@type":"SearchAction","target":{"@type":"EntryPoint","urlTemplate":"https:\/\/kaleidoskopkulture.com\/sr\/?s={search_term_string}"},"query-input":"required name=search_term_string"}],"inLanguage":"sr-RS"},{"@type":"Organization","@id":"https:\/\/kaleidoskopkulture.com\/sr\/#organization","name":"Kaleidoskop kulture","url":"https:\/\/kaleidoskopkulture.com\/sr\/","logo":{"@type":"ImageObject","inLanguage":"sr-RS","@id":"https:\/\/kaleidoskopkulture.com\/sr\/#\/schema\/logo\/image\/","url":"https:\/\/kaleidoskopkulture.com\/wp-content\/uploads\/2022\/08\/cropped-kk-logo-1-1.png","contentUrl":"https:\/\/kaleidoskopkulture.com\/wp-content\/uploads\/2022\/08\/cropped-kk-logo-1-1.png","width":260,"height":90,"caption":"Kaleidoskop kulture"},"image":{"@id":"https:\/\/kaleidoskopkulture.com\/sr\/#\/schema\/logo\/image\/"}}]}},"_links":{"self":[{"href":"https:\/\/kaleidoskopkulture.com\/sr\/wp-json\/wp\/v2\/tribe_events\/4006","targetHints":{"allow":["GET"]}}],"collection":[{"href":"https:\/\/kaleidoskopkulture.com\/sr\/wp-json\/wp\/v2\/tribe_events"}],"about":[{"href":"https:\/\/kaleidoskopkulture.com\/sr\/wp-json\/wp\/v2\/types\/tribe_events"}],"author":[{"embeddable":true,"href":"https:\/\/kaleidoskopkulture.com\/sr\/wp-json\/wp\/v2\/users\/7"}],"version-history":[{"count":1,"href":"https:\/\/kaleidoskopkulture.com\/sr\/wp-json\/wp\/v2\/tribe_events\/4006\/revisions"}],"predecessor-version":[{"id":4072,"href":"https:\/\/kaleidoskopkulture.com\/sr\/wp-json\/wp\/v2\/tribe_events\/4006\/revisions\/4072"}],"wp:featuredmedia":[{"embeddable":true,"href":"https:\/\/kaleidoskopkulture.com\/sr\/wp-json\/wp\/v2\/media\/4070"}],"wp:attachment":[{"href":"https:\/\/kaleidoskopkulture.com\/sr\/wp-json\/wp\/v2\/media?parent=4006"}],"wp:term":[{"taxonomy":"post_tag","embeddable":true,"href":"https:\/\/kaleidoskopkulture.com\/sr\/wp-json\/wp\/v2\/tags?post=4006"},{"taxonomy":"tribe_events_cat","embeddable":true,"href":"https:\/\/kaleidoskopkulture.com\/sr\/wp-json\/wp\/v2\/tribe_events_cat?post=4006"}],"curies":[{"name":"wp","href":"https:\/\/api.w.org\/{rel}","templated":true}]}}