{"id":1431,"date":"2020-09-03T14:11:46","date_gmt":"2020-09-03T12:11:46","guid":{"rendered":"https:\/\/kaleidoskopkulture.com\/?post_type=tribe_events&#038;p=1431"},"modified":"2020-09-17T15:39:10","modified_gmt":"2020-09-17T13:39:10","slug":"izlozba-otvoreni-atelje","status":"publish","type":"tribe_events","link":"https:\/\/kaleidoskopkulture.com\/sr\/dogadjaj\/izlozba-otvoreni-atelje\/","title":{"rendered":"Izlo\u017eba Tadije Jani\u010di\u0107a, Petra Mirkovi\u0107a i Borisa Luki\u0107a \u201eOtvoreni atelje\u201c"},"content":{"rendered":"<p><strong>Izlo\u017eba \u201eOtvoreni atelje\u201c<\/strong>\u00a0predstavi\u0107e radove umetnika\u00a0<strong>Tadije Jani\u010di\u0107a<\/strong>\u00a0i\u00a0<strong>Petra Mirkovi\u0107a<\/strong>, stvaraoce sa razli\u010ditim stilovima i pristupima savremenim umetni\u010dkim tendencijama. Izlo\u017ebi njihovih radova, kao i ambijenta i atmosfere u kojima su ta dela nastala se, pridru\u017euje gostuju\u0107i slikar\u00a0<strong>Boris Luki\u0107.<\/strong><\/p>\n<p>Publika \u0107e imati priliku da se upozna sa radovima umetnika koji variraju od brzih, koloritno vibrantnih karikatura Tadije Janji\u010di\u0107a, preko tamnih i sivih urbanih kadrova Petra Mirkovi\u0107a do hiperrealizma Borisa Luki\u0107a.<\/p>\n<p>Njihov atelje odi\u0161e istorijom Velikog Limana, prostor oplemenjen \u0161arolikim elementima iz same\u00a0sredine, poklonjenim radovima drugih umetnika, kao i uvid u njihove privatne i u jednu ruku intimne\u00a0\u017eelje, ideje, hobije i procese stvarala\u0161tva.<\/p>\n","protected":false},"excerpt":{"rendered":"<p>Izlo\u017eba \u201eOtvoreni atelje\u201c\u00a0predstavi\u0107e radove umetnika\u00a0Tadije Jani\u010di\u0107a\u00a0i\u00a0Petra Mirkovi\u0107a, stvaraoce sa razli\u010ditim stilovima i pristupima savremenim umetni\u010dkim tendencijama. Izlo\u017ebi njihovih radova, kao i ambijenta i atmosfere u kojima su ta dela nastala se, pridru\u017euje gostuju\u0107i slikar\u00a0Boris Luki\u0107. Publika \u0107e imati priliku da&#8230;<\/p>\n","protected":false},"author":7,"featured_media":1460,"template":"","meta":{"_tribe_events_status":"","_tribe_events_status_reason":"","footnotes":""},"tags":[],"tribe_events_cat":[],"class_list":["post-1431","tribe_events","type-tribe_events","status-publish","has-post-thumbnail","hentry"],"yoast_head":"<!-- This site is optimized with the Yoast SEO plugin v22.4 - https:\/\/yoast.com\/wordpress\/plugins\/seo\/ -->\n<title>Izlo\u017eba Tadije Jani\u010di\u0107a, Petra Mirkovi\u0107a i Borisa Luki\u0107a \u201eOtvoreni atelje\u201c - Kaleidoskop kulture<\/title>\n<meta name=\"robots\" content=\"index, follow, max-snippet:-1, max-image-preview:large, max-video-preview:-1\" \/>\n<link rel=\"canonical\" href=\"https:\/\/kaleidoskopkulture.com\/sr\/dogadjaj\/izlozba-otvoreni-atelje\/\" \/>\n<meta property=\"og:locale\" content=\"sr_RS\" \/>\n<meta property=\"og:type\" content=\"article\" \/>\n<meta property=\"og:title\" content=\"Izlo\u017eba Tadije Jani\u010di\u0107a, Petra Mirkovi\u0107a i Borisa Luki\u0107a \u201eOtvoreni atelje\u201c - Kaleidoskop kulture\" \/>\n<meta property=\"og:description\" content=\"Izlo\u017eba \u201eOtvoreni atelje\u201c\u00a0predstavi\u0107e radove umetnika\u00a0Tadije Jani\u010di\u0107a\u00a0i\u00a0Petra Mirkovi\u0107a, stvaraoce sa razli\u010ditim stilovima i pristupima savremenim umetni\u010dkim tendencijama. Izlo\u017ebi njihovih radova, kao i ambijenta i atmosfere u kojima su ta dela nastala se, pridru\u017euje gostuju\u0107i slikar\u00a0Boris Luki\u0107. Publika \u0107e imati priliku da...\" \/>\n<meta property=\"og:url\" content=\"https:\/\/kaleidoskopkulture.com\/sr\/dogadjaj\/izlozba-otvoreni-atelje\/\" \/>\n<meta property=\"og:site_name\" content=\"Kaleidoskop kulture\" \/>\n<meta property=\"article:modified_time\" content=\"2020-09-17T13:39:10+00:00\" \/>\n<meta property=\"og:image\" content=\"https:\/\/kaleidoskopkulture.com\/wp-content\/uploads\/2020\/09\/Otvoreni-Atelje_vizual-1.png\" \/>\n\t<meta property=\"og:image:width\" content=\"1617\" \/>\n\t<meta property=\"og:image:height\" content=\"1080\" \/>\n\t<meta property=\"og:image:type\" content=\"image\/png\" \/>\n<meta name=\"twitter:card\" content=\"summary_large_image\" \/>\n<meta name=\"twitter:label1\" content=\"Procenjeno vreme \u010ditanja\" \/>\n\t<meta name=\"twitter:data1\" content=\"1 minut\" \/>\n<script type=\"application\/ld+json\" class=\"yoast-schema-graph\">{\"@context\":\"https:\/\/schema.org\",\"@graph\":[{\"@type\":\"WebPage\",\"@id\":\"https:\/\/kaleidoskopkulture.com\/sr\/dogadjaj\/izlozba-otvoreni-atelje\/\",\"url\":\"https:\/\/kaleidoskopkulture.com\/sr\/dogadjaj\/izlozba-otvoreni-atelje\/\",\"name\":\"Izlo\u017eba Tadije Jani\u010di\u0107a, Petra Mirkovi\u0107a i Borisa Luki\u0107a \u201eOtvoreni atelje\u201c - Kaleidoskop kulture\",\"isPartOf\":{\"@id\":\"https:\/\/kaleidoskopkulture.com\/sr\/#website\"},\"primaryImageOfPage\":{\"@id\":\"https:\/\/kaleidoskopkulture.com\/sr\/dogadjaj\/izlozba-otvoreni-atelje\/#primaryimage\"},\"image\":{\"@id\":\"https:\/\/kaleidoskopkulture.com\/sr\/dogadjaj\/izlozba-otvoreni-atelje\/#primaryimage\"},\"thumbnailUrl\":\"https:\/\/kaleidoskopkulture.com\/wp-content\/uploads\/2020\/09\/Otvoreni-Atelje_vizual-1.png\",\"datePublished\":\"2020-09-03T12:11:46+00:00\",\"dateModified\":\"2020-09-17T13:39:10+00:00\",\"breadcrumb\":{\"@id\":\"https:\/\/kaleidoskopkulture.com\/sr\/dogadjaj\/izlozba-otvoreni-atelje\/#breadcrumb\"},\"inLanguage\":\"sr-RS\",\"potentialAction\":[{\"@type\":\"ReadAction\",\"target\":[\"https:\/\/kaleidoskopkulture.com\/sr\/dogadjaj\/izlozba-otvoreni-atelje\/\"]}]},{\"@type\":\"ImageObject\",\"inLanguage\":\"sr-RS\",\"@id\":\"https:\/\/kaleidoskopkulture.com\/sr\/dogadjaj\/izlozba-otvoreni-atelje\/#primaryimage\",\"url\":\"https:\/\/kaleidoskopkulture.com\/wp-content\/uploads\/2020\/09\/Otvoreni-Atelje_vizual-1.png\",\"contentUrl\":\"https:\/\/kaleidoskopkulture.com\/wp-content\/uploads\/2020\/09\/Otvoreni-Atelje_vizual-1.png\",\"width\":1617,\"height\":1080,\"caption\":\"otvoreni atelje\"},{\"@type\":\"BreadcrumbList\",\"@id\":\"https:\/\/kaleidoskopkulture.com\/sr\/dogadjaj\/izlozba-otvoreni-atelje\/#breadcrumb\",\"itemListElement\":[{\"@type\":\"ListItem\",\"position\":1,\"name\":\"Home\",\"item\":\"https:\/\/kaleidoskopkulture.com\/sr\/\"},{\"@type\":\"ListItem\",\"position\":2,\"name\":\"Events\",\"item\":\"https:\/\/kaleidoskopkulture.com\/sr\/kalendar\/\"},{\"@type\":\"ListItem\",\"position\":3,\"name\":\"Izlo\u017eba Tadije Jani\u010di\u0107a, Petra Mirkovi\u0107a i Borisa Luki\u0107a \u201eOtvoreni atelje\u201c\"}]},{\"@type\":\"WebSite\",\"@id\":\"https:\/\/kaleidoskopkulture.com\/sr\/#website\",\"url\":\"https:\/\/kaleidoskopkulture.com\/sr\/\",\"name\":\"Kaleidoskop kulture\",\"description\":\"Novo lice kulture u Novom Sadu\",\"publisher\":{\"@id\":\"https:\/\/kaleidoskopkulture.com\/sr\/#organization\"},\"potentialAction\":[{\"@type\":\"SearchAction\",\"target\":{\"@type\":\"EntryPoint\",\"urlTemplate\":\"https:\/\/kaleidoskopkulture.com\/sr\/?s={search_term_string}\"},\"query-input\":\"required name=search_term_string\"}],\"inLanguage\":\"sr-RS\"},{\"@type\":\"Organization\",\"@id\":\"https:\/\/kaleidoskopkulture.com\/sr\/#organization\",\"name\":\"Kaleidoskop kulture\",\"url\":\"https:\/\/kaleidoskopkulture.com\/sr\/\",\"logo\":{\"@type\":\"ImageObject\",\"inLanguage\":\"sr-RS\",\"@id\":\"https:\/\/kaleidoskopkulture.com\/sr\/#\/schema\/logo\/image\/\",\"url\":\"https:\/\/kaleidoskopkulture.com\/wp-content\/uploads\/2022\/08\/cropped-kk-logo-1-1.png\",\"contentUrl\":\"https:\/\/kaleidoskopkulture.com\/wp-content\/uploads\/2022\/08\/cropped-kk-logo-1-1.png\",\"width\":260,\"height\":90,\"caption\":\"Kaleidoskop kulture\"},\"image\":{\"@id\":\"https:\/\/kaleidoskopkulture.com\/sr\/#\/schema\/logo\/image\/\"}}]}<\/script>\n<!-- \/ Yoast SEO plugin. -->","yoast_head_json":{"title":"Izlo\u017eba Tadije Jani\u010di\u0107a, Petra Mirkovi\u0107a i Borisa Luki\u0107a \u201eOtvoreni atelje\u201c - Kaleidoskop kulture","robots":{"index":"index","follow":"follow","max-snippet":"max-snippet:-1","max-image-preview":"max-image-preview:large","max-video-preview":"max-video-preview:-1"},"canonical":"https:\/\/kaleidoskopkulture.com\/sr\/dogadjaj\/izlozba-otvoreni-atelje\/","og_locale":"sr_RS","og_type":"article","og_title":"Izlo\u017eba Tadije Jani\u010di\u0107a, Petra Mirkovi\u0107a i Borisa Luki\u0107a \u201eOtvoreni atelje\u201c - Kaleidoskop kulture","og_description":"Izlo\u017eba \u201eOtvoreni atelje\u201c\u00a0predstavi\u0107e radove umetnika\u00a0Tadije Jani\u010di\u0107a\u00a0i\u00a0Petra Mirkovi\u0107a, stvaraoce sa razli\u010ditim stilovima i pristupima savremenim umetni\u010dkim tendencijama. Izlo\u017ebi njihovih radova, kao i ambijenta i atmosfere u kojima su ta dela nastala se, pridru\u017euje gostuju\u0107i slikar\u00a0Boris Luki\u0107. Publika \u0107e imati priliku da...","og_url":"https:\/\/kaleidoskopkulture.com\/sr\/dogadjaj\/izlozba-otvoreni-atelje\/","og_site_name":"Kaleidoskop kulture","article_modified_time":"2020-09-17T13:39:10+00:00","og_image":[{"width":1617,"height":1080,"url":"https:\/\/kaleidoskopkulture.com\/wp-content\/uploads\/2020\/09\/Otvoreni-Atelje_vizual-1.png","type":"image\/png"}],"twitter_card":"summary_large_image","twitter_misc":{"Procenjeno vreme \u010ditanja":"1 minut"},"schema":{"@context":"https:\/\/schema.org","@graph":[{"@type":"WebPage","@id":"https:\/\/kaleidoskopkulture.com\/sr\/dogadjaj\/izlozba-otvoreni-atelje\/","url":"https:\/\/kaleidoskopkulture.com\/sr\/dogadjaj\/izlozba-otvoreni-atelje\/","name":"Izlo\u017eba Tadije Jani\u010di\u0107a, Petra Mirkovi\u0107a i Borisa Luki\u0107a \u201eOtvoreni atelje\u201c - Kaleidoskop kulture","isPartOf":{"@id":"https:\/\/kaleidoskopkulture.com\/sr\/#website"},"primaryImageOfPage":{"@id":"https:\/\/kaleidoskopkulture.com\/sr\/dogadjaj\/izlozba-otvoreni-atelje\/#primaryimage"},"image":{"@id":"https:\/\/kaleidoskopkulture.com\/sr\/dogadjaj\/izlozba-otvoreni-atelje\/#primaryimage"},"thumbnailUrl":"https:\/\/kaleidoskopkulture.com\/wp-content\/uploads\/2020\/09\/Otvoreni-Atelje_vizual-1.png","datePublished":"2020-09-03T12:11:46+00:00","dateModified":"2020-09-17T13:39:10+00:00","breadcrumb":{"@id":"https:\/\/kaleidoskopkulture.com\/sr\/dogadjaj\/izlozba-otvoreni-atelje\/#breadcrumb"},"inLanguage":"sr-RS","potentialAction":[{"@type":"ReadAction","target":["https:\/\/kaleidoskopkulture.com\/sr\/dogadjaj\/izlozba-otvoreni-atelje\/"]}]},{"@type":"ImageObject","inLanguage":"sr-RS","@id":"https:\/\/kaleidoskopkulture.com\/sr\/dogadjaj\/izlozba-otvoreni-atelje\/#primaryimage","url":"https:\/\/kaleidoskopkulture.com\/wp-content\/uploads\/2020\/09\/Otvoreni-Atelje_vizual-1.png","contentUrl":"https:\/\/kaleidoskopkulture.com\/wp-content\/uploads\/2020\/09\/Otvoreni-Atelje_vizual-1.png","width":1617,"height":1080,"caption":"otvoreni atelje"},{"@type":"BreadcrumbList","@id":"https:\/\/kaleidoskopkulture.com\/sr\/dogadjaj\/izlozba-otvoreni-atelje\/#breadcrumb","itemListElement":[{"@type":"ListItem","position":1,"name":"Home","item":"https:\/\/kaleidoskopkulture.com\/sr\/"},{"@type":"ListItem","position":2,"name":"Events","item":"https:\/\/kaleidoskopkulture.com\/sr\/kalendar\/"},{"@type":"ListItem","position":3,"name":"Izlo\u017eba Tadije Jani\u010di\u0107a, Petra Mirkovi\u0107a i Borisa Luki\u0107a \u201eOtvoreni atelje\u201c"}]},{"@type":"WebSite","@id":"https:\/\/kaleidoskopkulture.com\/sr\/#website","url":"https:\/\/kaleidoskopkulture.com\/sr\/","name":"Kaleidoskop kulture","description":"Novo lice kulture u Novom Sadu","publisher":{"@id":"https:\/\/kaleidoskopkulture.com\/sr\/#organization"},"potentialAction":[{"@type":"SearchAction","target":{"@type":"EntryPoint","urlTemplate":"https:\/\/kaleidoskopkulture.com\/sr\/?s={search_term_string}"},"query-input":"required name=search_term_string"}],"inLanguage":"sr-RS"},{"@type":"Organization","@id":"https:\/\/kaleidoskopkulture.com\/sr\/#organization","name":"Kaleidoskop kulture","url":"https:\/\/kaleidoskopkulture.com\/sr\/","logo":{"@type":"ImageObject","inLanguage":"sr-RS","@id":"https:\/\/kaleidoskopkulture.com\/sr\/#\/schema\/logo\/image\/","url":"https:\/\/kaleidoskopkulture.com\/wp-content\/uploads\/2022\/08\/cropped-kk-logo-1-1.png","contentUrl":"https:\/\/kaleidoskopkulture.com\/wp-content\/uploads\/2022\/08\/cropped-kk-logo-1-1.png","width":260,"height":90,"caption":"Kaleidoskop kulture"},"image":{"@id":"https:\/\/kaleidoskopkulture.com\/sr\/#\/schema\/logo\/image\/"}}]}},"_links":{"self":[{"href":"https:\/\/kaleidoskopkulture.com\/sr\/wp-json\/wp\/v2\/tribe_events\/1431","targetHints":{"allow":["GET"]}}],"collection":[{"href":"https:\/\/kaleidoskopkulture.com\/sr\/wp-json\/wp\/v2\/tribe_events"}],"about":[{"href":"https:\/\/kaleidoskopkulture.com\/sr\/wp-json\/wp\/v2\/types\/tribe_events"}],"author":[{"embeddable":true,"href":"https:\/\/kaleidoskopkulture.com\/sr\/wp-json\/wp\/v2\/users\/7"}],"version-history":[{"count":2,"href":"https:\/\/kaleidoskopkulture.com\/sr\/wp-json\/wp\/v2\/tribe_events\/1431\/revisions"}],"predecessor-version":[{"id":2430,"href":"https:\/\/kaleidoskopkulture.com\/sr\/wp-json\/wp\/v2\/tribe_events\/1431\/revisions\/2430"}],"wp:featuredmedia":[{"embeddable":true,"href":"https:\/\/kaleidoskopkulture.com\/sr\/wp-json\/wp\/v2\/media\/1460"}],"wp:attachment":[{"href":"https:\/\/kaleidoskopkulture.com\/sr\/wp-json\/wp\/v2\/media?parent=1431"}],"wp:term":[{"taxonomy":"post_tag","embeddable":true,"href":"https:\/\/kaleidoskopkulture.com\/sr\/wp-json\/wp\/v2\/tags?post=1431"},{"taxonomy":"tribe_events_cat","embeddable":true,"href":"https:\/\/kaleidoskopkulture.com\/sr\/wp-json\/wp\/v2\/tribe_events_cat?post=1431"}],"curies":[{"name":"wp","href":"https:\/\/api.w.org\/{rel}","templated":true}]}}