{"id":1425,"date":"2020-09-03T13:57:08","date_gmt":"2020-09-03T11:57:08","guid":{"rendered":"https:\/\/kaleidoskopkulture.com\/?post_type=tribe_events&#038;p=1425"},"modified":"2020-09-17T15:39:52","modified_gmt":"2020-09-17T13:39:52","slug":"predstava-ana-frank-istorijska-antibajka-za-decu-i-odrasle","status":"publish","type":"tribe_events","link":"https:\/\/kaleidoskopkulture.com\/sr\/dogadjaj\/predstava-ana-frank-istorijska-antibajka-za-decu-i-odrasle\/","title":{"rendered":"Predstava \u201eAna Frank: Istorijska antibajka za decu i odrasle\u201c"},"content":{"rendered":"<p>Predstava <strong>Ana Frank: Istorijska antibajka za decu i odrasle<\/strong>, u re\u017eiji <strong>Jelene Bogavac<\/strong>, nastala je u saradnji \u0160aba\u010dkog pozori\u0161ta, Muzeja \u0161aba\u010dkih Jevreja i Fakulteta savremenih umetnosti, kao ispitni rad studentkinje master studija glume <strong>Vanje Pavlovi\u0107<\/strong>.<\/p>\n<p>U opisu predstave \u201eAna Frank\u201c \u0160aba\u010dkog pozori\u0161ta, koja odi\u0161e sve\u017einom i jedinstvenim scenskim re\u0161enjima, stoji da je to dirljiva, zbunjuju\u0107a pri\u010da o odrastanju u svetu koji se obrnuo naglava\u010dke, u kome nema milosti, razumevanja, saose\u0107anja niti pravde.<\/p>\n<p>Pri\u010da o porodici koja je \u017eivela sku\u010deno u malom skrivenom stanu dve godine pred u\u017easom nacizma, rezonira sada \u010dudno blisko nama koji smo mesecima \u017eiveli u karantinu u na\u0161im stanovima pred u\u017easom virusa korone.<\/p>\n<p>Opet je devoj\u010dica Ana odlu\u010dila da pi\u0161e, da svojim malim prstima koje su dr\u017eale pero u svesci kariranih korica ostavi zapis koji \u0107e biti preveden na vi\u0161e od sedamdeset jezika i biti \u0161tampan u desetine miliona primeraka.<\/p>\n<p>Ni\u0161ta nije toliko pribli\u017eilo i osvestilo strahotu stradanja Jevreja i Holokaust milionima drugih, kao jasni glas male Ane. Njen \u010din pisanja je bio hrabrost. Li\u010dna revolucija.<\/p>\n<p><em>Foto: Jugoslav Radojevi\u0107<\/em><\/p>\n","protected":false},"excerpt":{"rendered":"<p>Predstava Ana Frank: Istorijska antibajka za decu i odrasle, u re\u017eiji Jelene Bogavac, nastala je u saradnji \u0160aba\u010dkog pozori\u0161ta, Muzeja \u0161aba\u010dkih Jevreja i Fakulteta savremenih umetnosti, kao ispitni rad studentkinje master studija glume Vanje Pavlovi\u0107. U opisu predstave \u201eAna Frank\u201c&#8230;<\/p>\n","protected":false},"author":7,"featured_media":881,"template":"","meta":{"_tribe_events_status":"","_tribe_events_status_reason":"","footnotes":""},"tags":[],"tribe_events_cat":[],"class_list":["post-1425","tribe_events","type-tribe_events","status-publish","has-post-thumbnail","hentry"],"yoast_head":"<!-- This site is optimized with the Yoast SEO plugin v22.4 - https:\/\/yoast.com\/wordpress\/plugins\/seo\/ -->\n<title>Predstava \u201eAna Frank: Istorijska antibajka za decu i odrasle\u201c - Kaleidoskop kulture<\/title>\n<meta name=\"robots\" content=\"index, follow, max-snippet:-1, max-image-preview:large, max-video-preview:-1\" \/>\n<link rel=\"canonical\" href=\"https:\/\/kaleidoskopkulture.com\/sr\/dogadjaj\/predstava-ana-frank-istorijska-antibajka-za-decu-i-odrasle\/\" \/>\n<meta property=\"og:locale\" content=\"sr_RS\" \/>\n<meta property=\"og:type\" content=\"article\" \/>\n<meta property=\"og:title\" content=\"Predstava \u201eAna Frank: Istorijska antibajka za decu i odrasle\u201c - Kaleidoskop kulture\" \/>\n<meta property=\"og:description\" content=\"Predstava Ana Frank: Istorijska antibajka za decu i odrasle, u re\u017eiji Jelene Bogavac, nastala je u saradnji \u0160aba\u010dkog pozori\u0161ta, Muzeja \u0161aba\u010dkih Jevreja i Fakulteta savremenih umetnosti, kao ispitni rad studentkinje master studija glume Vanje Pavlovi\u0107. U opisu predstave \u201eAna Frank\u201c...\" \/>\n<meta property=\"og:url\" content=\"https:\/\/kaleidoskopkulture.com\/sr\/dogadjaj\/predstava-ana-frank-istorijska-antibajka-za-decu-i-odrasle\/\" \/>\n<meta property=\"og:site_name\" content=\"Kaleidoskop kulture\" \/>\n<meta property=\"article:modified_time\" content=\"2020-09-17T13:39:52+00:00\" \/>\n<meta property=\"og:image\" content=\"https:\/\/kaleidoskopkulture.com\/wp-content\/uploads\/2020\/08\/ana-frank-2.jpg\" \/>\n\t<meta property=\"og:image:width\" content=\"1200\" \/>\n\t<meta property=\"og:image:height\" content=\"826\" \/>\n\t<meta property=\"og:image:type\" content=\"image\/jpeg\" \/>\n<meta name=\"twitter:card\" content=\"summary_large_image\" \/>\n<meta name=\"twitter:label1\" content=\"Procenjeno vreme \u010ditanja\" \/>\n\t<meta name=\"twitter:data1\" content=\"1 minut\" \/>\n<script type=\"application\/ld+json\" class=\"yoast-schema-graph\">{\"@context\":\"https:\/\/schema.org\",\"@graph\":[{\"@type\":\"WebPage\",\"@id\":\"https:\/\/kaleidoskopkulture.com\/sr\/dogadjaj\/predstava-ana-frank-istorijska-antibajka-za-decu-i-odrasle\/\",\"url\":\"https:\/\/kaleidoskopkulture.com\/sr\/dogadjaj\/predstava-ana-frank-istorijska-antibajka-za-decu-i-odrasle\/\",\"name\":\"Predstava \u201eAna Frank: Istorijska antibajka za decu i odrasle\u201c - Kaleidoskop kulture\",\"isPartOf\":{\"@id\":\"https:\/\/kaleidoskopkulture.com\/sr\/#website\"},\"primaryImageOfPage\":{\"@id\":\"https:\/\/kaleidoskopkulture.com\/sr\/dogadjaj\/predstava-ana-frank-istorijska-antibajka-za-decu-i-odrasle\/#primaryimage\"},\"image\":{\"@id\":\"https:\/\/kaleidoskopkulture.com\/sr\/dogadjaj\/predstava-ana-frank-istorijska-antibajka-za-decu-i-odrasle\/#primaryimage\"},\"thumbnailUrl\":\"https:\/\/kaleidoskopkulture.com\/wp-content\/uploads\/2020\/08\/ana-frank-2.jpg\",\"datePublished\":\"2020-09-03T11:57:08+00:00\",\"dateModified\":\"2020-09-17T13:39:52+00:00\",\"breadcrumb\":{\"@id\":\"https:\/\/kaleidoskopkulture.com\/sr\/dogadjaj\/predstava-ana-frank-istorijska-antibajka-za-decu-i-odrasle\/#breadcrumb\"},\"inLanguage\":\"sr-RS\",\"potentialAction\":[{\"@type\":\"ReadAction\",\"target\":[\"https:\/\/kaleidoskopkulture.com\/sr\/dogadjaj\/predstava-ana-frank-istorijska-antibajka-za-decu-i-odrasle\/\"]}]},{\"@type\":\"ImageObject\",\"inLanguage\":\"sr-RS\",\"@id\":\"https:\/\/kaleidoskopkulture.com\/sr\/dogadjaj\/predstava-ana-frank-istorijska-antibajka-za-decu-i-odrasle\/#primaryimage\",\"url\":\"https:\/\/kaleidoskopkulture.com\/wp-content\/uploads\/2020\/08\/ana-frank-2.jpg\",\"contentUrl\":\"https:\/\/kaleidoskopkulture.com\/wp-content\/uploads\/2020\/08\/ana-frank-2.jpg\",\"width\":1200,\"height\":826,\"caption\":\"Foto: Jugoslav Radojevi\u0107\"},{\"@type\":\"BreadcrumbList\",\"@id\":\"https:\/\/kaleidoskopkulture.com\/sr\/dogadjaj\/predstava-ana-frank-istorijska-antibajka-za-decu-i-odrasle\/#breadcrumb\",\"itemListElement\":[{\"@type\":\"ListItem\",\"position\":1,\"name\":\"Home\",\"item\":\"https:\/\/kaleidoskopkulture.com\/sr\/\"},{\"@type\":\"ListItem\",\"position\":2,\"name\":\"Events\",\"item\":\"https:\/\/kaleidoskopkulture.com\/sr\/kalendar\/\"},{\"@type\":\"ListItem\",\"position\":3,\"name\":\"Predstava \u201eAna Frank: Istorijska antibajka za decu i odrasle\u201c\"}]},{\"@type\":\"WebSite\",\"@id\":\"https:\/\/kaleidoskopkulture.com\/sr\/#website\",\"url\":\"https:\/\/kaleidoskopkulture.com\/sr\/\",\"name\":\"Kaleidoskop kulture\",\"description\":\"Novo lice kulture u Novom Sadu\",\"publisher\":{\"@id\":\"https:\/\/kaleidoskopkulture.com\/sr\/#organization\"},\"potentialAction\":[{\"@type\":\"SearchAction\",\"target\":{\"@type\":\"EntryPoint\",\"urlTemplate\":\"https:\/\/kaleidoskopkulture.com\/sr\/?s={search_term_string}\"},\"query-input\":\"required name=search_term_string\"}],\"inLanguage\":\"sr-RS\"},{\"@type\":\"Organization\",\"@id\":\"https:\/\/kaleidoskopkulture.com\/sr\/#organization\",\"name\":\"Kaleidoskop kulture\",\"url\":\"https:\/\/kaleidoskopkulture.com\/sr\/\",\"logo\":{\"@type\":\"ImageObject\",\"inLanguage\":\"sr-RS\",\"@id\":\"https:\/\/kaleidoskopkulture.com\/sr\/#\/schema\/logo\/image\/\",\"url\":\"https:\/\/kaleidoskopkulture.com\/wp-content\/uploads\/2022\/08\/cropped-kk-logo-1-1.png\",\"contentUrl\":\"https:\/\/kaleidoskopkulture.com\/wp-content\/uploads\/2022\/08\/cropped-kk-logo-1-1.png\",\"width\":260,\"height\":90,\"caption\":\"Kaleidoskop kulture\"},\"image\":{\"@id\":\"https:\/\/kaleidoskopkulture.com\/sr\/#\/schema\/logo\/image\/\"}}]}<\/script>\n<!-- \/ Yoast SEO plugin. -->","yoast_head_json":{"title":"Predstava \u201eAna Frank: Istorijska antibajka za decu i odrasle\u201c - Kaleidoskop kulture","robots":{"index":"index","follow":"follow","max-snippet":"max-snippet:-1","max-image-preview":"max-image-preview:large","max-video-preview":"max-video-preview:-1"},"canonical":"https:\/\/kaleidoskopkulture.com\/sr\/dogadjaj\/predstava-ana-frank-istorijska-antibajka-za-decu-i-odrasle\/","og_locale":"sr_RS","og_type":"article","og_title":"Predstava \u201eAna Frank: Istorijska antibajka za decu i odrasle\u201c - Kaleidoskop kulture","og_description":"Predstava Ana Frank: Istorijska antibajka za decu i odrasle, u re\u017eiji Jelene Bogavac, nastala je u saradnji \u0160aba\u010dkog pozori\u0161ta, Muzeja \u0161aba\u010dkih Jevreja i Fakulteta savremenih umetnosti, kao ispitni rad studentkinje master studija glume Vanje Pavlovi\u0107. U opisu predstave \u201eAna Frank\u201c...","og_url":"https:\/\/kaleidoskopkulture.com\/sr\/dogadjaj\/predstava-ana-frank-istorijska-antibajka-za-decu-i-odrasle\/","og_site_name":"Kaleidoskop kulture","article_modified_time":"2020-09-17T13:39:52+00:00","og_image":[{"width":1200,"height":826,"url":"https:\/\/kaleidoskopkulture.com\/wp-content\/uploads\/2020\/08\/ana-frank-2.jpg","type":"image\/jpeg"}],"twitter_card":"summary_large_image","twitter_misc":{"Procenjeno vreme \u010ditanja":"1 minut"},"schema":{"@context":"https:\/\/schema.org","@graph":[{"@type":"WebPage","@id":"https:\/\/kaleidoskopkulture.com\/sr\/dogadjaj\/predstava-ana-frank-istorijska-antibajka-za-decu-i-odrasle\/","url":"https:\/\/kaleidoskopkulture.com\/sr\/dogadjaj\/predstava-ana-frank-istorijska-antibajka-za-decu-i-odrasle\/","name":"Predstava \u201eAna Frank: Istorijska antibajka za decu i odrasle\u201c - Kaleidoskop kulture","isPartOf":{"@id":"https:\/\/kaleidoskopkulture.com\/sr\/#website"},"primaryImageOfPage":{"@id":"https:\/\/kaleidoskopkulture.com\/sr\/dogadjaj\/predstava-ana-frank-istorijska-antibajka-za-decu-i-odrasle\/#primaryimage"},"image":{"@id":"https:\/\/kaleidoskopkulture.com\/sr\/dogadjaj\/predstava-ana-frank-istorijska-antibajka-za-decu-i-odrasle\/#primaryimage"},"thumbnailUrl":"https:\/\/kaleidoskopkulture.com\/wp-content\/uploads\/2020\/08\/ana-frank-2.jpg","datePublished":"2020-09-03T11:57:08+00:00","dateModified":"2020-09-17T13:39:52+00:00","breadcrumb":{"@id":"https:\/\/kaleidoskopkulture.com\/sr\/dogadjaj\/predstava-ana-frank-istorijska-antibajka-za-decu-i-odrasle\/#breadcrumb"},"inLanguage":"sr-RS","potentialAction":[{"@type":"ReadAction","target":["https:\/\/kaleidoskopkulture.com\/sr\/dogadjaj\/predstava-ana-frank-istorijska-antibajka-za-decu-i-odrasle\/"]}]},{"@type":"ImageObject","inLanguage":"sr-RS","@id":"https:\/\/kaleidoskopkulture.com\/sr\/dogadjaj\/predstava-ana-frank-istorijska-antibajka-za-decu-i-odrasle\/#primaryimage","url":"https:\/\/kaleidoskopkulture.com\/wp-content\/uploads\/2020\/08\/ana-frank-2.jpg","contentUrl":"https:\/\/kaleidoskopkulture.com\/wp-content\/uploads\/2020\/08\/ana-frank-2.jpg","width":1200,"height":826,"caption":"Foto: Jugoslav Radojevi\u0107"},{"@type":"BreadcrumbList","@id":"https:\/\/kaleidoskopkulture.com\/sr\/dogadjaj\/predstava-ana-frank-istorijska-antibajka-za-decu-i-odrasle\/#breadcrumb","itemListElement":[{"@type":"ListItem","position":1,"name":"Home","item":"https:\/\/kaleidoskopkulture.com\/sr\/"},{"@type":"ListItem","position":2,"name":"Events","item":"https:\/\/kaleidoskopkulture.com\/sr\/kalendar\/"},{"@type":"ListItem","position":3,"name":"Predstava \u201eAna Frank: Istorijska antibajka za decu i odrasle\u201c"}]},{"@type":"WebSite","@id":"https:\/\/kaleidoskopkulture.com\/sr\/#website","url":"https:\/\/kaleidoskopkulture.com\/sr\/","name":"Kaleidoskop kulture","description":"Novo lice kulture u Novom Sadu","publisher":{"@id":"https:\/\/kaleidoskopkulture.com\/sr\/#organization"},"potentialAction":[{"@type":"SearchAction","target":{"@type":"EntryPoint","urlTemplate":"https:\/\/kaleidoskopkulture.com\/sr\/?s={search_term_string}"},"query-input":"required name=search_term_string"}],"inLanguage":"sr-RS"},{"@type":"Organization","@id":"https:\/\/kaleidoskopkulture.com\/sr\/#organization","name":"Kaleidoskop kulture","url":"https:\/\/kaleidoskopkulture.com\/sr\/","logo":{"@type":"ImageObject","inLanguage":"sr-RS","@id":"https:\/\/kaleidoskopkulture.com\/sr\/#\/schema\/logo\/image\/","url":"https:\/\/kaleidoskopkulture.com\/wp-content\/uploads\/2022\/08\/cropped-kk-logo-1-1.png","contentUrl":"https:\/\/kaleidoskopkulture.com\/wp-content\/uploads\/2022\/08\/cropped-kk-logo-1-1.png","width":260,"height":90,"caption":"Kaleidoskop kulture"},"image":{"@id":"https:\/\/kaleidoskopkulture.com\/sr\/#\/schema\/logo\/image\/"}}]}},"_links":{"self":[{"href":"https:\/\/kaleidoskopkulture.com\/sr\/wp-json\/wp\/v2\/tribe_events\/1425","targetHints":{"allow":["GET"]}}],"collection":[{"href":"https:\/\/kaleidoskopkulture.com\/sr\/wp-json\/wp\/v2\/tribe_events"}],"about":[{"href":"https:\/\/kaleidoskopkulture.com\/sr\/wp-json\/wp\/v2\/types\/tribe_events"}],"author":[{"embeddable":true,"href":"https:\/\/kaleidoskopkulture.com\/sr\/wp-json\/wp\/v2\/users\/7"}],"version-history":[{"count":2,"href":"https:\/\/kaleidoskopkulture.com\/sr\/wp-json\/wp\/v2\/tribe_events\/1425\/revisions"}],"predecessor-version":[{"id":1429,"href":"https:\/\/kaleidoskopkulture.com\/sr\/wp-json\/wp\/v2\/tribe_events\/1425\/revisions\/1429"}],"wp:featuredmedia":[{"embeddable":true,"href":"https:\/\/kaleidoskopkulture.com\/sr\/wp-json\/wp\/v2\/media\/881"}],"wp:attachment":[{"href":"https:\/\/kaleidoskopkulture.com\/sr\/wp-json\/wp\/v2\/media?parent=1425"}],"wp:term":[{"taxonomy":"post_tag","embeddable":true,"href":"https:\/\/kaleidoskopkulture.com\/sr\/wp-json\/wp\/v2\/tags?post=1425"},{"taxonomy":"tribe_events_cat","embeddable":true,"href":"https:\/\/kaleidoskopkulture.com\/sr\/wp-json\/wp\/v2\/tribe_events_cat?post=1425"}],"curies":[{"name":"wp","href":"https:\/\/api.w.org\/{rel}","templated":true}]}}