{"id":6792,"date":"2022-08-04T09:25:14","date_gmt":"2022-08-04T07:25:14","guid":{"rendered":"https:\/\/kaleidoskopkulture.com\/?page_id=6792"},"modified":"2024-10-22T08:08:59","modified_gmt":"2024-10-22T06:08:59","slug":"kaleidoskop-kalendar-nedelja-vizulene-umetnosti","status":"publish","type":"page","link":"https:\/\/kaleidoskopkulture.com\/sr\/kaleidoskop-kalendar-nedelja-vizulene-umetnosti\/","title":{"rendered":"Kaleidoskop kalendar &#8211; Nedelja vizulene umetnosti"},"content":{"rendered":"<p>[vc_section][vc_row css=&#8220;.vc_custom_1707777596581{margin-top: 50px !important;}&#8220;][vc_column][vc_column_text]<\/p>\n<h4 style=\"text-align: center;\"><span style=\"color: #649187;\">NEDELJA VIZUELNE UMETNOSTI<\/span><\/h4>\n<p style=\"text-align: center;\">DISTRIKT<\/p>\n<p>[\/vc_column_text][vc_row_inner disable_element=&#8220;yes&#8220;][vc_column_inner][vc_basic_grid post_type=&#8220;post&#8220; max_items=&#8220;12&#8243; element_width=&#8220;3&#8243; gap=&#8220;10&#8243; item=&#8220;117&#8243; grid_id=&#8220;vc_gid:1729577319284-0dbe0b60-e9ed-1&#8243; taxonomies=&#8220;16&#8243;][\/vc_column_inner][\/vc_row_inner][vc_video link=&#8220;https:\/\/youtu.be\/fK_GaIfGkTI&#8220;][\/vc_column][\/vc_row][\/vc_section][vc_row disable_element=&#8220;yes&#8220;][vc_column][vc_custom_heading text=&#8220;IZDVAJAMO&#8220; font_container=&#8220;tag:h3|text_align:left&#8220; use_theme_fonts=&#8220;yes&#8220;][vc_column_text]<\/p>\n<h4 style=\"text-align: center;\">NEDELJA VIZUELNE UMETNOSTI<\/h4>\n<p>[\/vc_column_text][\/vc_column][\/vc_row][vc_section][vc_row disable_element=&#8220;yes&#8220; css=&#8220;.vc_custom_1729577335061{padding-top: 10px !important;}&#8220;][vc_column][vc_custom_heading text=&#8220;PROGRAM&#8220; font_container=&#8220;tag:h3|text_align:left|color:%23000000&#8243; use_theme_fonts=&#8220;yes&#8220;][vc_column_text]<strong>\u2022\u00a0<\/strong>Izlo\u017eba <a href=\"https:\/\/kalendar.novisad2022.rs\/events\/izlozba-najcrnji-talas\/\"><strong>\u201eNajcrnji talas\u201d<\/strong><\/a> \/ Distrikt (Radionica, Biro, Menza) \/ do 19. oktobra<\/p>\n<p><strong>Radno vreme: <\/strong>od srede do nedelje od 16 do 20 sati.[\/vc_column_text][\/vc_column][\/vc_row][vc_row disable_element=&#8220;yes&#8220; css=&#8220;.vc_custom_1728903243283{padding-top: 10px !important;}&#8220;][vc_column][vc_custom_heading text=&#8220;IZDVAJAMO&#8220; font_container=&#8220;tag:h3|text_align:left&#8220; use_theme_fonts=&#8220;yes&#8220;][\/vc_column][\/vc_row][vc_row disable_element=&#8220;yes&#8220; css=&#8220;.vc_custom_1728903230940{padding-top: 15px !important;}&#8220; el_class=&#8220;izdvajamo-row&#8220;][vc_column width=&#8220;1\/5&#8243;][vc_single_image image=&#8220;12097&#8243; img_size=&#8220;500&#215;500&#8243; onclick=&#8220;custom_link&#8220; link=&#8220;https:\/\/kaleidoskopkulture.com\/sr\/kultni-crni-talas-ozivljava-ne-propustite-filmske-projekcije-i-izlozbe-u-distriktu&#8220;][vc_custom_heading text=&#8220;Kultni Crni talas o\u017eivljava: Ne propustite filmske projekcije i izlo\u017ebe u Distriktu&#8220; font_container=&#8220;tag:h5|text_align:left&#8220; use_theme_fonts=&#8220;yes&#8220; link=&#8220;url:https%3A%2F%2Fkaleidoskopkulture.com%2Fsr%2Fkultni-crni-talas-ozivljava-ne-propustite-filmske-projekcije-i-izlozbe-u-distriktu&#8220;][vc_custom_heading text=&#8220;DETALJNIJE&#8220; font_container=&#8220;tag:h6|font_size:14|text_align:left&#8220; use_theme_fonts=&#8220;yes&#8220; link=&#8220;url:https%3A%2F%2Fkaleidoskopkulture.com%2Fsr%2Fkultni-crni-talas-ozivljava-ne-propustite-filmske-projekcije-i-izlozbe-u-distriktu|target:_blank&#8220; el_class=&#8220;izdvajamo-dugme&#8220; css=&#8220;.vc_custom_1723107223839{padding-bottom: 8px !important;}&#8220;][\/vc_column][\/vc_row][\/vc_section][vc_row disable_element=&#8220;yes&#8220; css=&#8220;.vc_custom_1692257260207{padding-top: 40px !important;}&#8220;][vc_column width=&#8220;1\/2&#8243;][vc_single_image image=&#8220;9218&#8243; img_size=&#8220;full&#8220; alignment=&#8220;center&#8220; onclick=&#8220;custom_link&#8220; link=&#8220;#kalendar&#8220;][\/vc_column][vc_column width=&#8220;1\/2&#8243;][vc_single_image image=&#8220;9226&#8243; img_size=&#8220;full&#8220; alignment=&#8220;center&#8220; onclick=&#8220;custom_link&#8220; link=&#8220;#vizuelna_lista&#8220;][\/vc_column][\/vc_row][vc_row disable_element=&#8220;yes&#8220; css=&#8220;.vc_custom_1692257267177{padding-top: 10px !important;}&#8220; el_id=&#8220;kalendar&#8220;][vc_column][vc_custom_heading text=&#8220;PROGRAM \/ KALENDAR&#8220; font_container=&#8220;tag:h3|text_align:left&#8220; use_theme_fonts=&#8220;yes&#8220; css=&#8220;.vc_custom_1661787424429{padding-top: 40px !important;}&#8220;][\/vc_column][\/vc_row][vc_row full_width=&#8220;stretch_row_content&#8220; disable_element=&#8220;yes&#8220;][vc_column][vc_raw_html]JTNDaWZyYW1lJTIwc3JjJTNEJTIyaHR0cHMlM0ElMkYlMkZrYWxlbmRhci5ub3Zpc2FkMjAyMi5ycyUyRmthbGVpZG9za29wLTIwMjItbmVkZWxqYS12aXp1ZWxuZS11bWV0bm9zdGklMkYlMjIlMjB0aXRsZSUzRCUyMkthbGVpZG9za29wJTIwa3VsdHVyZSUyMGthbGVuZGFyJTIyJTIwZnJhbWVib3JkZXIlM0QlMjIwJTIyJTIwc3R5bGUlM0QlMjJtaW4taGVpZ2h0JTNBJTIwOTAwcHglM0IlMjIlM0UlM0MlMkZpZnJhbWUlM0UlMEE=[\/vc_raw_html][\/vc_column][\/vc_row][vc_row disable_element=&#8220;yes&#8220; el_id=&#8220;vizuelna_lista&#8220; css=&#8220;.vc_custom_1707778805547{padding-bottom: 40px !important;}&#8220;][vc_column][vc_custom_heading text=&#8220;&#8220; font_container=&#8220;tag:h3|text_align:left&#8220; use_theme_fonts=&#8220;yes&#8220;][vc_column_text css=&#8220;.vc_custom_1723725127864{padding-top: 40px !important;padding-right: 20px !important;padding-left: 20px !important;}&#8220;]+ DODATNE PROGRAME NAJAVLJUJEMO USKORO[\/vc_column_text][vc_column_text css=&#8220;.vc_custom_1707386396278{padding-top: 40px !important;padding-right: 20px !important;padding-left: 20px !important;}&#8220;][\/vc_column_text][\/vc_column][\/vc_row][vc_row disable_element=&#8220;yes&#8220;][vc_column][vc_custom_heading text=&#8220;Program u okviru ostalih nedelja umetnosti pogledajte klikom na baner:&#8220; font_container=&#8220;tag:h3|text_align:left&#8220; use_theme_fonts=&#8220;yes&#8220;][\/vc_column][\/vc_row][vc_row disable_element=&#8220;yes&#8220;][vc_column width=&#8220;1\/5&#8243;][vc_single_image image=&#8220;9192&#8243; img_size=&#8220;full&#8220; alignment=&#8220;center&#8220; onclick=&#8220;custom_link&#8220; img_link_target=&#8220;_blank&#8220; link=&#8220;\/sr\/kaleidoskop-kalendar-otvaranje\/&#8220;][\/vc_column][vc_column width=&#8220;1\/5&#8243;][vc_single_image image=&#8220;9194&#8243; img_size=&#8220;full&#8220; alignment=&#8220;center&#8220; onclick=&#8220;custom_link&#8220; img_link_target=&#8220;_blank&#8220; link=&#8220;\/sr\/kaleidoskop-kalendar-nedelja-arhitekture\/&#8220;][\/vc_column][vc_column width=&#8220;1\/5&#8243;][vc_single_image image=&#8220;9196&#8243; img_size=&#8220;full&#8220; alignment=&#8220;center&#8220; onclick=&#8220;custom_link&#8220; img_link_target=&#8220;_blank&#8220; link=&#8220;\/sr\/kaleidoskop-kalendar-nedelja-izvodjacke-umetnosti\/&#8220;][\/vc_column][vc_column width=&#8220;1\/5&#8243;][vc_single_image image=&#8220;9198&#8243; img_size=&#8220;full&#8220; alignment=&#8220;center&#8220; onclick=&#8220;custom_link&#8220; img_link_target=&#8220;_blank&#8220; link=&#8220;\/sr\/kaleidoskop-kalendar-nedelja-knjizevnosti\/&#8220;][\/vc_column][vc_column width=&#8220;1\/5&#8243;][vc_single_image image=&#8220;9202&#8243; img_size=&#8220;full&#8220; alignment=&#8220;center&#8220; onclick=&#8220;custom_link&#8220; img_link_target=&#8220;_blank&#8220; link=&#8220;\/sr\/kaleidoskop-kalendar-nedelja-primenjene-umetnosti\/&#8220;][\/vc_column][\/vc_row][vc_row disable_element=&#8220;yes&#8220;][vc_column][vc_column_text]Tokom nedelje vizuelne umetnosti publika ima priliku da u\u017eiva u programima posve\u0107enim bogatom umetni\u010dkom nasle\u0111u i savremenom vizuelnom stvarala\u0161tvu.<\/p>\n<p>Ove godine predstavi\u0107emo dela velikana srpske umetnosti me\u0111u kojima su \u2013 Petar Lubarda, Milena Pavlovi\u0107 Barili, Sava \u0160umanovi\u0107, Milan Konjevi\u0107, Olja Ivanjicki, Vladimir Veli\u010dkovi\u0107, Marina Abramovi\u0107 i drugi, izlo\u017ebu svetske naive, nesvakida\u0161nje umetni\u010dke instalacije i drugo.[\/vc_column_text][\/vc_column][\/vc_row]<\/p>\n","protected":false},"excerpt":{"rendered":"<p>[vc_section][vc_row css=&#8220;.vc_custom_1707777596581{margin-top: 50px !important;}&#8220;][vc_column][vc_column_text] NEDELJA VIZUELNE UMETNOSTI DISTRIKT [\/vc_column_text][vc_row_inner disable_element=&#8220;yes&#8220;][vc_column_inner][vc_basic_grid post_type=&#8220;post&#8220; max_items=&#8220;12&#8243; element_width=&#8220;3&#8243; gap=&#8220;10&#8243; item=&#8220;117&#8243; grid_id=&#8220;vc_gid:1729577319284-0dbe0b60-e9ed-1&#8243; taxonomies=&#8220;16&#8243;][\/vc_column_inner][\/vc_row_inner][vc_video link=&#8220;https:\/\/youtu.be\/fK_GaIfGkTI&#8220;][\/vc_column][\/vc_row][\/vc_section][vc_row disable_element=&#8220;yes&#8220;][vc_column][vc_custom_heading text=&#8220;IZDVAJAMO&#8220; font_container=&#8220;tag:h3|text_align:left&#8220; use_theme_fonts=&#8220;yes&#8220;][vc_column_text] NEDELJA VIZUELNE UMETNOSTI [\/vc_column_text][\/vc_column][\/vc_row][vc_section][vc_row disable_element=&#8220;yes&#8220; css=&#8220;.vc_custom_1729577335061{padding-top: 10px !important;}&#8220;][vc_column][vc_custom_heading text=&#8220;PROGRAM&#8220; font_container=&#8220;tag:h3|text_align:left|color:%23000000&#8243; use_theme_fonts=&#8220;yes&#8220;][vc_column_text]\u2022\u00a0Izlo\u017eba \u201eNajcrnji talas\u201d \/ Distrikt (Radionica, Biro, Menza)&#8230;<\/p>\n","protected":false},"author":6,"featured_media":12205,"parent":0,"menu_order":0,"comment_status":"closed","ping_status":"closed","template":"","meta":{"footnotes":""},"class_list":["post-6792","page","type-page","status-publish","has-post-thumbnail","hentry"],"yoast_head":"<!-- This site is optimized with the Yoast SEO plugin v22.4 - https:\/\/yoast.com\/wordpress\/plugins\/seo\/ -->\n<title>Kaleidoskop kalendar - Nedelja vizulene umetnosti<\/title>\n<meta name=\"description\" content=\"Tokom nedelje vizuelne umetnosti publika ima priliku da u\u017eiva u programima posve\u0107enim umetni\u010dkom nasle\u0111u i savremenom vizuelnom stvarala\u0161tvu.\" \/>\n<meta name=\"robots\" content=\"index, follow, max-snippet:-1, max-image-preview:large, max-video-preview:-1\" \/>\n<link rel=\"canonical\" href=\"https:\/\/kaleidoskopkulture.com\/sr\/kaleidoskop-kalendar-nedelja-vizulene-umetnosti\/\" \/>\n<meta property=\"og:locale\" content=\"sr_RS\" \/>\n<meta property=\"og:type\" content=\"article\" \/>\n<meta property=\"og:title\" content=\"Kaleidoskop kalendar - Nedelja vizulene umetnosti\" \/>\n<meta property=\"og:description\" content=\"Tokom nedelje vizuelne umetnosti publika ima priliku da u\u017eiva u programima posve\u0107enim umetni\u010dkom nasle\u0111u i savremenom vizuelnom stvarala\u0161tvu.\" \/>\n<meta property=\"og:url\" content=\"https:\/\/kaleidoskopkulture.com\/sr\/kaleidoskop-kalendar-nedelja-vizulene-umetnosti\/\" \/>\n<meta property=\"og:site_name\" content=\"Kaleidoskop kulture\" \/>\n<meta property=\"article:modified_time\" content=\"2024-10-22T06:08:59+00:00\" \/>\n<meta property=\"og:image\" content=\"https:\/\/kaleidoskopkulture.com\/wp-content\/uploads\/2024\/08\/kk24_vizuali_genericki11-1.png\" \/>\n\t<meta property=\"og:image:width\" content=\"1080\" \/>\n\t<meta property=\"og:image:height\" content=\"1080\" \/>\n\t<meta property=\"og:image:type\" content=\"image\/png\" \/>\n<meta name=\"twitter:card\" content=\"summary_large_image\" \/>\n<meta name=\"twitter:label1\" content=\"Procenjeno vreme \u010ditanja\" \/>\n\t<meta name=\"twitter:data1\" content=\"4 minuta\" \/>\n<script type=\"application\/ld+json\" class=\"yoast-schema-graph\">{\"@context\":\"https:\/\/schema.org\",\"@graph\":[{\"@type\":\"WebPage\",\"@id\":\"https:\/\/kaleidoskopkulture.com\/sr\/kaleidoskop-kalendar-nedelja-vizulene-umetnosti\/\",\"url\":\"https:\/\/kaleidoskopkulture.com\/sr\/kaleidoskop-kalendar-nedelja-vizulene-umetnosti\/\",\"name\":\"Kaleidoskop kalendar - Nedelja vizulene umetnosti\",\"isPartOf\":{\"@id\":\"https:\/\/kaleidoskopkulture.com\/sr\/#website\"},\"primaryImageOfPage\":{\"@id\":\"https:\/\/kaleidoskopkulture.com\/sr\/kaleidoskop-kalendar-nedelja-vizulene-umetnosti\/#primaryimage\"},\"image\":{\"@id\":\"https:\/\/kaleidoskopkulture.com\/sr\/kaleidoskop-kalendar-nedelja-vizulene-umetnosti\/#primaryimage\"},\"thumbnailUrl\":\"https:\/\/kaleidoskopkulture.com\/wp-content\/uploads\/2024\/08\/kk24_vizuali_genericki11-1.png\",\"datePublished\":\"2022-08-04T07:25:14+00:00\",\"dateModified\":\"2024-10-22T06:08:59+00:00\",\"description\":\"Tokom nedelje vizuelne umetnosti publika ima priliku da u\u017eiva u programima posve\u0107enim umetni\u010dkom nasle\u0111u i savremenom vizuelnom stvarala\u0161tvu.\",\"breadcrumb\":{\"@id\":\"https:\/\/kaleidoskopkulture.com\/sr\/kaleidoskop-kalendar-nedelja-vizulene-umetnosti\/#breadcrumb\"},\"inLanguage\":\"sr-RS\",\"potentialAction\":[{\"@type\":\"ReadAction\",\"target\":[\"https:\/\/kaleidoskopkulture.com\/sr\/kaleidoskop-kalendar-nedelja-vizulene-umetnosti\/\"]}]},{\"@type\":\"ImageObject\",\"inLanguage\":\"sr-RS\",\"@id\":\"https:\/\/kaleidoskopkulture.com\/sr\/kaleidoskop-kalendar-nedelja-vizulene-umetnosti\/#primaryimage\",\"url\":\"https:\/\/kaleidoskopkulture.com\/wp-content\/uploads\/2024\/08\/kk24_vizuali_genericki11-1.png\",\"contentUrl\":\"https:\/\/kaleidoskopkulture.com\/wp-content\/uploads\/2024\/08\/kk24_vizuali_genericki11-1.png\",\"width\":1080,\"height\":1080},{\"@type\":\"BreadcrumbList\",\"@id\":\"https:\/\/kaleidoskopkulture.com\/sr\/kaleidoskop-kalendar-nedelja-vizulene-umetnosti\/#breadcrumb\",\"itemListElement\":[{\"@type\":\"ListItem\",\"position\":1,\"name\":\"Home\",\"item\":\"https:\/\/kaleidoskopkulture.com\/sr\/\"},{\"@type\":\"ListItem\",\"position\":2,\"name\":\"Kaleidoskop kalendar &#8211; Nedelja vizulene umetnosti\"}]},{\"@type\":\"WebSite\",\"@id\":\"https:\/\/kaleidoskopkulture.com\/sr\/#website\",\"url\":\"https:\/\/kaleidoskopkulture.com\/sr\/\",\"name\":\"Kaleidoskop kulture\",\"description\":\"Novo lice kulture u Novom Sadu\",\"publisher\":{\"@id\":\"https:\/\/kaleidoskopkulture.com\/sr\/#organization\"},\"potentialAction\":[{\"@type\":\"SearchAction\",\"target\":{\"@type\":\"EntryPoint\",\"urlTemplate\":\"https:\/\/kaleidoskopkulture.com\/sr\/?s={search_term_string}\"},\"query-input\":\"required name=search_term_string\"}],\"inLanguage\":\"sr-RS\"},{\"@type\":\"Organization\",\"@id\":\"https:\/\/kaleidoskopkulture.com\/sr\/#organization\",\"name\":\"Kaleidoskop kulture\",\"url\":\"https:\/\/kaleidoskopkulture.com\/sr\/\",\"logo\":{\"@type\":\"ImageObject\",\"inLanguage\":\"sr-RS\",\"@id\":\"https:\/\/kaleidoskopkulture.com\/sr\/#\/schema\/logo\/image\/\",\"url\":\"https:\/\/kaleidoskopkulture.com\/wp-content\/uploads\/2022\/08\/cropped-kk-logo-1-1.png\",\"contentUrl\":\"https:\/\/kaleidoskopkulture.com\/wp-content\/uploads\/2022\/08\/cropped-kk-logo-1-1.png\",\"width\":260,\"height\":90,\"caption\":\"Kaleidoskop kulture\"},\"image\":{\"@id\":\"https:\/\/kaleidoskopkulture.com\/sr\/#\/schema\/logo\/image\/\"}}]}<\/script>\n<!-- \/ Yoast SEO plugin. -->","yoast_head_json":{"title":"Kaleidoskop kalendar - Nedelja vizulene umetnosti","description":"Tokom nedelje vizuelne umetnosti publika ima priliku da u\u017eiva u programima posve\u0107enim umetni\u010dkom nasle\u0111u i savremenom vizuelnom stvarala\u0161tvu.","robots":{"index":"index","follow":"follow","max-snippet":"max-snippet:-1","max-image-preview":"max-image-preview:large","max-video-preview":"max-video-preview:-1"},"canonical":"https:\/\/kaleidoskopkulture.com\/sr\/kaleidoskop-kalendar-nedelja-vizulene-umetnosti\/","og_locale":"sr_RS","og_type":"article","og_title":"Kaleidoskop kalendar - Nedelja vizulene umetnosti","og_description":"Tokom nedelje vizuelne umetnosti publika ima priliku da u\u017eiva u programima posve\u0107enim umetni\u010dkom nasle\u0111u i savremenom vizuelnom stvarala\u0161tvu.","og_url":"https:\/\/kaleidoskopkulture.com\/sr\/kaleidoskop-kalendar-nedelja-vizulene-umetnosti\/","og_site_name":"Kaleidoskop kulture","article_modified_time":"2024-10-22T06:08:59+00:00","og_image":[{"width":1080,"height":1080,"url":"https:\/\/kaleidoskopkulture.com\/wp-content\/uploads\/2024\/08\/kk24_vizuali_genericki11-1.png","type":"image\/png"}],"twitter_card":"summary_large_image","twitter_misc":{"Procenjeno vreme \u010ditanja":"4 minuta"},"schema":{"@context":"https:\/\/schema.org","@graph":[{"@type":"WebPage","@id":"https:\/\/kaleidoskopkulture.com\/sr\/kaleidoskop-kalendar-nedelja-vizulene-umetnosti\/","url":"https:\/\/kaleidoskopkulture.com\/sr\/kaleidoskop-kalendar-nedelja-vizulene-umetnosti\/","name":"Kaleidoskop kalendar - Nedelja vizulene umetnosti","isPartOf":{"@id":"https:\/\/kaleidoskopkulture.com\/sr\/#website"},"primaryImageOfPage":{"@id":"https:\/\/kaleidoskopkulture.com\/sr\/kaleidoskop-kalendar-nedelja-vizulene-umetnosti\/#primaryimage"},"image":{"@id":"https:\/\/kaleidoskopkulture.com\/sr\/kaleidoskop-kalendar-nedelja-vizulene-umetnosti\/#primaryimage"},"thumbnailUrl":"https:\/\/kaleidoskopkulture.com\/wp-content\/uploads\/2024\/08\/kk24_vizuali_genericki11-1.png","datePublished":"2022-08-04T07:25:14+00:00","dateModified":"2024-10-22T06:08:59+00:00","description":"Tokom nedelje vizuelne umetnosti publika ima priliku da u\u017eiva u programima posve\u0107enim umetni\u010dkom nasle\u0111u i savremenom vizuelnom stvarala\u0161tvu.","breadcrumb":{"@id":"https:\/\/kaleidoskopkulture.com\/sr\/kaleidoskop-kalendar-nedelja-vizulene-umetnosti\/#breadcrumb"},"inLanguage":"sr-RS","potentialAction":[{"@type":"ReadAction","target":["https:\/\/kaleidoskopkulture.com\/sr\/kaleidoskop-kalendar-nedelja-vizulene-umetnosti\/"]}]},{"@type":"ImageObject","inLanguage":"sr-RS","@id":"https:\/\/kaleidoskopkulture.com\/sr\/kaleidoskop-kalendar-nedelja-vizulene-umetnosti\/#primaryimage","url":"https:\/\/kaleidoskopkulture.com\/wp-content\/uploads\/2024\/08\/kk24_vizuali_genericki11-1.png","contentUrl":"https:\/\/kaleidoskopkulture.com\/wp-content\/uploads\/2024\/08\/kk24_vizuali_genericki11-1.png","width":1080,"height":1080},{"@type":"BreadcrumbList","@id":"https:\/\/kaleidoskopkulture.com\/sr\/kaleidoskop-kalendar-nedelja-vizulene-umetnosti\/#breadcrumb","itemListElement":[{"@type":"ListItem","position":1,"name":"Home","item":"https:\/\/kaleidoskopkulture.com\/sr\/"},{"@type":"ListItem","position":2,"name":"Kaleidoskop kalendar &#8211; Nedelja vizulene umetnosti"}]},{"@type":"WebSite","@id":"https:\/\/kaleidoskopkulture.com\/sr\/#website","url":"https:\/\/kaleidoskopkulture.com\/sr\/","name":"Kaleidoskop kulture","description":"Novo lice kulture u Novom Sadu","publisher":{"@id":"https:\/\/kaleidoskopkulture.com\/sr\/#organization"},"potentialAction":[{"@type":"SearchAction","target":{"@type":"EntryPoint","urlTemplate":"https:\/\/kaleidoskopkulture.com\/sr\/?s={search_term_string}"},"query-input":"required name=search_term_string"}],"inLanguage":"sr-RS"},{"@type":"Organization","@id":"https:\/\/kaleidoskopkulture.com\/sr\/#organization","name":"Kaleidoskop kulture","url":"https:\/\/kaleidoskopkulture.com\/sr\/","logo":{"@type":"ImageObject","inLanguage":"sr-RS","@id":"https:\/\/kaleidoskopkulture.com\/sr\/#\/schema\/logo\/image\/","url":"https:\/\/kaleidoskopkulture.com\/wp-content\/uploads\/2022\/08\/cropped-kk-logo-1-1.png","contentUrl":"https:\/\/kaleidoskopkulture.com\/wp-content\/uploads\/2022\/08\/cropped-kk-logo-1-1.png","width":260,"height":90,"caption":"Kaleidoskop kulture"},"image":{"@id":"https:\/\/kaleidoskopkulture.com\/sr\/#\/schema\/logo\/image\/"}}]}},"_links":{"self":[{"href":"https:\/\/kaleidoskopkulture.com\/sr\/wp-json\/wp\/v2\/pages\/6792","targetHints":{"allow":["GET"]}}],"collection":[{"href":"https:\/\/kaleidoskopkulture.com\/sr\/wp-json\/wp\/v2\/pages"}],"about":[{"href":"https:\/\/kaleidoskopkulture.com\/sr\/wp-json\/wp\/v2\/types\/page"}],"author":[{"embeddable":true,"href":"https:\/\/kaleidoskopkulture.com\/sr\/wp-json\/wp\/v2\/users\/6"}],"replies":[{"embeddable":true,"href":"https:\/\/kaleidoskopkulture.com\/sr\/wp-json\/wp\/v2\/comments?post=6792"}],"version-history":[{"count":109,"href":"https:\/\/kaleidoskopkulture.com\/sr\/wp-json\/wp\/v2\/pages\/6792\/revisions"}],"predecessor-version":[{"id":13863,"href":"https:\/\/kaleidoskopkulture.com\/sr\/wp-json\/wp\/v2\/pages\/6792\/revisions\/13863"}],"wp:featuredmedia":[{"embeddable":true,"href":"https:\/\/kaleidoskopkulture.com\/sr\/wp-json\/wp\/v2\/media\/12205"}],"wp:attachment":[{"href":"https:\/\/kaleidoskopkulture.com\/sr\/wp-json\/wp\/v2\/media?parent=6792"}],"curies":[{"name":"wp","href":"https:\/\/api.w.org\/{rel}","templated":true}]}}