{"id":13342,"date":"2024-10-07T14:26:02","date_gmt":"2024-10-07T12:26:02","guid":{"rendered":"https:\/\/kaleidoskopkulture.com\/?page_id=13342"},"modified":"2024-10-21T13:27:56","modified_gmt":"2024-10-21T11:27:56","slug":"kaleidoskop-kulture-2024","status":"publish","type":"page","link":"https:\/\/kaleidoskopkulture.com\/sr\/kaleidoskop-kulture-2024\/","title":{"rendered":"Kaleidoskop kulture 2024."},"content":{"rendered":"\t\t<div data-elementor-type=\"wp-page\" data-elementor-id=\"13342\" class=\"elementor elementor-13342\">\n\t\t\t\t<div class=\"elementor-element elementor-element-e7d5792 e-flex e-con-boxed e-con e-parent\" data-id=\"e7d5792\" data-element_type=\"container\" data-core-v316-plus=\"true\">\n\t\t\t\t\t<div class=\"e-con-inner\">\n\t\t\t\t<div class=\"elementor-element elementor-element-f6bf7f3 elementor-widget elementor-widget-video\" data-id=\"f6bf7f3\" data-element_type=\"widget\" data-settings=\"{&quot;youtube_url&quot;:&quot;https:\\\/\\\/www.youtube.com\\\/watch?v=JOPVYGD0PIM&quot;,&quot;video_type&quot;:&quot;youtube&quot;,&quot;controls&quot;:&quot;yes&quot;}\" data-widget_type=\"video.default\">\n\t\t\t\t<div class=\"elementor-widget-container\">\n\t\t\t<style>\/*! elementor - v3.20.0 - 26-03-2024 *\/\n.elementor-widget-video .elementor-widget-container{overflow:hidden;transform:translateZ(0)}.elementor-widget-video .elementor-wrapper{aspect-ratio:var(--video-aspect-ratio)}.elementor-widget-video .elementor-wrapper iframe,.elementor-widget-video .elementor-wrapper video{height:100%;width:100%;display:flex;border:none;background-color:#000}@supports not (aspect-ratio:1\/1){.elementor-widget-video .elementor-wrapper{position:relative;overflow:hidden;height:0;padding-bottom:calc(100% \/ var(--video-aspect-ratio))}.elementor-widget-video .elementor-wrapper iframe,.elementor-widget-video .elementor-wrapper video{position:absolute;top:0;right:0;bottom:0;left:0}}.elementor-widget-video .elementor-open-inline .elementor-custom-embed-image-overlay{position:absolute;top:0;right:0;bottom:0;left:0;background-size:cover;background-position:50%}.elementor-widget-video .elementor-custom-embed-image-overlay{cursor:pointer;text-align:center}.elementor-widget-video .elementor-custom-embed-image-overlay:hover .elementor-custom-embed-play i{opacity:1}.elementor-widget-video .elementor-custom-embed-image-overlay img{display:block;width:100%;aspect-ratio:var(--video-aspect-ratio);-o-object-fit:cover;object-fit:cover;-o-object-position:center center;object-position:center center}@supports not (aspect-ratio:1\/1){.elementor-widget-video .elementor-custom-embed-image-overlay{position:relative;overflow:hidden;height:0;padding-bottom:calc(100% \/ var(--video-aspect-ratio))}.elementor-widget-video .elementor-custom-embed-image-overlay img{position:absolute;top:0;right:0;bottom:0;left:0}}.elementor-widget-video .e-hosted-video .elementor-video{-o-object-fit:cover;object-fit:cover}.e-con-inner>.elementor-widget-video,.e-con>.elementor-widget-video{width:var(--container-widget-width);--flex-grow:var(--container-widget-flex-grow)}<\/style>\t\t<div class=\"elementor-wrapper elementor-open-inline\">\n\t\t\t<div class=\"elementor-video\"><\/div>\t\t<\/div>\n\t\t\t\t<\/div>\n\t\t\t\t<\/div>\n\t\t\t\t\t<\/div>\n\t\t\t\t<\/div>\n\t\t<div class=\"elementor-element elementor-element-b1d9a64 e-flex e-con-boxed e-con e-parent\" data-id=\"b1d9a64\" data-element_type=\"container\" data-core-v316-plus=\"true\">\n\t\t\t\t\t<div class=\"e-con-inner\">\n\t\t\t\t<div class=\"elementor-element elementor-element-1a22761 elementor-widget elementor-widget-text-editor\" data-id=\"1a22761\" data-element_type=\"widget\" data-widget_type=\"text-editor.default\">\n\t\t\t\t<div class=\"elementor-widget-container\">\n\t\t\t<style>\/*! elementor - v3.20.0 - 26-03-2024 *\/\n.elementor-widget-text-editor.elementor-drop-cap-view-stacked .elementor-drop-cap{background-color:#69727d;color:#fff}.elementor-widget-text-editor.elementor-drop-cap-view-framed .elementor-drop-cap{color:#69727d;border:3px solid;background-color:transparent}.elementor-widget-text-editor:not(.elementor-drop-cap-view-default) .elementor-drop-cap{margin-top:8px}.elementor-widget-text-editor:not(.elementor-drop-cap-view-default) .elementor-drop-cap-letter{width:1em;height:1em}.elementor-widget-text-editor .elementor-drop-cap{float:left;text-align:center;line-height:1;font-size:50px}.elementor-widget-text-editor .elementor-drop-cap-letter{display:inline-block}<\/style>\t\t\t\t<p class=\"x_MsoNormal\" style=\"text-align: left;\">Kaleidoskop kulture je jedinstveni program kulture koji se presti\u017enim nagradama pozicionirao na evropskoj mapi kao najzna\u010dajnija umetni\u010dka smotra u regionu.<\/p><p class=\"x_MsoNormal\" style=\"text-align: left;\">Sa svojim prepoznatljivim konceptom 4\/5 u pet nedelja umetnosti, ove godine je po sedmi put doveo u Novi Sad svetske zvezde, predstavljaju\u0107i velikane srpske kulture, a pru\u017eaju\u0107i priliku mladim umetnicima, ja\u010da lokalnu i nacionalnu scenu.<\/p><p class=\"x_MsoNormal\" style=\"text-align: left;\"><strong>S<\/strong><b>ve\u010dano<\/b>\u00a0<b>otvaranje <\/b>Kaleidoskopa kulture ove godine je tradicionalno uprili\u010deno\u00a0na\u00a0<b>Korzu, <\/b>na kom je nastupila<b>\u00a0Lana Zorjan\u00a0<\/b>ovogodi\u0161nja dobitnica najzna\u010dajnijeg svetskog priznanja za klasi\u010dnu muziku\u00a0<i>Classical<\/i>\u00a0<i>Music<\/i>\u00a0<i>Award\u00a0\u2013\u00a0Discovery<\/i>\u00a0<i>Award<\/i>, uz dirigenta, kompozitora i pijanistu, mladog umetnika u\u00a0<span style=\"color: var( --e-global-color-text ); font-family: var( --e-global-typography-text-font-family ), Sans-serif; font-weight: var( --e-global-typography-text-font-weight );\">usponu,\u00a0Maksimilijana\u00a0Haber\u0161toka\u00a0i\u00a0Vojvo\u0111anski\u00a0simfonijski\u00a0orkestar.<\/span><\/p><p class=\"x_MsoNormal\" style=\"text-align: left;\">Nakon toga, usledilo je pet nedelja umestnosti u obnovljenom Distriktu, a najpre su posetioci u\u017eivali u primenjenoj umetnosti, kada su u Novi Sad stigli saradnici svetski poznatih imena kao \u0161to su Bjork i Dejvid Boui, Naomi Kembel, Gvinet Paltrou i Dajana Ros \u2013 <b>Endru Melkior<\/b>\u00a0i\u00a0<b>Endru D\u017eouz.\u00a0<\/b>U\u017eivali smo u programima\u00a0<b>vi\u0161e od 90 umetnika kroz 10 izlo\u017ebi, 10 umetni\u010dkih instalacija i 7 muzi\u010dkih programa, modnim revijama, performansima i radionicama.<\/b><\/p><p class=\"x_MsoNormal\" style=\"text-align: left;\">Usledila je nedelja knji\u017eevnosti, kada se, uz u\u010de\u0161\u0107e vi\u0161e od 100 umetnika, na celom prostoru Distrikta, realizovao<b>\u00a0Ti\u0161ma paviljon.\u00a0<\/b>Proslavili smo stogodi\u0161njicu ro\u0111enja najve\u0107eg novosadskog savremenog pisca izlo\u017ebom\u00a0<b>Upotreba \u010doveka<\/b>\u00a0koja je dala komentar na istoimeno delo i na \u0161iri ratni kontekst.<\/p><p class=\"x_MsoNormal\" style=\"text-align: left;\">U\u00a0<b>nedelji<\/b>\u00a0<b>izvo\u0111a\u010dke<\/b> <strong>u<\/strong><b>metnosti<\/b>, nakon rasprodatog koncerta u najve\u0107oj francuskoj koncertnoj dvorani\u00a0<b><i>Accor<\/i><\/b>, i nastupa u njujor\u0161kom\u00a0<b>Karnegi holu<\/b>\u00a0i pari\u0161koj\u00a0<b>Olimpiji,\u00a0<\/b>u novosadskom\u00a0<b>Distriktu<\/b>\u00a0nastupio je\u00a0<b>Ibrahim Maluf, jedan<\/b>\u00a0<b>od<\/b>\u00a0<b>najistaknutijih<\/b>\u00a0<b>truba\u010da<\/b>\u00a0<b>dana\u0161njice.\u00a0<\/b>Ovo je bila jedinstvena prilika da vidimo preko 5000 ljudi na d\u017eez koncertu u novosadskom Distriktu.<\/p><p class=\"x_MsoNormal\" style=\"text-align: left;\">Nedelja arhitekture Kaleidoskopa kulture je predstavila aktuelnog dobitnika\u00a0<b>Prickerove nagrade<\/b>,\u00a0<b>Rikena Jamamota<\/b>. U prepunoj Sali SNP-a slu\u0161ali smo njegovo predavanje, a publika je dobila priliku da postavi pitanja.<\/p><p class=\"x_MsoNormal\" style=\"text-align: left;\">Poslednja nedelja ovogodi\u0161njeg Kaleidoskopa kulture bila je posve\u0107ena crnom talasu. Izlo\u017eba\u00a0<b>Najcrnji talas<\/b>\u00a0autorke dr Monike Bilbije Ponjavi\u0107 predstavila je radove najnagra\u0111ivanijih, a istovremeno i najzabranjivanijih umetnika crnog talasa. Bogat prate\u0107i program je uklju\u010divao projekcije kultnih filmova, razgovor sa\u00a0<b>\u017delimirom \u017dilnikom<\/b>\u00a0kao i predavanje istaknutog umetnika\u00a0<b>Uro\u0161a \u0110uri\u0107a.<\/b><\/p>\t\t\t\t\t\t<\/div>\n\t\t\t\t<\/div>\n\t\t\t\t\t<\/div>\n\t\t\t\t<\/div>\n\t\t<div class=\"elementor-element elementor-element-ffb20ad e-flex e-con-boxed e-con e-parent\" data-id=\"ffb20ad\" data-element_type=\"container\" data-core-v316-plus=\"true\">\n\t\t\t\t\t<div class=\"e-con-inner\">\n\t\t<div class=\"elementor-element elementor-element-be877ce e-con-full e-flex e-con e-child\" data-id=\"be877ce\" data-element_type=\"container\">\n\t\t\t\t<div class=\"elementor-element elementor-element-10e3a3d elementor-align-center elementor-widget elementor-widget-button\" data-id=\"10e3a3d\" data-element_type=\"widget\" data-widget_type=\"button.default\">\n\t\t\t\t<div class=\"elementor-widget-container\">\n\t\t\t\t\t<div class=\"elementor-button-wrapper\">\n\t\t\t<a class=\"elementor-button elementor-button-link elementor-size-sm\" href=\"https:\/\/kaleidoskopkulture.com\/sr\/galerija-otvaranje-2024\">\n\t\t\t\t\t\t<span class=\"elementor-button-content-wrapper\">\n\t\t\t\t\t\t<span class=\"elementor-button-text\">GALERIJA<br>OTVARANJE<\/span>\n\t\t<\/span>\n\t\t\t\t\t<\/a>\n\t\t<\/div>\n\t\t\t\t<\/div>\n\t\t\t\t<\/div>\n\t\t\t\t<\/div>\n\t\t<div class=\"elementor-element elementor-element-34d02ce e-con-full e-flex e-con e-child\" data-id=\"34d02ce\" data-element_type=\"container\">\n\t\t\t\t<div class=\"elementor-element elementor-element-a1f11f2 elementor-align-center elementor-widget elementor-widget-button\" data-id=\"a1f11f2\" data-element_type=\"widget\" data-widget_type=\"button.default\">\n\t\t\t\t<div class=\"elementor-widget-container\">\n\t\t\t\t\t<div class=\"elementor-button-wrapper\">\n\t\t\t<a class=\"elementor-button elementor-button-link elementor-size-sm\" href=\"https:\/\/kaleidoskopkulture.com\/sr\/galerija-primenjena-umetnost-2024\">\n\t\t\t\t\t\t<span class=\"elementor-button-content-wrapper\">\n\t\t\t\t\t\t<span class=\"elementor-button-text\">Galerija primenjena umetnost<\/span>\n\t\t<\/span>\n\t\t\t\t\t<\/a>\n\t\t<\/div>\n\t\t\t\t<\/div>\n\t\t\t\t<\/div>\n\t\t\t\t<\/div>\n\t\t<div class=\"elementor-element elementor-element-1149cd3 e-con-full e-flex e-con e-child\" data-id=\"1149cd3\" data-element_type=\"container\">\n\t\t\t\t<div class=\"elementor-element elementor-element-aeeb873 elementor-align-center elementor-widget elementor-widget-button\" data-id=\"aeeb873\" data-element_type=\"widget\" data-widget_type=\"button.default\">\n\t\t\t\t<div class=\"elementor-widget-container\">\n\t\t\t\t\t<div class=\"elementor-button-wrapper\">\n\t\t\t<a class=\"elementor-button elementor-button-link elementor-size-sm\" href=\"https:\/\/kaleidoskopkulture.com\/sr\/galerija-knjizevnost-2024\">\n\t\t\t\t\t\t<span class=\"elementor-button-content-wrapper\">\n\t\t\t\t\t\t<span class=\"elementor-button-text\">Galerija knji\u017eevnost<\/span>\n\t\t<\/span>\n\t\t\t\t\t<\/a>\n\t\t<\/div>\n\t\t\t\t<\/div>\n\t\t\t\t<\/div>\n\t\t\t\t<\/div>\n\t\t<div class=\"elementor-element elementor-element-a333bcb e-con-full e-flex e-con e-child\" data-id=\"a333bcb\" data-element_type=\"container\">\n\t\t\t\t<div class=\"elementor-element elementor-element-2c6c4bf elementor-align-center elementor-widget elementor-widget-button\" data-id=\"2c6c4bf\" data-element_type=\"widget\" data-widget_type=\"button.default\">\n\t\t\t\t<div class=\"elementor-widget-container\">\n\t\t\t\t\t<div class=\"elementor-button-wrapper\">\n\t\t\t<a class=\"elementor-button elementor-button-link elementor-size-sm\" href=\"https:\/\/kaleidoskopkulture.com\/sr\/galerija-izvodacka-umetnost-2024\/\">\n\t\t\t\t\t\t<span class=\"elementor-button-content-wrapper\">\n\t\t\t\t\t\t<span class=\"elementor-button-text\">Galerija izvo\u0111a\u010dka umetnost<\/span>\n\t\t<\/span>\n\t\t\t\t\t<\/a>\n\t\t<\/div>\n\t\t\t\t<\/div>\n\t\t\t\t<\/div>\n\t\t\t\t<\/div>\n\t\t<div class=\"elementor-element elementor-element-2b69c90 e-con-full e-flex e-con e-child\" data-id=\"2b69c90\" data-element_type=\"container\">\n\t\t\t\t<div class=\"elementor-element elementor-element-42a0806 elementor-align-center elementor-widget elementor-widget-button\" data-id=\"42a0806\" data-element_type=\"widget\" data-widget_type=\"button.default\">\n\t\t\t\t<div class=\"elementor-widget-container\">\n\t\t\t\t\t<div class=\"elementor-button-wrapper\">\n\t\t\t<a class=\"elementor-button elementor-button-link elementor-size-sm\" href=\"https:\/\/kaleidoskopkulture.com\/sr\/galerija-arhitektura-2024\">\n\t\t\t\t\t\t<span class=\"elementor-button-content-wrapper\">\n\t\t\t\t\t\t<span class=\"elementor-button-text\">Galerija Arhitektura<\/span>\n\t\t<\/span>\n\t\t\t\t\t<\/a>\n\t\t<\/div>\n\t\t\t\t<\/div>\n\t\t\t\t<\/div>\n\t\t\t\t<\/div>\n\t\t<div class=\"elementor-element elementor-element-ad87cdc e-con-full e-flex e-con e-child\" data-id=\"ad87cdc\" data-element_type=\"container\">\n\t\t\t\t<div class=\"elementor-element elementor-element-eb0325c elementor-align-center elementor-widget elementor-widget-button\" data-id=\"eb0325c\" data-element_type=\"widget\" data-widget_type=\"button.default\">\n\t\t\t\t<div class=\"elementor-widget-container\">\n\t\t\t\t\t<div class=\"elementor-button-wrapper\">\n\t\t\t<a class=\"elementor-button elementor-button-link elementor-size-sm\" href=\"https:\/\/kaleidoskopkulture.com\/sr\/galerija-vizuelna-umetnost-2024\">\n\t\t\t\t\t\t<span class=\"elementor-button-content-wrapper\">\n\t\t\t\t\t\t<span class=\"elementor-button-text\">Galerija vizuelna umetnost<\/span>\n\t\t<\/span>\n\t\t\t\t\t<\/a>\n\t\t<\/div>\n\t\t\t\t<\/div>\n\t\t\t\t<\/div>\n\t\t\t\t<\/div>\n\t\t\t\t\t<\/div>\n\t\t\t\t<\/div>\n\t\t\t\t<\/div>\n\t\t","protected":false},"excerpt":{"rendered":"<p>https:\/\/www.youtube.com\/watch?v=JOPVYGD0PIM Kaleidoskop kulture je jedinstveni program kulture koji se presti\u017enim nagradama pozicionirao na evropskoj mapi kao najzna\u010dajnija umetni\u010dka smotra u regionu. Sa svojim prepoznatljivim konceptom 4\/5 u pet nedelja umetnosti, ove godine je po sedmi put doveo u Novi Sad&#8230;<\/p>\n","protected":false},"author":10,"featured_media":13395,"parent":0,"menu_order":0,"comment_status":"closed","ping_status":"closed","template":"","meta":{"footnotes":""},"class_list":["post-13342","page","type-page","status-publish","has-post-thumbnail","hentry"],"yoast_head":"<!-- This site is optimized with the Yoast SEO plugin v22.4 - https:\/\/yoast.com\/wordpress\/plugins\/seo\/ -->\n<title>Kaleidoskop kulture 2024. - Kaleidoskop kulture<\/title>\n<meta name=\"robots\" content=\"index, follow, max-snippet:-1, max-image-preview:large, max-video-preview:-1\" \/>\n<link rel=\"canonical\" href=\"https:\/\/kaleidoskopkulture.com\/en\/caleidoscope-of-culture-2023-2\/\" \/>\n<meta property=\"og:locale\" content=\"sr_RS\" \/>\n<meta property=\"og:type\" content=\"article\" \/>\n<meta property=\"og:title\" content=\"Kaleidoskop kulture 2024. - Kaleidoskop kulture\" \/>\n<meta property=\"og:description\" content=\"https:\/\/www.youtube.com\/watch?v=JOPVYGD0PIM Kaleidoskop kulture je jedinstveni program kulture koji se presti\u017enim nagradama pozicionirao na evropskoj mapi kao najzna\u010dajnija umetni\u010dka smotra u regionu. Sa svojim prepoznatljivim konceptom 4\/5 u pet nedelja umetnosti, ove godine je po sedmi put doveo u Novi Sad...\" \/>\n<meta property=\"og:url\" content=\"https:\/\/kaleidoskopkulture.com\/en\/caleidoscope-of-culture-2023-2\/\" \/>\n<meta property=\"og:site_name\" content=\"Kaleidoskop kulture\" \/>\n<meta property=\"article:modified_time\" content=\"2024-10-21T11:27:56+00:00\" \/>\n<meta property=\"og:image\" content=\"https:\/\/kaleidoskopkulture.com\/wp-content\/uploads\/2024\/10\/458520423_833199555590706_2038265190318722410_n-1.jpg\" \/>\n\t<meta property=\"og:image:width\" content=\"2048\" \/>\n\t<meta property=\"og:image:height\" content=\"1365\" \/>\n\t<meta property=\"og:image:type\" content=\"image\/jpeg\" \/>\n<meta name=\"twitter:card\" content=\"summary_large_image\" \/>\n<meta name=\"twitter:label1\" content=\"Procenjeno vreme \u010ditanja\" \/>\n\t<meta name=\"twitter:data1\" content=\"2 minuta\" \/>\n<script type=\"application\/ld+json\" class=\"yoast-schema-graph\">{\"@context\":\"https:\/\/schema.org\",\"@graph\":[{\"@type\":\"WebPage\",\"@id\":\"https:\/\/kaleidoskopkulture.com\/en\/caleidoscope-of-culture-2023-2\/\",\"url\":\"https:\/\/kaleidoskopkulture.com\/en\/caleidoscope-of-culture-2023-2\/\",\"name\":\"Kaleidoskop kulture 2024. - Kaleidoskop kulture\",\"isPartOf\":{\"@id\":\"https:\/\/kaleidoskopkulture.com\/sr\/#website\"},\"primaryImageOfPage\":{\"@id\":\"https:\/\/kaleidoskopkulture.com\/en\/caleidoscope-of-culture-2023-2\/#primaryimage\"},\"image\":{\"@id\":\"https:\/\/kaleidoskopkulture.com\/en\/caleidoscope-of-culture-2023-2\/#primaryimage\"},\"thumbnailUrl\":\"https:\/\/kaleidoskopkulture.com\/wp-content\/uploads\/2024\/10\/458520423_833199555590706_2038265190318722410_n-1.jpg\",\"datePublished\":\"2024-10-07T12:26:02+00:00\",\"dateModified\":\"2024-10-21T11:27:56+00:00\",\"breadcrumb\":{\"@id\":\"https:\/\/kaleidoskopkulture.com\/en\/caleidoscope-of-culture-2023-2\/#breadcrumb\"},\"inLanguage\":\"sr-RS\",\"potentialAction\":[{\"@type\":\"ReadAction\",\"target\":[\"https:\/\/kaleidoskopkulture.com\/en\/caleidoscope-of-culture-2023-2\/\"]}]},{\"@type\":\"ImageObject\",\"inLanguage\":\"sr-RS\",\"@id\":\"https:\/\/kaleidoskopkulture.com\/en\/caleidoscope-of-culture-2023-2\/#primaryimage\",\"url\":\"https:\/\/kaleidoskopkulture.com\/wp-content\/uploads\/2024\/10\/458520423_833199555590706_2038265190318722410_n-1.jpg\",\"contentUrl\":\"https:\/\/kaleidoskopkulture.com\/wp-content\/uploads\/2024\/10\/458520423_833199555590706_2038265190318722410_n-1.jpg\",\"width\":2048,\"height\":1365},{\"@type\":\"BreadcrumbList\",\"@id\":\"https:\/\/kaleidoskopkulture.com\/en\/caleidoscope-of-culture-2023-2\/#breadcrumb\",\"itemListElement\":[{\"@type\":\"ListItem\",\"position\":1,\"name\":\"Home\",\"item\":\"https:\/\/kaleidoskopkulture.com\/sr\/\"},{\"@type\":\"ListItem\",\"position\":2,\"name\":\"Kaleidoskop kulture 2024.\"}]},{\"@type\":\"WebSite\",\"@id\":\"https:\/\/kaleidoskopkulture.com\/sr\/#website\",\"url\":\"https:\/\/kaleidoskopkulture.com\/sr\/\",\"name\":\"Kaleidoskop kulture\",\"description\":\"Novo lice kulture u Novom Sadu\",\"publisher\":{\"@id\":\"https:\/\/kaleidoskopkulture.com\/sr\/#organization\"},\"potentialAction\":[{\"@type\":\"SearchAction\",\"target\":{\"@type\":\"EntryPoint\",\"urlTemplate\":\"https:\/\/kaleidoskopkulture.com\/sr\/?s={search_term_string}\"},\"query-input\":\"required name=search_term_string\"}],\"inLanguage\":\"sr-RS\"},{\"@type\":\"Organization\",\"@id\":\"https:\/\/kaleidoskopkulture.com\/sr\/#organization\",\"name\":\"Kaleidoskop kulture\",\"url\":\"https:\/\/kaleidoskopkulture.com\/sr\/\",\"logo\":{\"@type\":\"ImageObject\",\"inLanguage\":\"sr-RS\",\"@id\":\"https:\/\/kaleidoskopkulture.com\/sr\/#\/schema\/logo\/image\/\",\"url\":\"https:\/\/kaleidoskopkulture.com\/wp-content\/uploads\/2022\/08\/cropped-kk-logo-1-1.png\",\"contentUrl\":\"https:\/\/kaleidoskopkulture.com\/wp-content\/uploads\/2022\/08\/cropped-kk-logo-1-1.png\",\"width\":260,\"height\":90,\"caption\":\"Kaleidoskop kulture\"},\"image\":{\"@id\":\"https:\/\/kaleidoskopkulture.com\/sr\/#\/schema\/logo\/image\/\"}}]}<\/script>\n<!-- \/ Yoast SEO plugin. -->","yoast_head_json":{"title":"Kaleidoskop kulture 2024. - Kaleidoskop kulture","robots":{"index":"index","follow":"follow","max-snippet":"max-snippet:-1","max-image-preview":"max-image-preview:large","max-video-preview":"max-video-preview:-1"},"canonical":"https:\/\/kaleidoskopkulture.com\/en\/caleidoscope-of-culture-2023-2\/","og_locale":"sr_RS","og_type":"article","og_title":"Kaleidoskop kulture 2024. - Kaleidoskop kulture","og_description":"https:\/\/www.youtube.com\/watch?v=JOPVYGD0PIM Kaleidoskop kulture je jedinstveni program kulture koji se presti\u017enim nagradama pozicionirao na evropskoj mapi kao najzna\u010dajnija umetni\u010dka smotra u regionu. Sa svojim prepoznatljivim konceptom 4\/5 u pet nedelja umetnosti, ove godine je po sedmi put doveo u Novi Sad...","og_url":"https:\/\/kaleidoskopkulture.com\/en\/caleidoscope-of-culture-2023-2\/","og_site_name":"Kaleidoskop kulture","article_modified_time":"2024-10-21T11:27:56+00:00","og_image":[{"width":2048,"height":1365,"url":"https:\/\/kaleidoskopkulture.com\/wp-content\/uploads\/2024\/10\/458520423_833199555590706_2038265190318722410_n-1.jpg","type":"image\/jpeg"}],"twitter_card":"summary_large_image","twitter_misc":{"Procenjeno vreme \u010ditanja":"2 minuta"},"schema":{"@context":"https:\/\/schema.org","@graph":[{"@type":"WebPage","@id":"https:\/\/kaleidoskopkulture.com\/en\/caleidoscope-of-culture-2023-2\/","url":"https:\/\/kaleidoskopkulture.com\/en\/caleidoscope-of-culture-2023-2\/","name":"Kaleidoskop kulture 2024. - Kaleidoskop kulture","isPartOf":{"@id":"https:\/\/kaleidoskopkulture.com\/sr\/#website"},"primaryImageOfPage":{"@id":"https:\/\/kaleidoskopkulture.com\/en\/caleidoscope-of-culture-2023-2\/#primaryimage"},"image":{"@id":"https:\/\/kaleidoskopkulture.com\/en\/caleidoscope-of-culture-2023-2\/#primaryimage"},"thumbnailUrl":"https:\/\/kaleidoskopkulture.com\/wp-content\/uploads\/2024\/10\/458520423_833199555590706_2038265190318722410_n-1.jpg","datePublished":"2024-10-07T12:26:02+00:00","dateModified":"2024-10-21T11:27:56+00:00","breadcrumb":{"@id":"https:\/\/kaleidoskopkulture.com\/en\/caleidoscope-of-culture-2023-2\/#breadcrumb"},"inLanguage":"sr-RS","potentialAction":[{"@type":"ReadAction","target":["https:\/\/kaleidoskopkulture.com\/en\/caleidoscope-of-culture-2023-2\/"]}]},{"@type":"ImageObject","inLanguage":"sr-RS","@id":"https:\/\/kaleidoskopkulture.com\/en\/caleidoscope-of-culture-2023-2\/#primaryimage","url":"https:\/\/kaleidoskopkulture.com\/wp-content\/uploads\/2024\/10\/458520423_833199555590706_2038265190318722410_n-1.jpg","contentUrl":"https:\/\/kaleidoskopkulture.com\/wp-content\/uploads\/2024\/10\/458520423_833199555590706_2038265190318722410_n-1.jpg","width":2048,"height":1365},{"@type":"BreadcrumbList","@id":"https:\/\/kaleidoskopkulture.com\/en\/caleidoscope-of-culture-2023-2\/#breadcrumb","itemListElement":[{"@type":"ListItem","position":1,"name":"Home","item":"https:\/\/kaleidoskopkulture.com\/sr\/"},{"@type":"ListItem","position":2,"name":"Kaleidoskop kulture 2024."}]},{"@type":"WebSite","@id":"https:\/\/kaleidoskopkulture.com\/sr\/#website","url":"https:\/\/kaleidoskopkulture.com\/sr\/","name":"Kaleidoskop kulture","description":"Novo lice kulture u Novom Sadu","publisher":{"@id":"https:\/\/kaleidoskopkulture.com\/sr\/#organization"},"potentialAction":[{"@type":"SearchAction","target":{"@type":"EntryPoint","urlTemplate":"https:\/\/kaleidoskopkulture.com\/sr\/?s={search_term_string}"},"query-input":"required name=search_term_string"}],"inLanguage":"sr-RS"},{"@type":"Organization","@id":"https:\/\/kaleidoskopkulture.com\/sr\/#organization","name":"Kaleidoskop kulture","url":"https:\/\/kaleidoskopkulture.com\/sr\/","logo":{"@type":"ImageObject","inLanguage":"sr-RS","@id":"https:\/\/kaleidoskopkulture.com\/sr\/#\/schema\/logo\/image\/","url":"https:\/\/kaleidoskopkulture.com\/wp-content\/uploads\/2022\/08\/cropped-kk-logo-1-1.png","contentUrl":"https:\/\/kaleidoskopkulture.com\/wp-content\/uploads\/2022\/08\/cropped-kk-logo-1-1.png","width":260,"height":90,"caption":"Kaleidoskop kulture"},"image":{"@id":"https:\/\/kaleidoskopkulture.com\/sr\/#\/schema\/logo\/image\/"}}]}},"_links":{"self":[{"href":"https:\/\/kaleidoskopkulture.com\/sr\/wp-json\/wp\/v2\/pages\/13342","targetHints":{"allow":["GET"]}}],"collection":[{"href":"https:\/\/kaleidoskopkulture.com\/sr\/wp-json\/wp\/v2\/pages"}],"about":[{"href":"https:\/\/kaleidoskopkulture.com\/sr\/wp-json\/wp\/v2\/types\/page"}],"author":[{"embeddable":true,"href":"https:\/\/kaleidoskopkulture.com\/sr\/wp-json\/wp\/v2\/users\/10"}],"replies":[{"embeddable":true,"href":"https:\/\/kaleidoskopkulture.com\/sr\/wp-json\/wp\/v2\/comments?post=13342"}],"version-history":[{"count":65,"href":"https:\/\/kaleidoskopkulture.com\/sr\/wp-json\/wp\/v2\/pages\/13342\/revisions"}],"predecessor-version":[{"id":13859,"href":"https:\/\/kaleidoskopkulture.com\/sr\/wp-json\/wp\/v2\/pages\/13342\/revisions\/13859"}],"wp:featuredmedia":[{"embeddable":true,"href":"https:\/\/kaleidoskopkulture.com\/sr\/wp-json\/wp\/v2\/media\/13395"}],"wp:attachment":[{"href":"https:\/\/kaleidoskopkulture.com\/sr\/wp-json\/wp\/v2\/media?parent=13342"}],"curies":[{"name":"wp","href":"https:\/\/api.w.org\/{rel}","templated":true}]}}